{"id":6791,"date":"2024-06-03T14:31:41","date_gmt":"2024-06-03T19:31:41","guid":{"rendered":"https:\/\/alaic.org\/?page_id=6791"},"modified":"2025-09-19T23:26:41","modified_gmt":"2025-09-20T04:26:41","slug":"xvii-congreso-alaic-2024","status":"publish","type":"page","link":"https:\/\/alaic.org\/pt\/congresos\/xvii-congreso-alaic-2024\/","title":{"rendered":"XVII Congresso ALAIC 2024"},"content":{"rendered":"<div data-elementor-type=\"wp-page\" data-elementor-id=\"6791\" class=\"elementor elementor-6791\" data-elementor-post-type=\"page\">\n\t\t\t\t<div class=\"elementor-element elementor-element-a47f48e e-flex e-con-boxed e-con e-parent\" data-id=\"a47f48e\" data-element_type=\"container\">\n\t\t\t\t\t<div class=\"e-con-inner\">\n\t\t<div class=\"elementor-element elementor-element-c790bed e-con-full e-flex e-con e-child\" data-id=\"c790bed\" data-element_type=\"container\">\n\t\t\t\t<div class=\"elementor-element elementor-element-ed31881 elementor-widget elementor-widget-heading\" data-id=\"ed31881\" data-element_type=\"widget\" data-widget_type=\"heading.default\">\n\t\t\t\t<div class=\"elementor-widget-container\">\n\t\t\t<style>\/*! elementor - v3.21.0 - 24-04-2024 *\/\n.elementor-heading-title{padding:0;margin:0;line-height:1}.elementor-widget-heading .elementor-heading-title[class*=elementor-size-]>a{color:inherit;font-size:inherit;line-height:inherit}.elementor-widget-heading .elementor-heading-title.elementor-size-small{font-size:15px}.elementor-widget-heading .elementor-heading-title.elementor-size-medium{font-size:19px}.elementor-widget-heading .elementor-heading-title.elementor-size-large{font-size:29px}.elementor-widget-heading .elementor-heading-title.elementor-size-xl{font-size:39px}.elementor-widget-heading .elementor-heading-title.elementor-size-xxl{font-size:59px}<\/style><h2 class=\"elementor-heading-title elementor-size-default\"><h3 style=\"margin-bottom: 0px; color: rgb(2, 1, 1); font-size: 38px; white-space: normal;\">XVII Congresso ALAIC 2024<\/h3><\/h2>\t\t<\/div>\n\t\t\t\t<\/div>\n\t\t\t\t<div class=\"elementor-element elementor-element-66a1935 elementor-widget elementor-widget-image\" data-id=\"66a1935\" data-element_type=\"widget\" data-widget_type=\"image.default\">\n\t\t\t\t<div class=\"elementor-widget-container\">\n\t\t\t<style>\/*! elementor - v3.21.0 - 24-04-2024 *\/\n.elementor-widget-image{text-align:center}.elementor-widget-image a{display:inline-block}.elementor-widget-image a img[src$=\".svg\"]{width:48px}.elementor-widget-image img{vertical-align:middle;display:inline-block}<\/style>\t\t\t\t\t\t\t\t\t\t<img fetchpriority=\"high\" decoding=\"async\" width=\"1024\" height=\"443\" src=\"https:\/\/alaic.org\/wp-content\/uploads\/2024\/06\/Logo-Congreso-1024x443.jpg\" class=\"attachment-large size-large wp-image-6818\" alt=\"\" srcset=\"https:\/\/alaic.org\/wp-content\/uploads\/2024\/06\/Logo-Congreso-1024x443.jpg 1024w, https:\/\/alaic.org\/wp-content\/uploads\/2024\/06\/Logo-Congreso-300x130.jpg 300w, https:\/\/alaic.org\/wp-content\/uploads\/2024\/06\/Logo-Congreso-768x332.jpg 768w, https:\/\/alaic.org\/wp-content\/uploads\/2024\/06\/Logo-Congreso-1536x664.jpg 1536w, https:\/\/alaic.org\/wp-content\/uploads\/2024\/06\/Logo-Congreso-2048x885.jpg 2048w, https:\/\/alaic.org\/wp-content\/uploads\/2024\/06\/Logo-Congreso-18x8.jpg 18w, https:\/\/alaic.org\/wp-content\/uploads\/2024\/06\/Logo-Congreso-600x259.jpg 600w\" sizes=\"(max-width: 1024px) 100vw, 1024px\" \/>\t\t\t\t\t\t\t\t\t\t\t\t\t<\/div>\n\t\t\t\t<\/div>\n\t\t\t\t<div class=\"elementor-element elementor-element-faaf30e elementor-widget elementor-widget-text-editor\" data-id=\"faaf30e\" data-element_type=\"widget\" data-widget_type=\"text-editor.default\">\n\t\t\t\t<div class=\"elementor-widget-container\">\n\t\t\t<style>\/*! elementor - v3.21.0 - 24-04-2024 *\/\n.elementor-widget-text-editor.elementor-drop-cap-view-stacked .elementor-drop-cap{background-color:#69727d;color:#fff}.elementor-widget-text-editor.elementor-drop-cap-view-framed .elementor-drop-cap{color:#69727d;border:3px solid;background-color:transparent}.elementor-widget-text-editor:not(.elementor-drop-cap-view-default) .elementor-drop-cap{margin-top:8px}.elementor-widget-text-editor:not(.elementor-drop-cap-view-default) .elementor-drop-cap-letter{width:1em;height:1em}.elementor-widget-text-editor .elementor-drop-cap{float:left;text-align:center;line-height:1;font-size:50px}.elementor-widget-text-editor .elementor-drop-cap-letter{display:inline-block}<\/style>\t\t\t\t<p><span style=\"color: #5f5f5f; text-align: justify;\">Associa\u00e7\u00e3o Latino-Americana de Pesquisadores em Comunica\u00e7\u00e3o<br><\/span><span style=\"text-align: justify;\"><span style=\"color: #5f5f5f;\"><span style=\"font-weight: var( --e-global-typography-text-font-weight );\">convida&nbsp;<\/span><\/span><\/span><span style=\"font-weight: var( --e-global-typography-text-font-weight ); color: #5f5f5f;\">Investigadores da \u00e1rea da Comunica\u00e7\u00e3o a participar<br><\/span><span style=\"color: #5f5f5f; font-weight: var( --e-global-typography-text-font-weight ); text-align: left;\">do XVI Congresso ALAIC 2024&nbsp; &nbsp; &nbsp; &nbsp; &nbsp; &nbsp;<\/span><\/p>\n<p><\/p>\n<p><span style=\"font-family: 'Nunito Sans', sans-serif; text-align: left;\"><span style=\"color: #a32430;\"><span style=\"font-size: 20px; font-weight: var( --e-global-typography-primary-font-weight );\">\u2713 Tema central:<\/span><span style=\"font-size: 20px;\"><b><br><\/b><\/span><\/span><\/span><span style=\"color: #5f5f5f; font-family: 'Nunito Sans', sans-serif; text-align: left; font-weight: var( --e-global-typography-text-font-weight );\">&nbsp; Desinforma\u00e7\u00e3o, automa\u00e7\u00e3o e democracia: os desafios da<br>Comunica\u00e7\u00e3o<\/span><\/p>\t\t\t\t\t\t<\/div>\n\t\t\t\t<\/div>\n\t\t\t\t<\/div>\n\t\t<div class=\"elementor-element elementor-element-4fc33da e-con-full e-flex e-con e-child\" data-id=\"4fc33da\" data-element_type=\"container\">\n\t\t\t\t<div class=\"elementor-element elementor-element-b1a5f60 elementor-widget elementor-widget-text-editor\" data-id=\"b1a5f60\" data-element_type=\"widget\" data-widget_type=\"text-editor.default\">\n\t\t\t\t<div class=\"elementor-widget-container\">\n\t\t\t\t\t\t\t<p>A programa\u00e7\u00e3o do XVII Congresso Latino-Americano de Pesquisa em Comunica\u00e7\u00e3o \u00e9 composta por pain\u00e9is, grupos de trabalho e de interesse, oficinas, apresenta\u00e7\u00f5es de livros, al\u00e9m de atividades culturais, que contribuem para mobilizar a sociedade para a import\u00e2ncia dos temas discutidos, estimulando um maior compromisso. pessoas a entenderem a comunica\u00e7\u00e3o como um direito humano.<\/p>\n<p>\u200bDesta forma, a ALAIC busca, com o apoio do Comit\u00ea Organizador Local, representado em alian\u00e7a com a Universidade Estadual Paulista J\u00falio de Mesquita Filho (UNESP), por meio da Faculdade de Arquitetura, Artes, Comunica\u00e7\u00e3o e Design (FAAC), que sediar o evento, para fazer um amplo convite a professores, pesquisadores, profissionais da \u00e1rea, estudantes de gradua\u00e7\u00e3o e p\u00f3s-gradua\u00e7\u00e3o, grupos de pesquisa e cineastas em geral para refletirem sobre temas sens\u00edveis e relevantes para a compreens\u00e3o do sistema de comunica\u00e7\u00e3o em nossa regi\u00e3o.<\/p>\t\t\t\t\t\t<\/div>\n\t\t\t\t<\/div>\n\t\t\t\t<div class=\"elementor-element elementor-element-046697f elementor-icon-list--layout-traditional elementor-list-item-link-full_width elementor-widget elementor-widget-icon-list\" data-id=\"046697f\" data-element_type=\"widget\" data-widget_type=\"icon-list.default\">\n\t\t\t\t<div class=\"elementor-widget-container\">\n\t\t\t<link rel=\"stylesheet\" href=\"https:\/\/alaic.org\/wp-content\/plugins\/elementor\/assets\/css\/widget-icon-list.min.css\">\t\t<ul class=\"elementor-icon-list-items\">\n\t\t\t\t\t\t\t<li class=\"elementor-icon-list-item\">\n\t\t\t\t\t\t\t\t\t\t\t<span class=\"elementor-icon-list-icon\">\n\t\t\t\t\t\t\t<i aria-hidden=\"true\" class=\"fas fa-check\"><\/i>\t\t\t\t\t\t<\/span>\n\t\t\t\t\t\t\t\t\t\t<span class=\"elementor-icon-list-text\"><b> Promo\u00e7\u00e3o, organiza\u00e7\u00e3o e realiza\u00e7\u00e3o:<\/b><\/span>\n\t\t\t\t\t\t\t\t\t<\/li>\n\t\t\t\t\t\t\t\t<li class=\"elementor-icon-list-item\">\n\t\t\t\t\t\t\t\t\t\t<span class=\"elementor-icon-list-text\">Funda\u00e7\u00e3o Coordena\u00e7\u00e3o de Aperfei\u00e7oamento de Pessoal de N\u00edvel Superior (Capes)<\/span>\n\t\t\t\t\t\t\t\t\t<\/li>\n\t\t\t\t\t\t\t\t<li class=\"elementor-icon-list-item\">\n\t\t\t\t\t\t\t\t\t\t<span class=\"elementor-icon-list-text\">Associa\u00e7\u00e3o Latino-Americana de Pesquisadores em Comunica\u00e7\u00e3o (ALAIC),<\/span>\n\t\t\t\t\t\t\t\t\t<\/li>\n\t\t\t\t\t\t\t\t<li class=\"elementor-icon-list-item\">\n\t\t\t\t\t\t\t\t\t\t<span class=\"elementor-icon-list-text\">Faculdade de Arquitetura, Artes, Comunica\u00e7\u00e3o e Design (FAAC),<\/span>\n\t\t\t\t\t\t\t\t\t<\/li>\n\t\t\t\t\t\t\t\t<li class=\"elementor-icon-list-item\">\n\t\t\t\t\t\t\t\t\t\t<span class=\"elementor-icon-list-text\">Grupo Latino-Americano de Pensamento em Comunica\u00e7\u00e3o (PCLA)<\/span>\n\t\t\t\t\t\t\t\t\t<\/li>\n\t\t\t\t\t\t<\/ul>\n\t\t\t\t<\/div>\n\t\t\t\t<\/div>\n\t\t\t\t<\/div>\n\t\t\t\t\t<\/div>\n\t\t\t\t<\/div>\n\t\t<div class=\"elementor-element elementor-element-4f43763c e-flex e-con-boxed e-con e-parent\" data-id=\"4f43763c\" data-element_type=\"container\">\n\t\t\t\t\t<div class=\"e-con-inner\">\n\t\t\t\t<div class=\"elementor-element elementor-element-eac4cb6 elementor-widget elementor-widget-iheading\" data-id=\"eac4cb6\" data-element_type=\"widget\" data-widget_type=\"iheading.default\">\n\t\t\t\t<div class=\"elementor-widget-container\">\n\t\t\t\t\t<div class=\"ot-heading\">\r\n\t        <span class=\"is_highlight\">Congresso ALAIC 2024<\/span>\t        <h4 class=\"main-head\">Reviva nosso Congresso - Transmiss\u00f5es ao vivo<\/h4>\t    <\/div>\r\n\t    \t\t<\/div>\n\t\t\t\t<\/div>\n\t\t\t\t<div class=\"elementor-element elementor-element-ef3d91f elementor-widget elementor-widget-price-list\" data-id=\"ef3d91f\" data-element_type=\"widget\" data-widget_type=\"price-list.default\">\n\t\t\t\t<div class=\"elementor-widget-container\">\n\t\t\t<style>\/*! pro-elements - v3.19.0 - 26-02-2024 *\/\n.elementor-widget-price-list .elementor-price-list{list-style:none;padding:0;margin:0}.elementor-widget-price-list .elementor-price-list li{margin:0}.elementor-price-list li:not(:last-child){margin-bottom:20px}.elementor-price-list .elementor-price-list-image{max-width:50%;flex-shrink:0;padding-right:25px}.elementor-price-list .elementor-price-list-image img{width:100%}.elementor-price-list .elementor-price-list-header,.elementor-price-list .elementor-price-list-item,.elementor-price-list .elementor-price-list-text{display:flex}.elementor-price-list .elementor-price-list-item{align-items:flex-start}.elementor-price-list .elementor-price-list-item .elementor-price-list-text{align-items:flex-start;flex-wrap:wrap;flex-grow:1}.elementor-price-list .elementor-price-list-item .elementor-price-list-header{align-items:center;flex-basis:100%;font-size:19px;font-weight:600;margin-bottom:10px;justify-content:space-between}.elementor-price-list .elementor-price-list-item .elementor-price-list-title{max-width:80%}.elementor-price-list .elementor-price-list-item .elementor-price-list-price{font-weight:600}.elementor-price-list .elementor-price-list-item p.elementor-price-list-description{flex-basis:100%;font-size:14px;margin:0}.elementor-price-list .elementor-price-list-item .elementor-price-list-separator{flex-grow:1;margin-left:10px;margin-right:10px;border-bottom-style:dotted;border-bottom-width:2px;height:0}.elementor-price-table{text-align:center}.elementor-price-table .elementor-price-table__header{background:var(--e-price-table-header-background-color,#555);padding:20px 0}.elementor-price-table .elementor-price-table__heading{margin:0;padding:0;line-height:1.2;font-size:24px;font-weight:600;color:#fff}.elementor-price-table .elementor-price-table__subheading{font-size:13px;font-weight:400;color:#fff}.elementor-price-table .elementor-price-table__original-price{margin-right:15px;text-decoration:line-through;font-size:.5em;line-height:1;font-weight:400;align-self:center}.elementor-price-table .elementor-price-table__original-price .elementor-price-table__currency{font-size:1em;margin:0}.elementor-price-table .elementor-price-table__price{display:flex;justify-content:center;align-items:center;flex-wrap:wrap;flex-direction:row;color:#555;font-weight:800;font-size:65px;padding:40px 0}.elementor-price-table .elementor-price-table__price .elementor-typo-excluded{line-height:normal;letter-spacing:normal;text-transform:none;font-weight:400;font-size:medium;font-style:normal}.elementor-price-table .elementor-price-table__after-price{display:flex;flex-wrap:wrap;text-align:start;align-self:stretch;align-items:flex-start;flex-direction:column}.elementor-price-table .elementor-price-table__integer-part{line-height:.8}.elementor-price-table .elementor-price-table__currency,.elementor-price-table .elementor-price-table__fractional-part{line-height:1;font-size:.3em}.elementor-price-table .elementor-price-table__currency{margin-right:3px}.elementor-price-table .elementor-price-table__period{width:100%;font-size:13px;font-weight:400}.elementor-price-table .elementor-price-table__features-list{list-style-type:none;margin:0;padding:0;line-height:1;color:var(--e-price-table-features-list-color)}.elementor-price-table .elementor-price-table__features-list li{font-size:14px;line-height:1;margin:0;padding:0}.elementor-price-table .elementor-price-table__features-list li .elementor-price-table__feature-inner{margin-left:15px;margin-right:15px}.elementor-price-table .elementor-price-table__features-list li:not(:first-child):before{content:\"\";display:block;border:0 solid hsla(0,0%,47.8%,.3);margin:10px 12.5%}.elementor-price-table .elementor-price-table__features-list i{margin-right:10px;font-size:1.3em}.elementor-price-table .elementor-price-table__features-list svg{margin-right:10px;fill:var(--e-price-table-features-list-color);height:1.3em;width:1.3em}.elementor-price-table .elementor-price-table__features-list svg~*{vertical-align:text-top}.elementor-price-table .elementor-price-table__footer{padding:30px 0}.elementor-price-table .elementor-price-table__additional_info{margin:0;font-size:13px;line-height:1.4}.elementor-price-table__ribbon{position:absolute;top:0;left:auto;right:0;transform:rotate(90deg);width:150px;overflow:hidden;height:150px}.elementor-price-table__ribbon-inner{text-align:center;left:0;width:200%;transform:translateY(-50%) translateX(-50%) translateX(35px) rotate(-45deg);margin-top:35px;font-size:13px;line-height:2;font-weight:800;text-transform:uppercase;background:#000}.elementor-price-table__ribbon.elementor-ribbon-left{transform:rotate(0);left:0;right:auto}.elementor-price-table__ribbon.elementor-ribbon-right{transform:rotate(90deg);left:auto;right:0}.elementor-widget-price-table .elementor-widget-container{overflow:hidden;background-color:#f9fafa}.e-con-inner>.elementor-widget-price-list,.e-con>.elementor-widget-price-list{width:var(--container-widget-width);--flex-grow:var(--container-widget-flex-grow)}<\/style>\n\t\t<ul class=\"elementor-price-list\">\n\n\t\t\t\t\t\t\t\t\t<li><a class=\"elementor-price-list-item\" href=\"https:\/\/www.youtube.com\/live\/xv05I-pNYk4\">\t\t\t\t\n\t\t\t\t<div class=\"elementor-price-list-text\">\n\t\t\t\t\t\t\t\t\t<div class=\"elementor-price-list-header\">\n\t\t\t\t\t\t\t\t\t\t\t<span class=\"elementor-price-list-title\">\n\t\t\t\t\t\t\tMESA TEM\u00c1TICA: 50 ANOS DA FAAC E 40 ANOS DO CURSO DE JORNALISMO\t\t\t\t\t\t<\/span>\n\t\t\t\t\t\t\t\t\t\t\t\t\t\t\t\t\t\t<span class=\"elementor-price-list-separator\"><\/span>\n\t\t\t\t\t\t\t\t\t\t\t\t\t\t\t\t<\/div>\n\t\t\t\t\t\t\t\t\t\t\t\t<\/div>\n\t\t\t\t<\/a><\/li>\t\t\t\t\t\t\t\t\t\t\t\t<li><a class=\"elementor-price-list-item\" href=\"https:\/\/www.youtube.com\/live\/T9LXACpxz1I\">\t\t\t\t\n\t\t\t\t<div class=\"elementor-price-list-text\">\n\t\t\t\t\t\t\t\t\t<div class=\"elementor-price-list-header\">\n\t\t\t\t\t\t\t\t\t\t\t<span class=\"elementor-price-list-title\">\n\t\t\t\t\t\t\tMESA TEM\u00c1TICA: Extens\u00e3o e diversidade\t\t\t\t\t\t<\/span>\n\t\t\t\t\t\t\t\t\t\t\t\t\t\t\t\t\t\t<span class=\"elementor-price-list-separator\"><\/span>\n\t\t\t\t\t\t\t\t\t\t\t\t\t\t\t\t<\/div>\n\t\t\t\t\t\t\t\t\t\t\t\t<\/div>\n\t\t\t\t<\/a><\/li>\t\t\t\t\t\t\t\t\t\t\t\t<li><a class=\"elementor-price-list-item\" href=\"https:\/\/www.youtube.com\/live\/2kuSHs6aQ00\">\t\t\t\t\n\t\t\t\t<div class=\"elementor-price-list-text\">\n\t\t\t\t\t\t\t\t\t<div class=\"elementor-price-list-header\">\n\t\t\t\t\t\t\t\t\t\t\t<span class=\"elementor-price-list-title\">\n\t\t\t\t\t\t\tMESA TEM\u00c1TICA: 60 anos do golpe civil-militar no Brasil.\t\t\t\t\t\t<\/span>\n\t\t\t\t\t\t\t\t\t\t\t\t\t\t\t\t\t\t<span class=\"elementor-price-list-separator\"><\/span>\n\t\t\t\t\t\t\t\t\t\t\t\t\t\t\t\t<\/div>\n\t\t\t\t\t\t\t\t\t\t\t\t<\/div>\n\t\t\t\t<\/a><\/li>\t\t\t\t\t\t\t\t\t\t\t\t<li><a class=\"elementor-price-list-item\" href=\"https:\/\/www.youtube.com\/live\/msdyh_8ah24\">\t\t\t\t\n\t\t\t\t<div class=\"elementor-price-list-text\">\n\t\t\t\t\t\t\t\t\t<div class=\"elementor-price-list-header\">\n\t\t\t\t\t\t\t\t\t\t\t<span class=\"elementor-price-list-title\">\n\t\t\t\t\t\t\tPainel: Automa\u00e7\u00e3o, algoritmos e intelig\u00eancia artificial na comunica\u00e7\u00e3o\t\t\t\t\t\t<\/span>\n\t\t\t\t\t\t\t\t\t\t\t\t\t\t\t\t\t\t<span class=\"elementor-price-list-separator\"><\/span>\n\t\t\t\t\t\t\t\t\t\t\t\t\t\t\t\t<\/div>\n\t\t\t\t\t\t\t\t\t\t\t\t<\/div>\n\t\t\t\t<\/a><\/li>\t\t\t\t\t\t\t\t\t\t\t\t<li><a class=\"elementor-price-list-item\" href=\"https:\/\/www.youtube.com\/live\/Jlow3_-u64w\">\t\t\t\t\n\t\t\t\t<div class=\"elementor-price-list-text\">\n\t\t\t\t\t\t\t\t\t<div class=\"elementor-price-list-header\">\n\t\t\t\t\t\t\t\t\t\t\t<span class=\"elementor-price-list-title\">\n\t\t\t\t\t\t\tPain\u00e9is: Democracia e seus inimigos \/ Pluralidade comunicativa\t\t\t\t\t\t<\/span>\n\t\t\t\t\t\t\t\t\t\t\t\t\t\t\t\t\t\t<span class=\"elementor-price-list-separator\"><\/span>\n\t\t\t\t\t\t\t\t\t\t\t\t\t\t\t\t<\/div>\n\t\t\t\t\t\t\t\t\t\t\t\t<\/div>\n\t\t\t\t<\/a><\/li>\t\t\t\t\t\n\t\t<\/ul>\n\n\t\t\t\t<\/div>\n\t\t\t\t<\/div>\n\t\t<!-- dce invisible element c05a25a -->\t\t\t<\/div>\n\t\t\t\t<\/div>\n\t\t\t\t<section class=\"elementor-section elementor-top-section elementor-element elementor-element-6df75ed elementor-section-boxed elementor-section-height-default elementor-section-height-default\" data-id=\"6df75ed\" data-element_type=\"section\" data-settings=\"{&quot;background_background&quot;:&quot;classic&quot;}\">\n\t\t\t\t\t\t<div class=\"elementor-container elementor-column-gap-default\">\n\t\t\t\t\t<div class=\"elementor-column elementor-col-100 elementor-top-column elementor-element elementor-element-a739e41 ot-flex-column-vertical\" data-id=\"a739e41\" data-element_type=\"column\">\n\t\t\t<div class=\"elementor-widget-wrap elementor-element-populated\">\n\t\t\t\t\t\t<div class=\"elementor-element elementor-element-9238bbd elementor-widget elementor-widget-iheading\" data-id=\"9238bbd\" data-element_type=\"widget\" data-widget_type=\"iheading.default\">\n\t\t\t\t<div class=\"elementor-widget-container\">\n\t\t\t\t\t<div class=\"ot-heading\">\r\n\t        <span class=\"is_highlight\">Congresso ALAIC 2024<\/span>\t        <h3 class=\"main-head\">GRUPOS TEM\u00c1TICOS<\/h3>\t    <\/div>\r\n\t    \t\t<\/div>\n\t\t\t\t<\/div>\n\t\t\t\t<div class=\"elementor-element elementor-element-2b7cb26 elementor-widget elementor-widget-global elementor-global-11222 elementor-widget-iaccordions\" data-id=\"2b7cb26\" data-element_type=\"widget\" data-widget_type=\"iaccordions.default\">\n\t\t\t\t<div class=\"elementor-widget-container\">\n\t\t\t\r\n\t\t<div class=\"ot-accordions\">\r\n\t\t\t\t\t\t<div class=\"acc-item\">\r\n\t\t\t\t<div class=\"acc-toggle flex-middle\" data-default=\"yes\">GT 1 \u2013 Comunica\u00e7\u00e3o Intercultural e Comunica\u00e7\u00e3o Popular \r\n\t\t\t\t\t<i class=\"ot-flaticon-arrowsoutline\"><\/i>\r\n\t\t\t\t<\/div>\r\n\t\t\t\t<div class=\"acc-content\">\r\n\t\t\t\t\t<p><b>Coordenador:<\/b><\/p>\n<p><span style=\"font-weight: 400;\">Marcelo Sabbatini (Brasil) |\u00a0<\/span><a href=\"mailto:marcelo.sabbatini@gmail.com\"><span style=\"font-weight: 400;\">marcelo.sabbatini@gmail.com<\/span><\/a><\/p>\n<p>\u00a0<\/p>\n<p><b>Vice-coordenadores<\/b><\/p>\n<p><span style=\"font-weight: 400;\">Marta Melean (Argentina) | <\/span><a href=\"mailto:mlmelean@gmail.com\"><span style=\"font-weight: 400;\">mlmelean@gmail.com<\/span><\/a><\/p>\n<p><span style=\"font-weight: 400;\">Cristian Y\u00e1\u00f1ez Aguilar (Chile) |\u00a0<\/span><a href=\"mailto:cyanezaguilar@gmail.com\"><span style=\"font-weight: 400;\">cyanezaguilar@gmail.com<\/span><\/a><\/p>\n<p>\u00a0<\/p>\n<h5><a href=\"https:\/\/alaic.org\/wp-content\/uploads\/2024\/08\/Programacion-GT-01.pdf\">PROGRAMA\u00c7\u00c3O GT 1<\/a><\/h5>\t\t\t\t<\/div>\r\n\t\t\t<\/div>\r\n\t\t\t\t\t\t<div class=\"acc-item\">\r\n\t\t\t\t<div class=\"acc-toggle flex-middle\" data-default=\"\">GT 2 - Comunica\u00e7\u00e3o Organizacional e Rela\u00e7\u00f5es P\u00fablicas \r\n\t\t\t\t\t<i class=\"ot-flaticon-arrowsoutline\"><\/i>\r\n\t\t\t\t<\/div>\r\n\t\t\t\t<div class=\"acc-content\">\r\n\t\t\t\t\t<p><b>Coordenador<\/b><\/p>\n<p><span style=\"font-weight: 400;\">Rebeca Illiana Ar\u00e9valo Mart\u00ednez (M\u00e9xico) |\u00a0<\/span><a href=\"mailto:rebeca.arevalo@anahuac.mx\"><span style=\"font-weight: 400;\">rebeca.arevalo@anahuac.mx<\/span><\/a><\/p>\n<p><b>Vice-coordenador<\/b><\/p>\n<p><span style=\"font-weight: 400;\">Maria Aparecida Ferrari <\/span><span style=\"font-weight: 400;\">(Brasil) | <\/span><a href=\"mailto:maferrar@usp.br\"><span style=\"font-weight: 400;\">maferrar@usp.br<\/span><\/a><\/p>\n<h5>\u00a0<\/h5>\n<h5><a href=\"https:\/\/alaic.org\/wp-content\/uploads\/2024\/08\/Programacion-GT-02.pdf\">PROGRAMA\u00c7\u00c3O GT 2<\/a><\/h5>\n<p>\u00a0<\/p>\n<p>\u00a0<\/p>\t\t\t\t<\/div>\r\n\t\t\t<\/div>\r\n\t\t\t\t\t\t<div class=\"acc-item\">\r\n\t\t\t\t<div class=\"acc-toggle flex-middle\" data-default=\"\">GT 3 - Comunica\u00e7\u00e3o Pol\u00edtica e M\u00eddia \r\n\t\t\t\t\t<i class=\"ot-flaticon-arrowsoutline\"><\/i>\r\n\t\t\t\t<\/div>\r\n\t\t\t\t<div class=\"acc-content\">\r\n\t\t\t\t\t<p><b>Coordenador:<\/b><\/p>\n<p><span style=\"font-weight: 400;\">Roberto Gondo (Brasil)<\/span><\/p>\n<p><a href=\"mailto:r.gondomacedo@gmail.com\"><span style=\"font-weight: 400;\">r.gondomacedo@gmail.com<\/span><\/a><\/p>\n<p>\u00a0<\/p>\n<p><b>Vice-coordenadores<\/b><\/p>\n<p><span style=\"font-weight: 400;\">Patr\u00edcia Torreblanca (M\u00e9xico)<\/span><\/p>\n<p><a href=\"mailto:patriciatorreblanca@politicas.unam.mx\"><span style=\"font-weight: 400;\">patriciatorreblanca@politicas.unam.mx<\/span><\/a><\/p>\n<p><span style=\"font-weight: 400;\">James Dettleff (Peru)<\/span><\/p>\n<p><a href=\"mailto:jdettleff@pup.edu.pe\"><span style=\"font-weight: 400;\">jdettleff@pup.edu.pe<\/span><\/a><\/p>\n<p>\u00a0<\/p>\n<h5><a href=\"https:\/\/alaic.org\/wp-content\/uploads\/2024\/08\/Programacion-GT-03.pdf\">PROGRAMA\u00c7\u00c3O GT 3<\/a><\/h5>\n<p>\u00a0<\/p>\t\t\t\t<\/div>\r\n\t\t\t<\/div>\r\n\t\t\t\t\t\t<div class=\"acc-item\">\r\n\t\t\t\t<div class=\"acc-toggle flex-middle\" data-default=\"\">GT 4 - Comunica\u00e7\u00e3o e Educa\u00e7\u00e3o \r\n\t\t\t\t\t<i class=\"ot-flaticon-arrowsoutline\"><\/i>\r\n\t\t\t\t<\/div>\r\n\t\t\t\t<div class=\"acc-content\">\r\n\t\t\t\t\t<p><b>Coordenador:<\/b><\/p>\n<p><span style=\"font-weight: 400;\">Paula Morabes (Argentina) <\/span><a href=\"mailto:pmorabes@gmail.com\"><span style=\"font-weight: 400;\">pmorabes@gmail.com<\/span><\/a><span style=\"font-weight: 400;\">\u00a0<\/span><\/p>\n<p><span style=\"font-weight: 400;\">alaic.paulamorabes@gmail.com<\/span><\/p>\n<p>\u00a0<\/p>\n<p><b>Vice-coordenadores<\/b><\/p>\n<p><span style=\"font-weight: 400;\">Beatriz Marin Ochoa (Col\u00f4mbia) <\/span><a href=\"mailto:beatrize.marin@upb.edu.co\"><span style=\"font-weight: 400;\">beatrize.marin@upb.edu.co<\/span><\/a><span style=\"font-weight: 400;\">\u00a0<\/span><\/p>\n<p><a href=\"mailto:beatrizemar@gmail.com\"><span style=\"font-weight: 400;\">beatrizemar@gmail.com<\/span><\/a><\/p>\n<p><span style=\"font-weight: 400;\">Gladys Ortiz (M\u00e9xico)\u00a0<\/span><\/p>\n<p><a href=\"mailto:g.ortiz@correo.ler.uam.mx\"><span style=\"font-weight: 400;\">g.ortiz@correo.ler.uam.mx<\/span><\/a><span style=\"font-weight: 400;\">, gladyshenderson@gmail.com<\/span><\/p>\n<p class=\"p1\"><strong>Coordenadores:<\/strong><br \/>Roseli Figaro, Universidade de S\u00e3o Paulo (<a href=\"mailto:roseli.figaro@gmail.com\">roseli.figaro@gmail.com<\/a>), Jos\u00e9 Miguel Pereira, Pontif\u00edcia Universidade Javeriana, Bogot\u00e1 (<a href=\"mailto:jmpereira.com@gmail.com\">jmpereira.com@gmail.com<\/a>), Gabriel Kapl\u00fan, Universidade da Rep\u00fablica, Uruguai (<a href=\"mailto:gabriel.kaplun@fic.edu.uy\">gabriel.kaplun@fic.edu.uy<\/a>), Teresita Vargas e Sol Benavente, Universidade de Buenos Aires. (<a href=\"mailto:teresitavargas@yahoo.com.ar\">teresitavargas@yahoo.com.ar<\/a>,\u00a0<a href=\"mailto:solmariabenavente@hotmail.com\">solmariabenavente@hotmail.com<\/a>)<\/p>\n<p>\u00a0<\/p>\n<h5><a href=\"https:\/\/alaic.org\/wp-content\/uploads\/2024\/08\/Programacion-GT-04.pdf\">PROGRAMA\u00c7\u00c3O GT 4<\/a><\/h5>\n<p>\u00a0<\/p>\t\t\t\t<\/div>\r\n\t\t\t<\/div>\r\n\t\t\t\t\t\t<div class=\"acc-item\">\r\n\t\t\t\t<div class=\"acc-toggle flex-middle\" data-default=\"\">GT 5 - Comunica\u00e7\u00e3o e Sa\u00fade \r\n\t\t\t\t\t<i class=\"ot-flaticon-arrowsoutline\"><\/i>\r\n\t\t\t\t<\/div>\r\n\t\t\t\t<div class=\"acc-content\">\r\n\t\t\t\t\t<p><b>Coordenador<\/b><\/p>\n<p><span style=\"font-weight: 400;\">M\u00f4nica Petracci (Argentina)\u00a0<\/span><\/p>\n<p><a href=\"mailto:mnpetracci@gmail.com\"><span style=\"font-weight: 400;\">mnpetracci@gmail.com<\/span><\/a><\/p>\n<p>\u00a0<\/p>\n<p><b>Vice-coordenadores<\/b><\/p>\n<p><span style=\"font-weight: 400;\">Mariella Silva (Brasil)<\/span><\/p>\n<p><a href=\"mailto:mariella.costa@fiocruz.br\"><span style=\"font-weight: 400;\">mariella.costa@fiocruz.br<\/span><\/a><\/p>\n<p><span style=\"font-weight: 400;\">Janet Garc\u00eda Gonz\u00e1lez (M\u00e9xico), <\/span><a href=\"mailto:janetgarcia71@yahoo.com.mx\"><span style=\"font-weight: 400;\">janetgarcia71@yahoo.com.mx<\/span><\/a><\/p>\n<p>\u00a0<\/p>\n<h5><a href=\"https:\/\/alaic.org\/wp-content\/uploads\/2024\/08\/Programacion-GT-05.pdf\">PROGRAMA\u00c7\u00c3O GT 5<\/a><\/h5>\n<p>\u00a0<\/p>\n<p>\u00a0<\/p>\t\t\t\t<\/div>\r\n\t\t\t<\/div>\r\n\t\t\t\t\t\t<div class=\"acc-item\">\r\n\t\t\t\t<div class=\"acc-toggle flex-middle\" data-default=\"\">GT 6 - Economia Pol\u00edtica das Comunica\u00e7\u00f5es \r\n\t\t\t\t\t<i class=\"ot-flaticon-arrowsoutline\"><\/i>\r\n\t\t\t\t<\/div>\r\n\t\t\t\t<div class=\"acc-content\">\r\n\t\t\t\t\t<table>\n<thead>\n<tr>\n<th>\n<p><b>Coordenador<\/b><\/p>\n<p><span style=\"font-weight: 400;\">Anderson David Gomes dos Santos (Brasil)<\/span><\/p>\n<p><a href=\"mailto:andderson.santos@gmail.com\"><span style=\"font-weight: 400;\">andderson.santos@gmail.com<\/span><\/a><\/p>\n<br \/>\n<p><b>Vice-coordenador<\/b><\/p>\n<p><span style=\"font-weight: 400;\">Daniela Monje (Argentina) <\/span><a href=\"mailto:danielamonje70@gmail.com\"><span style=\"font-weight: 400;\">danielamonje70@gmail.com<\/span><\/a><\/p>\n<p>\u00a0<\/p>\n<h5><a href=\"https:\/\/alaic.org\/wp-content\/uploads\/2024\/08\/Programacion-GT-06.pdf\">PROGRAMA\u00c7\u00c3O GT 6<\/a><\/h5>\n<\/th>\n<\/tr>\n<\/thead>\n<\/table>\n<p>\u00a0<\/p>\t\t\t\t<\/div>\r\n\t\t\t<\/div>\r\n\t\t\t\t\t\t<div class=\"acc-item\">\r\n\t\t\t\t<div class=\"acc-toggle flex-middle\" data-default=\"\">GT 7 - Estudos de Recep\u00e7\u00e3o \r\n\t\t\t\t\t<i class=\"ot-flaticon-arrowsoutline\"><\/i>\r\n\t\t\t\t<\/div>\r\n\t\t\t\t<div class=\"acc-content\">\r\n\t\t\t\t\t<p><b>Coordenador<\/b><\/p>\n<p><span style=\"font-weight: 400;\">Jiani Bonin (Brasil)<\/span><\/p>\n<p><a href=\"mailto:jianiab@gmail.com\"><span style=\"font-weight: 400;\">jianiab@gmail.com<\/span><\/a><\/p>\n<p>\u00a0<\/p>\n<p><b>Vice-coordenadores<\/b><span style=\"font-weight: 400;\">:\u00a0<\/span><\/p>\n<p><span style=\"font-weight: 400;\">Tania Luc\u00eda Cobos (Col\u00f4mbia)<\/span><\/p>\n<p><a href=\"mailto:tcobos79@gmail.com\"><span style=\"font-weight: 400;\">tcobos79@gmail.com<\/span><\/a><\/p>\n<p><span style=\"font-weight: 400;\">Elia Corn\u00e9lio Marin (M\u00e9xico)<\/span><\/p>\n<p><a href=\"mailto:elia.c.mari@gmail.com\"><span style=\"font-weight: 400;\">elia.c.mari@gmail.com<\/span><\/a><\/p>\n<p>\u00a0<\/p>\n<h5><a href=\"https:\/\/alaic.org\/wp-content\/uploads\/2024\/08\/Programacion-GT-07.pdf\">PROGRAMA\u00c7\u00c3O GT 7<\/a><\/h5>\t\t\t\t<\/div>\r\n\t\t\t<\/div>\r\n\t\t\t\t\t\t<div class=\"acc-item\">\r\n\t\t\t\t<div class=\"acc-toggle flex-middle\" data-default=\"\">GT 8 - Comunica\u00e7\u00e3o Popular, Comunit\u00e1ria e Cidadania \r\n\t\t\t\t\t<i class=\"ot-flaticon-arrowsoutline\"><\/i>\r\n\t\t\t\t<\/div>\r\n\t\t\t\t<div class=\"acc-content\">\r\n\t\t\t\t\t<p><b>Coordenador<\/b><\/p>\n<p><span style=\"font-weight: 400;\">Sandra Mel\u00e9ndez-Labrador (Col\u00f4mbia)<\/span><\/p>\n<p><a href=\"mailto:slabrador@uninorte.edu.co\"><span style=\"font-weight: 400;\">slabrador@uninorte.edu.co<\/span><\/a><\/p>\n<p>\u00a0<\/p>\n<p><b>Vice-coordenadores<\/b><\/p>\n<p><span style=\"font-weight: 400;\">Mart\u00edn Mart\u00ednez Puga (Uruguai)<\/span><\/p>\n<p><a href=\"mailto:martin.martinez@fic.edu.uy\"><span style=\"font-weight: 400;\">martin.martinez@fic.edu.uy<\/span><\/a><\/p>\n<p><span style=\"font-weight: 400;\">Ismar Capistrano Costa Filho (Brasil) <\/span><a href=\"mailto:ismar.capistrano@ufc.br\"><span style=\"font-weight: 400;\">ismar.capistrano@ufc.br<\/span><\/a><\/p>\n<p>\u00a0<\/p>\n<h5><a href=\"https:\/\/alaic.org\/wp-content\/uploads\/2024\/08\/Programacion-GT-08.pdf\">PROGRAMA\u00c7\u00c3O GT 8<\/a><\/h5>\t\t\t\t<\/div>\r\n\t\t\t<\/div>\r\n\t\t\t\t\t\t<div class=\"acc-item\">\r\n\t\t\t\t<div class=\"acc-toggle flex-middle\" data-default=\"\">GT 9 - Teoria e Metodologia da Pesquisa em Comunica\u00e7\u00e3o \r\n\t\t\t\t\t<i class=\"ot-flaticon-arrowsoutline\"><\/i>\r\n\t\t\t\t<\/div>\r\n\t\t\t\t<div class=\"acc-content\">\r\n\t\t\t\t\t<p><b>Coordenador<\/b><\/p>\n<p><span style=\"font-weight: 400;\">Eva Da Porta (Argentina)<\/span><\/p>\n<p><a href=\"mailto:evadaporta@gmail.com\"><span style=\"font-weight: 400;\">evadaporta@gmail.com<\/span><\/a><\/p>\n<p>\u00a0<\/p>\n<p><b>Vice-coordenadores<\/b><\/p>\n<p><span style=\"font-weight: 400;\">Marta Rizo (M\u00e9xico)\u00a0<\/span><\/p>\n<p><a href=\"mailto:mrizog@gmail.com\"><span style=\"font-weight: 400;\">mrizog@gmail.com<\/span><\/a><\/p>\n<p><span style=\"font-weight: 400;\">Vilso Junior Santi (UFRR) (Brasil)\u00a0<\/span><\/p>\n<p><a href=\"mailto:vjrsanti@gmail.com\"><span style=\"font-weight: 400;\">vjrsanti@gmail.com<\/span><\/a><\/p>\n<p>\u00a0<\/p>\n<h5><a href=\"https:\/\/alaic.org\/wp-content\/uploads\/2024\/08\/Programacion-GT-09.pdf\">PROGRAMA\u00c7\u00c3O GT 9<\/a><\/h5>\t\t\t\t<\/div>\r\n\t\t\t<\/div>\r\n\t\t\t\t\t\t<div class=\"acc-item\">\r\n\t\t\t\t<div class=\"acc-toggle flex-middle\" data-default=\"\">GT 10 - Comunica\u00e7\u00e3o, Tecnologia e Desenvolvimento \r\n\t\t\t\t\t<i class=\"ot-flaticon-arrowsoutline\"><\/i>\r\n\t\t\t\t<\/div>\r\n\t\t\t\t<div class=\"acc-content\">\r\n\t\t\t\t\t<p><b>Coordenador<\/b><\/p>\n<p><span style=\"font-weight: 400;\">Claudia Pilar Garcia-Corredor (Col\u00f4mbia)\u00a0<\/span><\/p>\n<p><a href=\"mailto:pigarcia@javeriana.edu.co\"><span style=\"font-weight: 400;\">pigarcia@javeriana.edu.co<\/span><\/a><\/p>\n<p>\u00a0<\/p>\n<p><b>Vice-coordenadores<\/b><\/p>\n<p><span style=\"font-weight: 400;\">M\u00f4nica Franchi Carniello (Brasil)<\/span><\/p>\n<p><a href=\"mailto:monicafcarniello@gmail.com\"><span style=\"font-weight: 400;\">monicafcarniello@gmail.com<\/span><\/a><\/p>\n<p><span style=\"font-weight: 400;\">Ana Isabel Zerme\u00f1o Flores (M\u00e9xico)\u00a0<\/span><a href=\"mailto:anaz@ucol.mx\"><span style=\"font-weight: 400;\">anaz@ucol.mx<\/span><\/a><\/p>\n<p>\u00a0<\/p>\n<h5><a href=\"https:\/\/alaic.org\/wp-content\/uploads\/2024\/08\/Programacion-GT-10.pdf\">PROGRAMA\u00c7\u00c3O GT 10<\/a><\/h5>\t\t\t\t<\/div>\r\n\t\t\t<\/div>\r\n\t\t\t\t\t\t<div class=\"acc-item\">\r\n\t\t\t\t<div class=\"acc-toggle flex-middle\" data-default=\"\">GT 11 - Comunica\u00e7\u00e3o e Estudos Socioculturais \r\n\t\t\t\t\t<i class=\"ot-flaticon-arrowsoutline\"><\/i>\r\n\t\t\t\t<\/div>\r\n\t\t\t\t<div class=\"acc-content\">\r\n\t\t\t\t\t<p><b>Coordenador<\/b><\/p>\n<p><span style=\"font-weight: 400;\">Mar\u00eda Isabel Nore\u00f1a (Col\u00f4mbia)<\/span><\/p>\n<p><a href=\"mailto:maria.norena.w@uniminuto.edu\"><span style=\"font-weight: 400;\">maria.norena.w@uniminuto.edu<\/span><\/a> <a href=\"mailto:mnorenaw@gmail.com\"><span style=\"font-weight: 400;\">mnorenaw@gmail.com<\/span><\/a><\/p>\n<p>\u00a0<\/p>\n<p><b>Vice-coordenador<\/b><\/p>\n<p><span style=\"font-weight: 400;\">L\u00eda G\u00f3mez (Argentina)<\/span><\/p>\n<p><a href=\"mailto:lialaig@gmail.com\"><span style=\"font-weight: 400;\">lialaig@gmail.com<\/span><\/a><\/p>\n<p>\u00a0<\/p>\n<h5><a href=\"https:\/\/alaic.org\/wp-content\/uploads\/2024\/08\/Programacion-GT-11.pdf\">PROGRAMA\u00c7\u00c3O GT 11<\/a><\/h5>\t\t\t\t<\/div>\r\n\t\t\t<\/div>\r\n\t\t\t\t\t\t<div class=\"acc-item\">\r\n\t\t\t\t<div class=\"acc-toggle flex-middle\" data-default=\"\">GT 12 - Comunica\u00e7\u00e3o para a Mudan\u00e7a Social \r\n\t\t\t\t\t<i class=\"ot-flaticon-arrowsoutline\"><\/i>\r\n\t\t\t\t<\/div>\r\n\t\t\t\t<div class=\"acc-content\">\r\n\t\t\t\t\t<table>\n<thead>\n<tr>\n<th>\n<p><b>Coordenador<\/b><\/p>\n<p><span style=\"font-weight: 400;\">Jair Vega \u2013 Universidad del Norte (Col\u00f4mbia)\u00a0<\/span><\/p>\n<p><a href=\"mailto:jvega@uninorte.edu.co\"><span style=\"font-weight: 400;\">jvega@uninorte.edu.co<\/span><\/a><\/p>\n<br \/>\n<p><b>Vice-coordenadores<\/b><\/p>\n<p><span style=\"font-weight: 400;\">Claudia Magallanes \u2013 Universidad Ibero Puebla M\u00e9xico (M\u00e9xico)<\/span><\/p>\n<p><a href=\"mailto:clausmagallanes@yahoo.com.mx\"><span style=\"font-weight: 400;\">clausmagallanes@yahoo.com.mx<\/span><\/a><span style=\"font-weight: 400;\">\u00a0<\/span><\/p>\n<p><a href=\"mailto:claudia.magallanes@iberopuebla.mx\"><span style=\"font-weight: 400;\">claudia.magallanes@iberopuebla.mx<\/span><\/a><\/p>\n<p><span style=\"font-weight: 400;\">Cecilia Ceraso \u2013 Universidade Nacional de La Plata (Argentina)\u00a0<\/span><\/p>\n<p><a href=\"mailto:ceciceraso@gmail.com\"><span style=\"font-weight: 400;\">ceciceraso@gmail.com<\/span><\/a><\/p>\n<p>\u00a0<\/p>\n<h5><a href=\"https:\/\/alaic.org\/wp-content\/uploads\/2024\/08\/Programacion-GT-12.pdf\">PROGRAMA\u00c7\u00c3O GT 12<\/a><\/h5>\n<\/th>\n<\/tr>\n<\/thead>\n<\/table>\n<p>\u00a0<\/p>\t\t\t\t<\/div>\r\n\t\t\t<\/div>\r\n\t\t\t\t\t\t<div class=\"acc-item\">\r\n\t\t\t\t<div class=\"acc-toggle flex-middle\" data-default=\"\">GT 13 - Comunica\u00e7\u00e3o Publicit\u00e1ria \r\n\t\t\t\t\t<i class=\"ot-flaticon-arrowsoutline\"><\/i>\r\n\t\t\t\t<\/div>\r\n\t\t\t\t<div class=\"acc-content\">\r\n\t\t\t\t\t<p><b>Coordenador<\/b><\/p>\n<p><span style=\"font-weight: 400;\">\u00c9der Antonio Salamanca Fuentes (M\u00e9xico)\u00a0<\/span><\/p>\n<p><a href=\"mailto:edersalamanca@politicas.unam.mx\"><span style=\"font-weight: 400;\">edersalamanca@politicas.unam.mx<\/span><\/a><\/p>\n<p>\u00a0<\/p>\n<p><b>Vice-coordenadores<\/b><\/p>\n<p><span style=\"font-weight: 400;\">Fabio Andr\u00e9s Ribero Salazar (Col\u00f4mbia) <\/span><a href=\"mailto:fabio.ribero@usa.edu.co\"><span style=\"font-weight: 400;\">fabio.ribero@usa.edu.co<\/span><\/a><\/p>\n<p><span style=\"font-weight: 400;\">Paula Renata de Jesus (Brasil)\u00a0\u00a0<\/span><\/p>\n<p><a href=\"mailto:paularcj@gmail.com\"><span style=\"font-weight: 400;\">paularcj@gmail.com<\/span><\/a><\/p>\n<p>\u00a0<\/p>\n<h5><a href=\"https:\/\/alaic.org\/wp-content\/uploads\/2024\/08\/Programacion-GT-13.pdf\">PROGRAMA\u00c7\u00c3O GT 13<\/a><\/h5>\t\t\t\t<\/div>\r\n\t\t\t<\/div>\r\n\t\t\t\t\t\t<div class=\"acc-item\">\r\n\t\t\t\t<div class=\"acc-toggle flex-middle\" data-default=\"\">GT 14 \u2013 Fala e Comunica\u00e7\u00e3o \r\n\t\t\t\t\t<i class=\"ot-flaticon-arrowsoutline\"><\/i>\r\n\t\t\t\t<\/div>\r\n\t\t\t\t<div class=\"acc-content\">\r\n\t\t\t\t\t<p><b>Coordenador<\/b><\/p>\n<p><span style=\"font-weight: 400;\">Fernando Andacht (Uruguai)<\/span><\/p>\n<p><a href=\"mailto:fernando.andacht@fic.edu.uy\"><span style=\"font-weight: 400;\">fernando.andacht@fic.edu.uy<\/span><\/a><\/p>\n<p>\u00a0<\/p>\n<p><b>Vice-coordenador<\/b><\/p>\n<p><span style=\"font-weight: 400;\">Silvia \u00c1lvarez Curbelo (Peru), <\/span><a href=\"mailto:salvarezcurbelo@gmail.com\"><span style=\"font-weight: 400;\">salvarezcurbelo@gmail.com<\/span><\/a><\/p>\n<p><span style=\"font-weight: 400;\">Carlos Henrique Sabino Caldas (Brasil)<\/span><\/p>\n<p><a href=\"mailto:carlos.caldas@uemg.br\"><span style=\"font-weight: 400;\">carlos.caldas@uemg.br<\/span><\/a><\/p>\n<p>\u00a0<\/p>\n<h5><a href=\"https:\/\/alaic.org\/wp-content\/uploads\/2024\/08\/Programacion-GT-14.pdf\">PROGRAMA\u00c7\u00c3O GT 14<\/a><\/h5>\t\t\t\t<\/div>\r\n\t\t\t<\/div>\r\n\t\t\t\t\t\t<div class=\"acc-item\">\r\n\t\t\t\t<div class=\"acc-toggle flex-middle\" data-default=\"\">GT 15 - Comunica\u00e7\u00e3o e Cidade \r\n\t\t\t\t\t<i class=\"ot-flaticon-arrowsoutline\"><\/i>\r\n\t\t\t\t<\/div>\r\n\t\t\t\t<div class=\"acc-content\">\r\n\t\t\t\t\t<p><b>Coordenador<\/b><\/p>\n<p><span style=\"font-weight: 400;\">Ximena Poo (Chile)\u00a0<\/span><\/p>\n<p><a href=\"mailto:xpoo@uchile.cl\"><span style=\"font-weight: 400;\">xpoo@uchile.cl<\/span><\/a><span style=\"font-weight: 400;\"> qualquer <\/span><a href=\"mailto:ximenapoo@gmail.com\"><span style=\"font-weight: 400;\">ximenapoo@gmail.com<\/span><\/a><\/p>\n<p>\u00a0<\/p>\n<p><b>Vice-coordenadores<\/b><\/p>\n<p><span style=\"font-weight: 400;\">Juan David Zapata (Col\u00f4mbia)\u00a0<\/span><\/p>\n<p><a href=\"mailto:juand.zapata@upb.edu.co\"><span style=\"font-weight: 400;\">juand.zapata@upb.edu.co<\/span><\/a><\/p>\n<p><span style=\"font-weight: 400;\">MaydaBurjelVerstraete (Uruguai) <\/span><a href=\"mailto:mayburjel@gmail.com\"><span style=\"font-weight: 400;\">mayburjel@gmail.com<\/span><\/a><\/p>\n<p>\u00a0<\/p>\n<h5><a href=\"https:\/\/alaic.org\/wp-content\/uploads\/2024\/08\/Programacion-GT-15.pdf\">PROGRAMA\u00c7\u00c3O GT 15<\/a><\/h5>\t\t\t\t<\/div>\r\n\t\t\t<\/div>\r\n\t\t\t\t\t\t<div class=\"acc-item\">\r\n\t\t\t\t<div class=\"acc-toggle flex-middle\" data-default=\"\">GT 16 - Estudos de Jornalismo \r\n\t\t\t\t\t<i class=\"ot-flaticon-arrowsoutline\"><\/i>\r\n\t\t\t\t<\/div>\r\n\t\t\t\t<div class=\"acc-content\">\r\n\t\t\t\t\t<p><b>Coordenador<\/b><\/p>\n<p><span style=\"font-weight: 400;\">Marli dos Santos (Brasil)\u00a0<\/span><\/p>\n<p><a href=\"mailto:msantos@casperlibero.edu.br\"><span style=\"font-weight: 400;\">msantos@casperlibero.edu.br<\/span><\/a> <a href=\"mailto:marlijor58@globo.com\"><span style=\"font-weight: 400;\">marlijor58@globo.com<\/span><\/a><\/p>\n<p>\u00a0<\/p>\n<p><b>Vice-coordenadores<\/b><\/p>\n<p><span style=\"font-weight: 400;\">Cristina Musse (Brasil)<\/span><\/p>\n<p><a href=\"mailto:cferrazmusse@gmail.com\"><span style=\"font-weight: 400;\">cferrazmusse@gmail.com<\/span><\/a><\/p>\n<p><span style=\"font-weight: 400;\">Elvira Hern\u00e1ndez (M\u00e9xico)<\/span><\/p>\n<p><a href=\"mailto:elviracarvallido62@gmail.com\"><span style=\"font-weight: 400;\">elviracarvallido62@gmail.com<\/span><\/a><\/p>\n<p>\u00a0<\/p>\n<h5><a href=\"https:\/\/alaic.org\/wp-content\/uploads\/2024\/08\/Programacion-GT-16.pdf\">PROGRAMA\u00c7\u00c3O GT 16<\/a><\/h5>\t\t\t\t<\/div>\r\n\t\t\t<\/div>\r\n\t\t\t\t\t\t<div class=\"acc-item\">\r\n\t\t\t\t<div class=\"acc-toggle flex-middle\" data-default=\"\">GT 17 - Hist\u00f3ria da Comunica\u00e7\u00e3o \r\n\t\t\t\t\t<i class=\"ot-flaticon-arrowsoutline\"><\/i>\r\n\t\t\t\t<\/div>\r\n\t\t\t\t<div class=\"acc-content\">\r\n\t\t\t\t\t<p><b>Coordenador<\/b><\/p>\n<p><span style=\"font-weight: 400;\">C\u00e9lia Del Palacio Montiel (M\u00e9xico)<\/span><\/p>\n<p><a href=\"mailto:celiadelp@yahoo.com.mx\"><span style=\"font-weight: 400;\">celiadelp@yahoo.com.mx<\/span><\/a><\/p>\n<p>\u00a0<\/p>\n<p><b>Vice-coordenadores<\/b><\/p>\n<p><span style=\"font-weight: 400;\">Julio Eduardo Benavides Campos (Col\u00f4mbia)<\/span><\/p>\n<p><a href=\"mailto:jbenavides@unab.edu.co\"><span style=\"font-weight: 400;\">jbenavides@unab.edu.co<\/span><\/a><\/p>\n<p><span style=\"font-weight: 400;\">Ernane Correa Rabelo (Brasil).<\/span><\/p>\n<p><a href=\"mailto:ernanerabelo@ufv.br\"><span style=\"font-weight: 400;\">ernanerabelo@ufv.br<\/span><\/a><\/p>\n<p>\u00a0<\/p>\n<h5><a href=\"https:\/\/alaic.org\/wp-content\/uploads\/2024\/08\/Programacion-GT-17.pdf\">PROGRAMA\u00c7\u00c3O GT 17<\/a><\/h5>\t\t\t\t<\/div>\r\n\t\t\t<\/div>\r\n\t\t\t\t\t\t<div class=\"acc-item\">\r\n\t\t\t\t<div class=\"acc-toggle flex-middle\" data-default=\"\">GT 18 - \u00c9tica, Liberdade de Express\u00e3o e Direito \u00e0 Comunica\u00e7\u00e3o \r\n\t\t\t\t\t<i class=\"ot-flaticon-arrowsoutline\"><\/i>\r\n\t\t\t\t<\/div>\r\n\t\t\t\t<div class=\"acc-content\">\r\n\t\t\t\t\t<p><b>Coordenador<\/b><\/p>\n<p><span style=\"font-weight: 400;\">Adriana C. Omena dos Santos (Brasil)\u00a0<\/span><\/p>\n<p><a href=\"mailto:adriomena@gmail.com\"><span style=\"font-weight: 400;\">adriomena@gmail.com<\/span><\/a><\/p>\n<p>\u00a0<\/p>\n<p><b>Vice-coordenador<\/b><\/p>\n<p><span style=\"font-weight: 400;\">Laura Mart\u00ednez \u00c1guila (M\u00e9xico)\u00a0<\/span><\/p>\n<p><a href=\"mailto:laumartag@gmail.com\"><span style=\"font-weight: 400;\">laumartag@gmail.com<\/span><\/a><\/p>\n<p>\u00a0<\/p>\n<h5><a href=\"https:\/\/alaic.org\/wp-content\/uploads\/2024\/08\/Programacion-GT-18.pdf\">PROGRAMA\u00c7\u00c3O GT 18<\/a><\/h5>\t\t\t\t<\/div>\r\n\t\t\t<\/div>\r\n\t\t\t\t\t\t<div class=\"acc-item\">\r\n\t\t\t\t<div class=\"acc-toggle flex-middle\" data-default=\"\">GT 19 - Comunica\u00e7\u00e3o, Redes e Processos Digitais \r\n\t\t\t\t\t<i class=\"ot-flaticon-arrowsoutline\"><\/i>\r\n\t\t\t\t<\/div>\r\n\t\t\t\t<div class=\"acc-content\">\r\n\t\t\t\t\t<p><b>Coordenador<\/b><\/p>\n<p><span style=\"font-weight: 400;\">Jorge Alberto Hidalgo Toledo (M\u00e9xico)<\/span><\/p>\n<p><a href=\"mailto:jhidalgo@anahuac.mx\"><span style=\"font-weight: 400;\">jhidalgo@anahuac.mx<\/span><\/a><\/p>\n<p>\u00a0<\/p>\n<p><b>Vice-coordenadores<\/b><\/p>\n<p><span style=\"font-weight: 400;\">M\u00e1gda Rodrigues da Cunha (Brasil)\u00a0<\/span><\/p>\n<p><span style=\"font-weight: 400;\">magda.cunha@gmail.com<\/span><\/p>\n<p>\u00a0<\/p>\n<p><span style=\"font-weight: 400;\">Luis C\u00e1rcamo Ull\u00f3a (Chile)<\/span><\/p>\n<p><a href=\"mailto:lcarcamo@uach.cl\"><span style=\"font-weight: 400;\">lcarcamo@uach.cl<\/span><\/a><\/p>\n<p>\u00a0<\/p>\n<h5><a href=\"https:\/\/alaic.org\/wp-content\/uploads\/2024\/08\/Programacion-GT-19.pdf\">PROGRAMA\u00c7\u00c3O GT 19<\/a><\/h5>\t\t\t\t<\/div>\r\n\t\t\t<\/div>\r\n\t\t\t\t\t\t<div class=\"acc-item\">\r\n\t\t\t\t<div class=\"acc-toggle flex-middle\" data-default=\"\">GT 20 - Comunica\u00e7\u00e3o G\u00eanero e diversidade sexual \r\n\t\t\t\t\t<i class=\"ot-flaticon-arrowsoutline\"><\/i>\r\n\t\t\t\t<\/div>\r\n\t\t\t\t<div class=\"acc-content\">\r\n\t\t\t\t\t<p><b>Coordenador<\/b><\/p>\n<p><span style=\"font-weight: 400;\">Yanet Mart\u00ednez Toledo (Costa Rica) <\/span><a href=\"mailto:yanetmartinezt@gmail.com\"><span style=\"font-weight: 400;\">yanetmartinezt@gmail.com<\/span><\/a><\/p>\n<p>\u00a0<\/p>\n<p><b>Vice-coordenadores<\/b><\/p>\n<p><span style=\"font-weight: 400;\">Carolina Justo von Lurzer, (Argentina) <\/span><a href=\"mailto:justocarolina@gmail.com\"><span style=\"font-weight: 400;\">justcarolina@gmail.com<\/span><\/a><\/p>\n<p><span style=\"font-weight: 400;\">Claudia Ivette Pedraza Bucio. (M\u00e9xico)<\/span> <a href=\"mailto:claudia.pedraza@lasalle.mx\"><span style=\"font-weight: 400;\">claudia.pedraza@lasalle.mx<\/span><\/a><\/p>\n<p>\u00a0<\/p>\n<h5><a href=\"https:\/\/alaic.org\/wp-content\/uploads\/2024\/08\/Programacion-GT-20.pdf\">PROGRAMA\u00c7\u00c3O GT 20<\/a><\/h5>\t\t\t\t<\/div>\r\n\t\t\t<\/div>\r\n\t\t\t\t\t\t<div class=\"acc-item\">\r\n\t\t\t\t<div class=\"acc-toggle flex-middle\" data-default=\"\">GT 21 \u2013 Comunica\u00e7\u00e3o e Trabalho \r\n\t\t\t\t\t<i class=\"ot-flaticon-arrowsoutline\"><\/i>\r\n\t\t\t\t<\/div>\r\n\t\t\t\t<div class=\"acc-content\">\r\n\t\t\t\t\t<p><b>Coordenador<\/b><\/p>\n<p><span style=\"font-weight: 400;\">Roseli F\u00edgaro (Brasil)\u00a0<\/span><\/p>\n<p><a href=\"mailto:roseli.figaro@gmail.com\"><span style=\"font-weight: 400;\">roseli.figaro@gmail.com<\/span><\/a><\/p>\n<p>\u00a0<\/p>\n<p><b>Vice-coordenadores<\/b><\/p>\n<p><span style=\"font-weight: 400;\">Teresita Vargas (Argentina)\u00a0<\/span><\/p>\n<p><a href=\"mailto:teresitavargas@yahoo.com.ar\"><span style=\"font-weight: 400;\">teresitavargas@yahoo.com.ar<\/span><\/a><\/p>\n<p><span style=\"font-weight: 400;\">Jos\u00e9 M. Pereira (Col\u00f4mbia)\u00a0<\/span><\/p>\n<p><a href=\"mailto:jmpereira.com@gmail.com\"><span style=\"font-weight: 400;\">jmpereira.com@gmail.com<\/span><\/a><\/p>\n<p><span style=\"font-weight: 400;\">Gabriel Kaplun (Uruguai)\u00a0<\/span><\/p>\n<p><a href=\"mailto:gabriel.kaplun@fic.edu.uy\"><span style=\"font-weight: 400;\">gabriel.kaplun@fic.edu.uy<\/span><\/a><\/p>\n<p>\u00a0<\/p>\n<h5><a href=\"https:\/\/alaic.org\/wp-content\/uploads\/2024\/08\/Programacion-GT-21.pdf\">PROGRAMA\u00c7\u00c3O GT 21<\/a><\/h5>\t\t\t\t<\/div>\r\n\t\t\t<\/div>\r\n\t\t\t\t\t\t<div class=\"acc-item\">\r\n\t\t\t\t<div class=\"acc-toggle flex-middle\" data-default=\"\">GT 22 - Est\u00fadios de televis\u00e3o e streaming \r\n\t\t\t\t\t<i class=\"ot-flaticon-arrowsoutline\"><\/i>\r\n\t\t\t\t<\/div>\r\n\t\t\t\t<div class=\"acc-content\">\r\n\t\t\t\t\t<p><b>Coordenador<\/b><\/p>\n<p><span style=\"font-weight: 400;\">Maria Cristina Palma Mungioli (Brasil)\u00a0<\/span><\/p>\n<p><a href=\"mailto:crismungioli@usp.br\"><span style=\"font-weight: 400;\">crismungioli@usp.br<\/span><\/a><\/p>\n<p>\u00a0<\/p>\n<p><b>Vice-coordenadores<\/b><\/p>\n<p><span style=\"font-weight: 400;\">Ros\u00e1rio S\u00e1nchez Vilela (Uruguai) <\/span><a href=\"mailto:rsanchezvilela@gmail.com\"><span style=\"font-weight: 400;\">rsanchezvilela@gmail.com<\/span><\/a><\/p>\n<p><span style=\"font-weight: 400;\">\u00a0Juliana Cassano. (Peru)\u00a0<\/span><\/p>\n<p><a href=\"mailto:gcassano@pucp.edu.pe\"><span style=\"font-weight: 400;\">gcassano@pucp.edu.pe<\/span><\/a><\/p>\n<h5>\u00a0<\/h5>\n<h5><a href=\"https:\/\/alaic.org\/wp-content\/uploads\/2024\/08\/Programacion-GT-22-Estudios-de-tv-y-streaming.pdf\">P<\/a><a href=\"https:\/\/alaic.org\/wp-content\/uploads\/2024\/08\/Programacion-GT-22.pdf\">ROGRAMA\u00c7\u00c3O DO GT 22<\/a><\/h5>\n<p>\u00a0<\/p>\t\t\t\t<\/div>\r\n\t\t\t<\/div>\r\n\t\t\t\t\t\t<div class=\"acc-item\">\r\n\t\t\t\t<div class=\"acc-toggle flex-middle\" data-default=\"\">GT 23 \u2013 Comunica\u00e7\u00e3o e Descolonialidade \r\n\t\t\t\t\t<i class=\"ot-flaticon-arrowsoutline\"><\/i>\r\n\t\t\t\t<\/div>\r\n\t\t\t\t<div class=\"acc-content\">\r\n\t\t\t\t\t<p><b>Coordenador<\/b><\/p>\n<p><span style=\"font-weight: 400;\">Alejandra Cebrelli (Argentina)<\/span><\/p>\n<p><a href=\"mailto:alecebrelli@gmail.com\"><span style=\"font-weight: 400;\">alebrelli@gmail.com<\/span><\/a><\/p>\n<p>\u00a0<\/p>\n<p><b>Vice-coordenadores<\/b><\/p>\n<p><span style=\"font-weight: 400;\">Ver\u00f4nica Maria Alves Lima (Brasil)<\/span><\/p>\n<p><a href=\"mailto:veronica.alveslima@gmail.com\"><span style=\"font-weight: 400;\">veronica.alveslima@gmail.com<\/span><\/a><\/p>\n<p><span style=\"font-weight: 400;\">Hugo Ernesto Hern\u00e1ndez Carrasco (M\u00e9xico)<\/span><\/p>\n<p><a href=\"mailto:hugoehc@gmail.com\"><span style=\"font-weight: 400;\">hugoehc@gmail.com<\/span><\/a><\/p>\n<p>\u00a0<\/p>\n<h5><a href=\"https:\/\/alaic.org\/wp-content\/uploads\/2024\/08\/Programacion-GT-23.pdf\">PROGRAMA\u00c7\u00c3O GT 23<\/a><\/h5>\t\t\t\t<\/div>\r\n\t\t\t<\/div>\r\n\t\t\t\t    <\/div>\r\n\r\n\t    \t\t<\/div>\n\t\t\t\t<\/div>\n\t\t\t\t\t<\/div>\n\t\t<\/div>\n\t\t\t\t\t<\/div>\n\t\t<\/section>\n\t\t\t\t<section class=\"elementor-section elementor-top-section elementor-element elementor-element-0f76bf2 elementor-section-boxed elementor-section-height-default elementor-section-height-default\" data-id=\"0f76bf2\" data-element_type=\"section\" data-settings=\"{&quot;background_background&quot;:&quot;classic&quot;}\">\n\t\t\t\t\t\t<div class=\"elementor-container elementor-column-gap-default\">\n\t\t\t\t\t<div class=\"elementor-column elementor-col-100 elementor-top-column elementor-element elementor-element-8437f50 ot-flex-column-vertical\" data-id=\"8437f50\" data-element_type=\"column\">\n\t\t\t<div class=\"elementor-widget-wrap elementor-element-populated\">\n\t\t\t\t\t\t<section class=\"elementor-section elementor-inner-section elementor-element elementor-element-ca1ef28 elementor-section-boxed elementor-section-height-default elementor-section-height-default\" data-id=\"ca1ef28\" data-element_type=\"section\">\n\t\t\t\t\t\t<div class=\"elementor-container elementor-column-gap-default\">\n\t\t\t\t\t<div class=\"elementor-column elementor-col-33 elementor-inner-column elementor-element elementor-element-cdb0bb0 ot-flex-column-vertical\" data-id=\"cdb0bb0\" data-element_type=\"column\">\n\t\t\t<div class=\"elementor-widget-wrap\">\n\t\t\t\t\t\t\t<\/div>\n\t\t<\/div>\n\t\t\t\t<div class=\"elementor-column elementor-col-33 elementor-inner-column elementor-element elementor-element-fa3fa3f ot-flex-column-vertical\" data-id=\"fa3fa3f\" data-element_type=\"column\">\n\t\t\t<div class=\"elementor-widget-wrap elementor-element-populated\">\n\t\t\t\t\t\t<div class=\"elementor-element elementor-element-355b840 elementor-widget elementor-widget-iheading\" data-id=\"355b840\" data-element_type=\"widget\" data-widget_type=\"iheading.default\">\n\t\t\t\t<div class=\"elementor-widget-container\">\n\t\t\t\t\t<div class=\"ot-heading\">\r\n\t        <span class=\"is_highlight\">Congresso ALAIC 2024<\/span>\t        <h3 class=\"main-head\">GRUPOS DE INTERESSE<\/h3>\t    <\/div>\r\n\t    \t\t<\/div>\n\t\t\t\t<\/div>\n\t\t\t\t\t<\/div>\n\t\t<\/div>\n\t\t\t\t<div class=\"elementor-column elementor-col-33 elementor-inner-column elementor-element elementor-element-dd6b8e2 ot-flex-column-vertical\" data-id=\"dd6b8e2\" data-element_type=\"column\">\n\t\t\t<div class=\"elementor-widget-wrap\">\n\t\t\t\t\t\t\t<\/div>\n\t\t<\/div>\n\t\t\t\t\t<\/div>\n\t\t<\/section>\n\t\t\t\t<section class=\"elementor-section elementor-inner-section elementor-element elementor-element-65dcc51 elementor-section-boxed elementor-section-height-default elementor-section-height-default\" data-id=\"65dcc51\" data-element_type=\"section\">\n\t\t\t\t\t\t<div class=\"elementor-container elementor-column-gap-default\">\n\t\t\t\t\t<div class=\"elementor-column elementor-col-100 elementor-inner-column elementor-element elementor-element-48afe5e ot-flex-column-vertical\" data-id=\"48afe5e\" data-element_type=\"column\">\n\t\t\t<div class=\"elementor-widget-wrap elementor-element-populated\">\n\t\t\t\t\t\t<div class=\"elementor-element elementor-element-9454977 elementor-widget elementor-widget-iaccordions\" data-id=\"9454977\" data-element_type=\"widget\" data-widget_type=\"iaccordions.default\">\n\t\t\t\t<div class=\"elementor-widget-container\">\n\t\t\t\r\n\t\t<div class=\"ot-accordions\">\r\n\t\t\t\t\t\t<div class=\"acc-item\">\r\n\t\t\t\t<div class=\"acc-toggle flex-middle\" data-default=\"yes\">GI01 - Divulga\u00e7\u00e3o Cient\u00edfica \r\n\t\t\t\t\t<i class=\"ot-flaticon-arrowsoutline\"><\/i>\r\n\t\t\t\t<\/div>\r\n\t\t\t\t<div class=\"acc-content\">\r\n\t\t\t\t\t<ul>\n<li><span style=\"font-weight: 400;\">Coordena\u00e7\u00e3o<\/span><\/li>\n<\/ul>\n<table>\n<tbody>\n<tr>\n<td>\n<p><span style=\"font-weight: 400;\">Lizy Navarro Zamora<\/span><\/p>\n<\/td>\n<td>\n<p><a href=\"mailto:lizy@uaslp.mx\"><span style=\"font-weight: 400;\">lizy@uaslp.mx<\/span><\/a><\/p>\n<\/td>\n<\/tr>\n<tr>\n<td>\n<p><span style=\"font-weight: 400;\">Lisset Aracely<\/span><\/p>\n<\/td>\n<td>\n<p><a href=\"mailto:Lisset.oliveros@unison.mx\"><span style=\"font-weight: 400;\">Lisset.oliveros@unison.mx<\/span><\/a><\/p>\n<\/td>\n<\/tr>\n<tr>\n<td>\n<p><span style=\"font-weight: 400;\">\u00c2ngela Maria Grossi<\/span><\/p>\n<\/td>\n<td>\n<p><a href=\"mailto:angela.grossi@unesp.br\"><span style=\"font-weight: 400;\">angela.grossi@unesp.br<\/span><\/a><\/p>\n<\/td>\n<\/tr>\n<tr>\n<td>\n<p><span style=\"font-weight: 400;\">Manuel de Jesus Made Zabala<\/span><\/p>\n<\/td>\n<td>\n<p><a href=\"mailto:MANUEL.MADE@INTEC.EDU.DO\"><span style=\"font-weight: 400;\">MANUEL.MADE@INTEC.EDU.DO<\/span><\/a><span style=\"font-weight: 400;\">\u00a0<\/span><\/p>\n<\/td>\n<\/tr>\n<\/tbody>\n<\/table>\n<p>\u00a0<\/p>\t\t\t\t<\/div>\r\n\t\t\t<\/div>\r\n\t\t\t\t\t\t<div class=\"acc-item\">\r\n\t\t\t\t<div class=\"acc-toggle flex-middle\" data-default=\"\">GI02 - R\u00e1dio e M\u00eddia Sonora \r\n\t\t\t\t\t<i class=\"ot-flaticon-arrowsoutline\"><\/i>\r\n\t\t\t\t<\/div>\r\n\t\t\t\t<div class=\"acc-content\">\r\n\t\t\t\t\t<ul>\n<li><span style=\"font-weight: 400;\">Coordena\u00e7\u00e3o<\/span><\/li>\n<\/ul>\n<table>\n<tbody>\n<tr>\n<td>\n<p><span style=\"font-weight: 400;\">Nair Prata,<\/span><\/p>\n<\/td>\n<td>\n<p><a href=\"mailto:nairprata@uol.com.br\"><span style=\"font-weight: 400;\">nairprata@uol.com.br<\/span><\/a><\/p>\n<\/td>\n<\/tr>\n<tr>\n<td>\n<p><span style=\"font-weight: 400;\">N\u00e9lia Del Bianco,<\/span><\/p>\n<\/td>\n<td>\n<p><a href=\"mailto:neliadelbianco@gmail.com\"><span style=\"font-weight: 400;\">neliadelbianco@gmail.com<\/span><\/a><\/p>\n<\/td>\n<\/tr>\n<tr>\n<td>\n<p><span style=\"font-weight: 400;\">Graciela Mart\u00ednez Mat\u00edas e<\/span><\/p>\n<\/td>\n<td>\n<p><a href=\"mailto:neliadelbianco@gmail.com\"><span style=\"font-weight: 400;\">neliadelbianco@gmail.com<\/span><\/a><\/p>\n<\/td>\n<\/tr>\n<tr>\n<td>\n<p><span style=\"font-weight: 400;\">Agust\u00edn Espada<\/span><\/p>\n<\/td>\n<td>\n<p><a href=\"mailto:aeespada@gmail.com\"><span style=\"font-weight: 400;\">aeespada@gmail.com<\/span><\/a><\/p>\n<\/td>\n<\/tr>\n<\/tbody>\n<\/table>\t\t\t\t<\/div>\r\n\t\t\t<\/div>\r\n\t\t\t\t\t\t<div class=\"acc-item\">\r\n\t\t\t\t<div class=\"acc-toggle flex-middle\" data-default=\"\">GI03 - Comunica\u00e7\u00e3o, Empreendedorismo e Intelig\u00eancia Artificial \r\n\t\t\t\t\t<i class=\"ot-flaticon-arrowsoutline\"><\/i>\r\n\t\t\t\t<\/div>\r\n\t\t\t\t<div class=\"acc-content\">\r\n\t\t\t\t\t<ul>\n<li><span style=\"font-weight: 400;\">Coordena\u00e7\u00e3o<\/span><\/li>\n<\/ul>\n<table>\n<tbody>\n<tr>\n<td>\n<p><span style=\"font-weight: 400;\">Ledy Amirola Garc\u00e9s<\/span><\/p>\n<\/td>\n<td>\n<p><a href=\"mailto:ledyarga@unisabana.edu.co\"><span style=\"font-weight: 400;\">ledyarga@unisabana.edu.co<\/span><\/a><\/p>\n<\/td>\n<\/tr>\n<tr>\n<td>\n<p><span style=\"font-weight: 400;\">Angel Paez<\/span><\/p>\n<\/td>\n<td>\n<p><a href=\"mailto:aepaezmoreno@gmail.com\"><span style=\"font-weight: 400;\">aepaezmoreno@gmail.com<\/span><\/a><\/p>\n<\/td>\n<\/tr>\n<tr>\n<td>\n<p><span style=\"font-weight: 400;\">Miguel Mendoza Padilha<\/span><\/p>\n<\/td>\n<td>\n<p><span style=\"font-weight: 400;\">\u00a0-<\/span><\/p>\n<\/td>\n<\/tr>\n<\/tbody>\n<\/table>\t\t\t\t<\/div>\r\n\t\t\t<\/div>\r\n\t\t\t\t\t\t<div class=\"acc-item\">\r\n\t\t\t\t<div class=\"acc-toggle flex-middle\" data-default=\"\">GI04 - Comunica\u00e7\u00e3o e Cria\u00e7\u00e3o \r\n\t\t\t\t\t<i class=\"ot-flaticon-arrowsoutline\"><\/i>\r\n\t\t\t\t<\/div>\r\n\t\t\t\t<div class=\"acc-content\">\r\n\t\t\t\t\t<ul>\n<li><span style=\"font-weight: 400;\">Coordena\u00e7\u00e3o<\/span><\/li>\n<\/ul>\n<table>\n<tbody>\n<tr>\n<td>\n<p><span style=\"font-weight: 400;\">Liliana del Rosario Raigoso Contreras<\/span><\/p>\n<\/td>\n<td>\n<p><a href=\"mailto:lraigoso@uniminuto.edu\"><span style=\"font-weight: 400;\">lraigoso@uniminuto.edu<\/span><\/a><\/p>\n<\/td>\n<\/tr>\n<tr>\n<td>\n<p><span style=\"font-weight: 400;\">Maria Teresa Vargas Rojas<\/span><\/p>\n<\/td>\n<td>\n<p><a href=\"mailto:mavargas@uniminuto.edu\"><span style=\"font-weight: 400;\">mavargas@uniminuto.edu\u00a0<\/span><\/a><\/p>\n<\/td>\n<\/tr>\n<tr>\n<td>\n<p><span style=\"font-weight: 400;\">Andr\u00e9s Cifuentes<\/span><\/p>\n<\/td>\n<td>\n<p><span style=\"font-weight: 400;\">\u00a0<\/span><\/p>\n<\/td>\n<\/tr>\n<\/tbody>\n<\/table>\t\t\t\t<\/div>\r\n\t\t\t<\/div>\r\n\t\t\t\t\t\t<div class=\"acc-item\">\r\n\t\t\t\t<div class=\"acc-toggle flex-middle\" data-default=\"\">GI05 - Provedores de Justi\u00e7a e Defensores P\u00fablicos em contextos de comunica\u00e7\u00e3o em mudan\u00e7a \r\n\t\t\t\t\t<i class=\"ot-flaticon-arrowsoutline\"><\/i>\r\n\t\t\t\t<\/div>\r\n\t\t\t\t<div class=\"acc-content\">\r\n\t\t\t\t\t<ul>\n<li><span style=\"font-weight: 400;\">Coordena\u00e7\u00e3o<\/span><\/li>\n<\/ul>\n<table>\n<tbody>\n<tr>\n<td>\n<p><span style=\"font-weight: 400;\">Cynthia Ottaviano<\/span><\/p>\n<\/td>\n<td>\n<p><a href=\"mailto:correottaviano@gmail.com\"><span style=\"font-weight: 400;\">e-mailttaviano@gmail.com<\/span><\/a><\/p>\n<\/td>\n<\/tr>\n<tr>\n<td>\n<p><span style=\"font-weight: 400;\">Joseti Marques<\/span><\/p>\n<\/td>\n<td>\n<p><a href=\"mailto:josetimarques@gmail.com\"><span style=\"font-weight: 400;\">josetimarques@gmail.com<\/span><\/a><\/p>\n<\/td>\n<\/tr>\n<tr>\n<td>\n<p><span style=\"font-weight: 400;\">Laura Mart\u00ednez \u00c1guila<\/span><\/p>\n<\/td>\n<td>\n<p><a href=\"mailto:laumartag@gmail.com\"><span style=\"font-weight: 400;\">laumartag@gmail.com<\/span><\/a><\/p>\n<\/td>\n<\/tr>\n<tr>\n<td>\n<p><span style=\"font-weight: 400;\">Fernando Oliveira Paulino<\/span><\/p>\n<\/td>\n<td>\n<p><a href=\"mailto:fopaulino@gmail.com\"><span style=\"font-weight: 400;\">fopaulino@gmail.com<\/span><\/a><\/p>\n<\/td>\n<\/tr>\n<\/tbody>\n<\/table>\n<p>\u00a0<\/p>\t\t\t\t<\/div>\r\n\t\t\t<\/div>\r\n\t\t\t\t\t\t<div class=\"acc-item\">\r\n\t\t\t\t<div class=\"acc-toggle flex-middle\" data-default=\"\">GI06 - Extens\u00e3o Universit\u00e1ria: intera\u00e7\u00e3o dial\u00f3gica, transformadora, justa e solid\u00e1ria \r\n\t\t\t\t\t<i class=\"ot-flaticon-arrowsoutline\"><\/i>\r\n\t\t\t\t<\/div>\r\n\t\t\t\t<div class=\"acc-content\">\r\n\t\t\t\t\t<ul>\n<li><span style=\"font-weight: 400;\">Coordena\u00e7\u00e3o<\/span><\/li>\n<\/ul>\n<table>\n<tbody>\n<tr>\n<td>\n<p><span style=\"font-weight: 400;\">Maria Cristina Gobbi<\/span><\/p>\n<\/td>\n<td>\n<p><a href=\"mailto:cristina.gobbi@unesp.br\"><span style=\"font-weight: 400;\">cristina.gobbi@unesp.br<\/span><\/a><\/p>\n<\/td>\n<\/tr>\n<tr>\n<td>\n<p><span style=\"font-weight: 400;\">Gustavo Cimadevilla<\/span><\/p>\n<\/td>\n<td>\n<p><span style=\"font-weight: 400;\">gcimadevilla@yahoo.com.ar<\/span><\/p>\n<\/td>\n<\/tr>\n<tr>\n<td>\n<p><span style=\"font-weight: 400;\">Michelle Roxo de Oliveira<\/span><\/p>\n<\/td>\n<td>\n<p><a href=\"mailto:michelle.roxo@unesp.br\"><span style=\"font-weight: 400;\">michelle.roxo@unesp.br<\/span><\/a><\/p>\n<\/td>\n<\/tr>\n<tr>\n<td>\n<p><span style=\"font-weight: 400;\">Juarez Tadeu por Paula Xavier<\/span><\/p>\n<\/td>\n<td>\n<p><a href=\"mailto:juarez.xavier@unesp.br\"><span style=\"font-weight: 400;\">juarez.xavier@unesp.br\u00a0<\/span><\/a><\/p>\n<\/td>\n<\/tr>\n<tr>\n<td>\n<p><span style=\"font-weight: 400;\">Rosio Fern\u00e1ndez Baca Salcedo<\/span><\/p>\n<\/td>\n<td>\n<p><a href=\"mailto:rosio.fb.salcedo@unesp.br\"><span style=\"font-weight: 400;\">rosio.fb.salcedo@unesp.br\u00a0<\/span><\/a><\/p>\n<\/td>\n<\/tr>\n<\/tbody>\n<\/table>\n<p>\u00a0<\/p>\n<p>\u00a0<\/p>\t\t\t\t<\/div>\r\n\t\t\t<\/div>\r\n\t\t\t\t\t\t<div class=\"acc-item\">\r\n\t\t\t\t<div class=\"acc-toggle flex-middle\" data-default=\"\">PROGRAMA\u00c7\u00c3O GI \r\n\t\t\t\t\t<i class=\"ot-flaticon-arrowsoutline\"><\/i>\r\n\t\t\t\t<\/div>\r\n\t\t\t\t<div class=\"acc-content\">\r\n\t\t\t\t\t<p style=\"text-align: center;\"><a href=\"https:\/\/alaic.org\/wp-content\/uploads\/2024\/08\/PROGRAMACION-GIS.pdf\">PROGRAMA\u00c7\u00c3O PARA GRUPOS DE INTERESSE<\/a><\/p>\t\t\t\t<\/div>\r\n\t\t\t<\/div>\r\n\t\t\t\t    <\/div>\r\n\r\n\t    \t\t<\/div>\n\t\t\t\t<\/div>\n\t\t\t\t\t<\/div>\n\t\t<\/div>\n\t\t\t\t\t<\/div>\n\t\t<\/section>\n\t\t\t\t\t<\/div>\n\t\t<\/div>\n\t\t\t\t\t<\/div>\n\t\t<\/section>\n\t\t\t\t<\/div>","protected":false},"excerpt":{"rendered":"<p>XVII Congresso ALAIC 2024 A Associa\u00e7\u00e3o Latino-Americana de Pesquisadores em Comunica\u00e7\u00e3o convida pesquisadores da \u00e1rea de comunica\u00e7\u00e3o a participar do XVI Congresso ALAIC 2024 \u2713 Tema principal: Desinforma\u00e7\u00e3o, automa\u00e7\u00e3o e democracia: os desafios da comunica\u00e7\u00e3o A programa\u00e7\u00e3o do XVII Congresso Latino-Americano de Pesquisa em Comunica\u00e7\u00e3o \u00e9 composta por pain\u00e9is, [\u2026]<\/p>","protected":false},"author":22,"featured_media":0,"parent":1930,"menu_order":0,"comment_status":"closed","ping_status":"closed","template":"","meta":{"_bbp_topic_count":0,"_bbp_reply_count":0,"_bbp_total_topic_count":0,"_bbp_total_reply_count":0,"_bbp_voice_count":0,"_bbp_anonymous_reply_count":0,"_bbp_topic_count_hidden":0,"_bbp_reply_count_hidden":0,"_bbp_forum_subforum_count":0,"footnotes":""},"yoast_head":"<!-- This site is optimized with the Yoast SEO plugin v22.5 - https:\/\/yoast.com\/wordpress\/plugins\/seo\/ -->\n<title>XVII Congreso ALAIC 2024 - Alaic<\/title>\n<meta name=\"robots\" content=\"index, follow, max-snippet:-1, max-image-preview:large, max-video-preview:-1\" \/>\n<link rel=\"canonical\" href=\"https:\/\/alaic.org\/pt\/congresos\/xvii-congreso-alaic-2024\/\" \/>\n<meta property=\"og:locale\" content=\"pt_BR\" \/>\n<meta property=\"og:type\" content=\"article\" \/>\n<meta property=\"og:title\" content=\"XVII Congreso ALAIC 2024 - Alaic\" \/>\n<meta property=\"og:description\" content=\"XVII Congreso ALAIC 2024 La Asociaci\u00f3n Latinoamericana de Investigadores de la Comunicaci\u00f3ninvita&nbsp;a los Investigadores del campo de la Comunicaci\u00f3n a participardel XVI Congreso ALAIC 2024&nbsp; &nbsp; &nbsp; &nbsp; &nbsp; &nbsp; \u2713&nbsp; Tema central:&nbsp; Desinformaci\u00f3n, automatizaci\u00f3n y democracia: los retos de laComunicaci\u00f3n El programa del XVII Congreso Latinoamericano de Investigaci\u00f3n en Comunicaci\u00f3n est\u00e1 compuesto por paneles, [&hellip;]\" \/>\n<meta property=\"og:url\" content=\"https:\/\/alaic.org\/pt\/congresos\/xvii-congreso-alaic-2024\/\" \/>\n<meta property=\"og:site_name\" content=\"Alaic\" \/>\n<meta property=\"article:modified_time\" content=\"2025-09-20T04:26:41+00:00\" \/>\n<meta property=\"og:image\" content=\"https:\/\/alaic.org\/wp-content\/uploads\/2024\/06\/Logo-Congreso-1024x443.jpg\" \/>\n<meta name=\"twitter:card\" content=\"summary_large_image\" \/>\n<meta name=\"twitter:label1\" content=\"Est. tempo de leitura\" \/>\n\t<meta name=\"twitter:data1\" content=\"6 minutos\" \/>\n<script type=\"application\/ld+json\" class=\"yoast-schema-graph\">{\"@context\":\"https:\/\/schema.org\",\"@graph\":[{\"@type\":\"WebPage\",\"@id\":\"https:\/\/alaic.org\/congresos\/xvii-congreso-alaic-2024\/\",\"url\":\"https:\/\/alaic.org\/congresos\/xvii-congreso-alaic-2024\/\",\"name\":\"XVII Congreso ALAIC 2024 - Alaic\",\"isPartOf\":{\"@id\":\"https:\/\/alaic.org\/#website\"},\"primaryImageOfPage\":{\"@id\":\"https:\/\/alaic.org\/congresos\/xvii-congreso-alaic-2024\/#primaryimage\"},\"image\":{\"@id\":\"https:\/\/alaic.org\/congresos\/xvii-congreso-alaic-2024\/#primaryimage\"},\"thumbnailUrl\":\"https:\/\/alaic.org\/wp-content\/uploads\/2024\/06\/Logo-Congreso-1024x443.jpg\",\"datePublished\":\"2024-06-03T19:31:41+00:00\",\"dateModified\":\"2025-09-20T04:26:41+00:00\",\"breadcrumb\":{\"@id\":\"https:\/\/alaic.org\/congresos\/xvii-congreso-alaic-2024\/#breadcrumb\"},\"inLanguage\":\"pt-BR\",\"potentialAction\":[{\"@type\":\"ReadAction\",\"target\":[\"https:\/\/alaic.org\/congresos\/xvii-congreso-alaic-2024\/\"]}]},{\"@type\":\"ImageObject\",\"inLanguage\":\"pt-BR\",\"@id\":\"https:\/\/alaic.org\/congresos\/xvii-congreso-alaic-2024\/#primaryimage\",\"url\":\"https:\/\/alaic.org\/wp-content\/uploads\/2024\/06\/Logo-Congreso-1024x443.jpg\",\"contentUrl\":\"https:\/\/alaic.org\/wp-content\/uploads\/2024\/06\/Logo-Congreso-1024x443.jpg\"},{\"@type\":\"BreadcrumbList\",\"@id\":\"https:\/\/alaic.org\/congresos\/xvii-congreso-alaic-2024\/#breadcrumb\",\"itemListElement\":[{\"@type\":\"ListItem\",\"position\":1,\"name\":\"Portada\",\"item\":\"https:\/\/alaic.org\/\"},{\"@type\":\"ListItem\",\"position\":2,\"name\":\"Congresos\",\"item\":\"https:\/\/alaic.org\/congresos\/\"},{\"@type\":\"ListItem\",\"position\":3,\"name\":\"XVII Congreso ALAIC 2024\"}]},{\"@type\":\"WebSite\",\"@id\":\"https:\/\/alaic.org\/#website\",\"url\":\"https:\/\/alaic.org\/\",\"name\":\"Alaic\",\"description\":\"Asociaci\u00f3n Latinoamericana de Investigadores de la Comunicaci\u00f3n\",\"publisher\":{\"@id\":\"https:\/\/alaic.org\/#organization\"},\"potentialAction\":[{\"@type\":\"SearchAction\",\"target\":{\"@type\":\"EntryPoint\",\"urlTemplate\":\"https:\/\/alaic.org\/?s={search_term_string}\"},\"query-input\":\"required name=search_term_string\"}],\"inLanguage\":\"pt-BR\"},{\"@type\":\"Organization\",\"@id\":\"https:\/\/alaic.org\/#organization\",\"name\":\"Alaic\",\"url\":\"https:\/\/alaic.org\/\",\"logo\":{\"@type\":\"ImageObject\",\"inLanguage\":\"pt-BR\",\"@id\":\"https:\/\/alaic.org\/#\/schema\/logo\/image\/\",\"url\":\"https:\/\/alaic.org\/wp-content\/uploads\/2023\/02\/imagen_2023-02-16_090402780.png\",\"contentUrl\":\"https:\/\/alaic.org\/wp-content\/uploads\/2023\/02\/imagen_2023-02-16_090402780.png\",\"width\":1220,\"height\":417,\"caption\":\"Alaic\"},\"image\":{\"@id\":\"https:\/\/alaic.org\/#\/schema\/logo\/image\/\"}}]}<\/script>\n<!-- \/ Yoast SEO plugin. -->","yoast_head_json":{"title":"XVII Congreso ALAIC 2024 - Alaic","robots":{"index":"index","follow":"follow","max-snippet":"max-snippet:-1","max-image-preview":"max-image-preview:large","max-video-preview":"max-video-preview:-1"},"canonical":"https:\/\/alaic.org\/pt\/congresos\/xvii-congreso-alaic-2024\/","og_locale":"pt_BR","og_type":"article","og_title":"XVII Congreso ALAIC 2024 - Alaic","og_description":"XVII Congreso ALAIC 2024 La Asociaci\u00f3n Latinoamericana de Investigadores de la Comunicaci\u00f3ninvita&nbsp;a los Investigadores del campo de la Comunicaci\u00f3n a participardel XVI Congreso ALAIC 2024&nbsp; &nbsp; &nbsp; &nbsp; &nbsp; &nbsp; \u2713&nbsp; Tema central:&nbsp; Desinformaci\u00f3n, automatizaci\u00f3n y democracia: los retos de laComunicaci\u00f3n El programa del XVII Congreso Latinoamericano de Investigaci\u00f3n en Comunicaci\u00f3n est\u00e1 compuesto por paneles, [&hellip;]","og_url":"https:\/\/alaic.org\/pt\/congresos\/xvii-congreso-alaic-2024\/","og_site_name":"Alaic","article_modified_time":"2025-09-20T04:26:41+00:00","og_image":[{"url":"https:\/\/alaic.org\/wp-content\/uploads\/2024\/06\/Logo-Congreso-1024x443.jpg"}],"twitter_card":"summary_large_image","twitter_misc":{"Est. tempo de leitura":"6 minutos"},"schema":{"@context":"https:\/\/schema.org","@graph":[{"@type":"WebPage","@id":"https:\/\/alaic.org\/congresos\/xvii-congreso-alaic-2024\/","url":"https:\/\/alaic.org\/congresos\/xvii-congreso-alaic-2024\/","name":"XVII Congreso ALAIC 2024 - Alaic","isPartOf":{"@id":"https:\/\/alaic.org\/#website"},"primaryImageOfPage":{"@id":"https:\/\/alaic.org\/congresos\/xvii-congreso-alaic-2024\/#primaryimage"},"image":{"@id":"https:\/\/alaic.org\/congresos\/xvii-congreso-alaic-2024\/#primaryimage"},"thumbnailUrl":"https:\/\/alaic.org\/wp-content\/uploads\/2024\/06\/Logo-Congreso-1024x443.jpg","datePublished":"2024-06-03T19:31:41+00:00","dateModified":"2025-09-20T04:26:41+00:00","breadcrumb":{"@id":"https:\/\/alaic.org\/congresos\/xvii-congreso-alaic-2024\/#breadcrumb"},"inLanguage":"pt-BR","potentialAction":[{"@type":"ReadAction","target":["https:\/\/alaic.org\/congresos\/xvii-congreso-alaic-2024\/"]}]},{"@type":"ImageObject","inLanguage":"pt-BR","@id":"https:\/\/alaic.org\/congresos\/xvii-congreso-alaic-2024\/#primaryimage","url":"https:\/\/alaic.org\/wp-content\/uploads\/2024\/06\/Logo-Congreso-1024x443.jpg","contentUrl":"https:\/\/alaic.org\/wp-content\/uploads\/2024\/06\/Logo-Congreso-1024x443.jpg"},{"@type":"BreadcrumbList","@id":"https:\/\/alaic.org\/congresos\/xvii-congreso-alaic-2024\/#breadcrumb","itemListElement":[{"@type":"ListItem","position":1,"name":"Portada","item":"https:\/\/alaic.org\/"},{"@type":"ListItem","position":2,"name":"Congresos","item":"https:\/\/alaic.org\/congresos\/"},{"@type":"ListItem","position":3,"name":"XVII Congreso ALAIC 2024"}]},{"@type":"WebSite","@id":"https:\/\/alaic.org\/#website","url":"https:\/\/alaic.org\/","name":"Alaic","description":"Asociaci\u00f3n Latinoamericana de Investigadores de la Comunicaci\u00f3n","publisher":{"@id":"https:\/\/alaic.org\/#organization"},"potentialAction":[{"@type":"SearchAction","target":{"@type":"EntryPoint","urlTemplate":"https:\/\/alaic.org\/?s={search_term_string}"},"query-input":"required name=search_term_string"}],"inLanguage":"pt-BR"},{"@type":"Organization","@id":"https:\/\/alaic.org\/#organization","name":"Alaic","url":"https:\/\/alaic.org\/","logo":{"@type":"ImageObject","inLanguage":"pt-BR","@id":"https:\/\/alaic.org\/#\/schema\/logo\/image\/","url":"https:\/\/alaic.org\/wp-content\/uploads\/2023\/02\/imagen_2023-02-16_090402780.png","contentUrl":"https:\/\/alaic.org\/wp-content\/uploads\/2023\/02\/imagen_2023-02-16_090402780.png","width":1220,"height":417,"caption":"Alaic"},"image":{"@id":"https:\/\/alaic.org\/#\/schema\/logo\/image\/"}}]}},"_links":{"self":[{"href":"https:\/\/alaic.org\/pt\/wp-json\/wp\/v2\/pages\/6791"}],"collection":[{"href":"https:\/\/alaic.org\/pt\/wp-json\/wp\/v2\/pages"}],"about":[{"href":"https:\/\/alaic.org\/pt\/wp-json\/wp\/v2\/types\/page"}],"author":[{"embeddable":true,"href":"https:\/\/alaic.org\/pt\/wp-json\/wp\/v2\/users\/22"}],"replies":[{"embeddable":true,"href":"https:\/\/alaic.org\/pt\/wp-json\/wp\/v2\/comments?post=6791"}],"version-history":[{"count":5,"href":"https:\/\/alaic.org\/pt\/wp-json\/wp\/v2\/pages\/6791\/revisions"}],"predecessor-version":[{"id":14729,"href":"https:\/\/alaic.org\/pt\/wp-json\/wp\/v2\/pages\/6791\/revisions\/14729"}],"up":[{"embeddable":true,"href":"https:\/\/alaic.org\/pt\/wp-json\/wp\/v2\/pages\/1930"}],"wp:attachment":[{"href":"https:\/\/alaic.org\/pt\/wp-json\/wp\/v2\/media?parent=6791"}],"curies":[{"name":"wp","href":"https:\/\/api.w.org\/{rel}","templated":true}]}}