{"id":2045,"date":"2023-02-10T12:51:17","date_gmt":"2023-02-10T17:51:17","guid":{"rendered":"https:\/\/alaic.org\/?page_id=2045"},"modified":"2023-02-17T09:56:20","modified_gmt":"2023-02-17T14:56:20","slug":"viii-seminario-cordoba-argentina-2015","status":"publish","type":"page","link":"https:\/\/alaic.org\/pt\/seminarios-de-la-asociacion\/viii-seminario-cordoba-argentina-2015\/","title":{"rendered":"VIII Semin\u00e1rio C\u00f3rdoba, Argentina 2015"},"content":{"rendered":"<div data-elementor-type=\"wp-page\" data-elementor-id=\"2045\" class=\"elementor elementor-2045\" data-elementor-post-type=\"page\">\n\t\t\t\t\t\t<section class=\"elementor-section elementor-top-section elementor-element elementor-element-b3dacc3 elementor-section-boxed elementor-section-height-default elementor-section-height-default\" data-id=\"b3dacc3\" data-element_type=\"section\">\n\t\t\t\t\t\t<div class=\"elementor-container elementor-column-gap-default\">\n\t\t\t\t\t<div class=\"elementor-column elementor-col-50 elementor-top-column elementor-element elementor-element-eadcdfe ot-flex-column-vertical\" data-id=\"eadcdfe\" data-element_type=\"column\">\n\t\t\t<div class=\"elementor-widget-wrap elementor-element-populated\">\n\t\t\t\t\t\t<div class=\"elementor-element elementor-element-d55a74a elementor-widget elementor-widget-spacer\" data-id=\"d55a74a\" data-element_type=\"widget\" data-widget_type=\"spacer.default\">\n\t\t\t\t<div class=\"elementor-widget-container\">\n\t\t\t<style>\/*! elementor - v3.21.0 - 24-04-2024 *\/\n.elementor-column .elementor-spacer-inner{height:var(--spacer-size)}.e-con{--container-widget-width:100%}.e-con-inner>.elementor-widget-spacer,.e-con>.elementor-widget-spacer{width:var(--container-widget-width,var(--spacer-size));--align-self:var(--container-widget-align-self,initial);--flex-shrink:0}.e-con-inner>.elementor-widget-spacer>.elementor-widget-container,.e-con>.elementor-widget-spacer>.elementor-widget-container{height:100%;width:100%}.e-con-inner>.elementor-widget-spacer>.elementor-widget-container>.elementor-spacer,.e-con>.elementor-widget-spacer>.elementor-widget-container>.elementor-spacer{height:100%}.e-con-inner>.elementor-widget-spacer>.elementor-widget-container>.elementor-spacer>.elementor-spacer-inner,.e-con>.elementor-widget-spacer>.elementor-widget-container>.elementor-spacer>.elementor-spacer-inner{height:var(--container-widget-height,var(--spacer-size))}.e-con-inner>.elementor-widget-spacer.elementor-widget-empty,.e-con>.elementor-widget-spacer.elementor-widget-empty{position:relative;min-height:22px;min-width:22px}.e-con-inner>.elementor-widget-spacer.elementor-widget-empty .elementor-widget-empty-icon,.e-con>.elementor-widget-spacer.elementor-widget-empty .elementor-widget-empty-icon{position:absolute;top:0;bottom:0;left:0;right:0;margin:auto;padding:0;width:22px;height:22px}<\/style>\t\t<div class=\"elementor-spacer\">\n\t\t\t<div class=\"elementor-spacer-inner\"><\/div>\n\t\t<\/div>\n\t\t\t\t<\/div>\n\t\t\t\t<\/div>\n\t\t\t\t<div class=\"elementor-element elementor-element-ebb8b10 elementor-widget elementor-widget-image\" data-id=\"ebb8b10\" data-element_type=\"widget\" data-widget_type=\"image.default\">\n\t\t\t\t<div class=\"elementor-widget-container\">\n\t\t\t<style>\/*! elementor - v3.21.0 - 24-04-2024 *\/\n.elementor-widget-image{text-align:center}.elementor-widget-image a{display:inline-block}.elementor-widget-image a img[src$=\".svg\"]{width:48px}.elementor-widget-image img{vertical-align:middle;display:inline-block}<\/style>\t\t\t\t\t\t\t\t\t\t<img decoding=\"async\" data-src=\"https:\/\/alaic.org\/wp-content\/uploads\/elementor\/thumbs\/AR2015-1024x479-1-q27b1j6ram4i7yytp6gd36xf7oah1xu73vw2r2nv1k.png\" title=\"AR2015-1024\u00d7479\" alt=\"AR2015-1024x479\" loading=\"lazy\" src=\"data:image\/gif;base64,R0lGODlhAQABAAAAACH5BAEKAAEALAAAAAABAAEAAAICTAEAOw==\" class=\"lazyload\" style=\"--smush-placeholder-width: 555px; --smush-placeholder-aspect-ratio: 555\/260;\" \/><noscript><img decoding=\"async\" src=\"https:\/\/alaic.org\/wp-content\/uploads\/elementor\/thumbs\/AR2015-1024x479-1-q27b1j6ram4i7yytp6gd36xf7oah1xu73vw2r2nv1k.png\" title=\"AR2015-1024\u00d7479\" alt=\"AR2015-1024x479\" loading=\"lazy\" \/><\/noscript>\t\t\t\t\t\t\t\t\t\t\t\t\t<\/div>\n\t\t\t\t<\/div>\n\t\t\t\t\t<\/div>\n\t\t<\/div>\n\t\t\t\t<div class=\"elementor-column elementor-col-50 elementor-top-column elementor-element elementor-element-70d0e9e ot-flex-column-vertical\" data-id=\"70d0e9e\" data-element_type=\"column\">\n\t\t\t<div class=\"elementor-widget-wrap elementor-element-populated\">\n\t\t\t\t\t\t<div class=\"elementor-element elementor-element-1fbfad9 elementor-widget elementor-widget-spacer\" data-id=\"1fbfad9\" data-element_type=\"widget\" data-widget_type=\"spacer.default\">\n\t\t\t\t<div class=\"elementor-widget-container\">\n\t\t\t\t\t<div class=\"elementor-spacer\">\n\t\t\t<div class=\"elementor-spacer-inner\"><\/div>\n\t\t<\/div>\n\t\t\t\t<\/div>\n\t\t\t\t<\/div>\n\t\t\t\t<div class=\"elementor-element elementor-element-42b0093 elementor-widget elementor-widget-iheading\" data-id=\"42b0093\" data-element_type=\"widget\" data-widget_type=\"iheading.default\">\n\t\t\t\t<div class=\"elementor-widget-container\">\n\t\t\t\t\t<div class=\"ot-heading\">\r\n\t        <span class=\"is_highlight\">semin\u00e1rios<\/span>\t        <h2 class=\"main-head\">VII Semin\u00e1rio Regional ALAIC Cone Sul<\/h2>\t    <\/div>\r\n\t    \t\t<\/div>\n\t\t\t\t<\/div>\n\t\t\t\t<div class=\"elementor-element elementor-element-ac9d0de elementor-widget elementor-widget-spacer\" data-id=\"ac9d0de\" data-element_type=\"widget\" data-widget_type=\"spacer.default\">\n\t\t\t\t<div class=\"elementor-widget-container\">\n\t\t\t\t\t<div class=\"elementor-spacer\">\n\t\t\t<div class=\"elementor-spacer-inner\"><\/div>\n\t\t<\/div>\n\t\t\t\t<\/div>\n\t\t\t\t<\/div>\n\t\t\t\t<div class=\"elementor-element elementor-element-50b2790 elementor-position-left elementor-view-default elementor-mobile-position-top elementor-vertical-align-top elementor-widget elementor-widget-icon-box\" data-id=\"50b2790\" data-element_type=\"widget\" data-widget_type=\"icon-box.default\">\n\t\t\t\t<div class=\"elementor-widget-container\">\n\t\t\t<link rel=\"stylesheet\" href=\"https:\/\/alaic.org\/wp-content\/plugins\/elementor\/assets\/css\/widget-icon-box.min.css\">\t\t<div class=\"elementor-icon-box-wrapper\">\n\n\t\t\t\t\t\t<div class=\"elementor-icon-box-icon\">\n\t\t\t\t<span  class=\"elementor-icon elementor-animation-\">\n\t\t\t\t<i aria-hidden=\"true\" class=\"fas fa-check\"><\/i>\t\t\t\t<\/span>\n\t\t\t<\/div>\n\t\t\t\n\t\t\t\t\t\t<div class=\"elementor-icon-box-content\">\n\n\t\t\t\t\t\t\t\t\t<h3 class=\"elementor-icon-box-title\">\n\t\t\t\t\t\t<span  >\n\t\t\t\t\t\t\t<span style=\"font-family: &quot;Nunito Sans&quot;, sans-serif; white-space: normal;\">C\u00f3rdoba, Argentina 27 e 28 de agosto de 2015<\/span>\t\t\t\t\t\t<\/span>\n\t\t\t\t\t<\/h3>\n\t\t\t\t\n\t\t\t\t\n\t\t\t<\/div>\n\t\t\t\n\t\t<\/div>\n\t\t\t\t<\/div>\n\t\t\t\t<\/div>\n\t\t\t\t<div class=\"elementor-element elementor-element-4c8174a elementor-widget elementor-widget-text-editor\" data-id=\"4c8174a\" data-element_type=\"widget\" data-widget_type=\"text-editor.default\">\n\t\t\t\t<div class=\"elementor-widget-container\">\n\t\t\t<style>\/*! elementor - v3.21.0 - 24-04-2024 *\/\n.elementor-widget-text-editor.elementor-drop-cap-view-stacked .elementor-drop-cap{background-color:#69727d;color:#fff}.elementor-widget-text-editor.elementor-drop-cap-view-framed .elementor-drop-cap{color:#69727d;border:3px solid;background-color:transparent}.elementor-widget-text-editor:not(.elementor-drop-cap-view-default) .elementor-drop-cap{margin-top:8px}.elementor-widget-text-editor:not(.elementor-drop-cap-view-default) .elementor-drop-cap-letter{width:1em;height:1em}.elementor-widget-text-editor .elementor-drop-cap{float:left;text-align:center;line-height:1;font-size:50px}.elementor-widget-text-editor .elementor-drop-cap-letter{display:inline-block}<\/style>\t\t\t\t<h5 class=\"elementor-heading-title elementor-size-default\" style=\"line-height: 1.2; color: #570000; font-size: 21px;\">Pol\u00edticas, atores e pr\u00e1ticas de comunica\u00e7\u00e3o: encruzilhadas da pesquisa na Am\u00e9rica Latina.<\/h5>\t\t\t\t\t\t<\/div>\n\t\t\t\t<\/div>\n\t\t\t\t<div class=\"elementor-element elementor-element-9a958b6 elementor-widget elementor-widget-spacer\" data-id=\"9a958b6\" data-element_type=\"widget\" data-widget_type=\"spacer.default\">\n\t\t\t\t<div class=\"elementor-widget-container\">\n\t\t\t\t\t<div class=\"elementor-spacer\">\n\t\t\t<div class=\"elementor-spacer-inner\"><\/div>\n\t\t<\/div>\n\t\t\t\t<\/div>\n\t\t\t\t<\/div>\n\t\t\t\t\t<\/div>\n\t\t<\/div>\n\t\t\t\t\t<\/div>\n\t\t<\/section>\n\t\t\t\t<section class=\"elementor-section elementor-top-section elementor-element elementor-element-0fd6185 elementor-section-boxed elementor-section-height-default elementor-section-height-default\" data-id=\"0fd6185\" data-element_type=\"section\">\n\t\t\t\t\t\t\t<div class=\"elementor-background-overlay\"><\/div>\n\t\t\t\t\t\t\t<div class=\"elementor-container elementor-column-gap-default\">\n\t\t\t\t\t<div class=\"elementor-column elementor-col-50 elementor-top-column elementor-element elementor-element-f8bfd80 ot-flex-column-vertical\" data-id=\"f8bfd80\" data-element_type=\"column\">\n\t\t\t<div class=\"elementor-widget-wrap elementor-element-populated\">\n\t\t\t\t\t\t<div class=\"elementor-element elementor-element-20bdc5f elementor-widget elementor-widget-text-editor\" data-id=\"20bdc5f\" data-element_type=\"widget\" data-widget_type=\"text-editor.default\">\n\t\t\t\t<div class=\"elementor-widget-container\">\n\t\t\t\t\t\t\t<div class=\"elementor-element elementor-element-c939616 elementor-widget elementor-widget-heading\" data-id=\"c939616\" data-element_type=\"widget\" data-widget_type=\"heading.default\" style=\"flex-basis: var(--flex-basis); flex-grow: var(--flex-grow); flex-shrink: var(--flex-shrink); order: var(--order); align-self: var(--align-self); flex-direction: var(--flex-direction); flex-wrap: var(--flex-wrap); justify-content: var(--justify-content); align-items: var(--align-items); align-content: var(--align-content); gap: var(--gap); --widgets-spacing:20px; width: 540px; color: rgb(95, 95, 95);\"><div class=\"elementor-widget-container\" style=\"transition: background 0.3s,border 0.3s,border-radius 0.3s,box-shadow 0.3s,transform var(--e-transform-transition-duration,0.4s); padding: 0px 0px 25px;\"><h5 class=\"elementor-heading-title elementor-size-default\" style=\"color: rgb(87, 0, 0);\">Introdu\u00e7\u00e3o<\/h5><\/div><\/div><div class=\"elementor-element elementor-element-bcccfa2 elementor-widget elementor-widget-text-editor\" data-id=\"bcccfa2\" data-element_type=\"widget\" data-widget_type=\"text-editor.default\" style=\"flex-basis: var(--flex-basis); flex-grow: var(--flex-grow); flex-shrink: var(--flex-shrink); order: var(--order); align-self: var(--align-self); flex-direction: var(--flex-direction); flex-wrap: var(--flex-wrap); justify-content: var(--justify-content); align-items: var(--align-items); align-content: var(--align-content); gap: var(--gap); --widgets-spacing:20px; font-weight: 400; width: 540px; text-align: justify;\"><div class=\"elementor-widget-container\" style=\"transition: background 0.3s,border 0.3s,border-radius 0.3s,box-shadow 0.3s,transform var(--e-transform-transition-duration,0.4s); padding: 0px 0px 20px;\"><p>O tema que d\u00e1 t\u00edtulo a esta publica\u00e7\u00e3o reflete o dinamismo atual do campo da comunica\u00e7\u00e3o. Os estudos de comunica\u00e7\u00e3o na Am\u00e9rica Latina s\u00e3o debatidos em encruzilhadas complexas colocadas pela globaliza\u00e7\u00e3o: a resolu\u00e7\u00e3o das desigualdades estruturais e as demandas latentes devido \u00e0s crescentes lacunas tecnol\u00f3gicas, a emerg\u00eancia e transforma\u00e7\u00e3o constante da participa\u00e7\u00e3o cidad\u00e3 por meio de movimentos em rede, as formas renovadas de disputa pela imposi\u00e7\u00e3o de significados, a reconstru\u00e7\u00e3o de discursos e realidades em ambientes virtuais, as disputas pela legitimidade dos controles sobre os conglomerados midi\u00e1ticos e as lutas pela liberdade de express\u00e3o, entre outros.<\/p><\/div><\/div>\t\t\t\t\t\t<\/div>\n\t\t\t\t<\/div>\n\t\t\t\t\t<\/div>\n\t\t<\/div>\n\t\t\t\t<div class=\"elementor-column elementor-col-50 elementor-top-column elementor-element elementor-element-c4c5642 ot-flex-column-vertical\" data-id=\"c4c5642\" data-element_type=\"column\">\n\t\t\t<div class=\"elementor-widget-wrap elementor-element-populated\">\n\t\t\t\t\t\t<div class=\"elementor-element elementor-element-a5f4578 elementor-widget elementor-widget-text-editor\" data-id=\"a5f4578\" data-element_type=\"widget\" data-widget_type=\"text-editor.default\">\n\t\t\t\t<div class=\"elementor-widget-container\">\n\t\t\t\t\t\t\t<h5 class=\"elementor-heading-title elementor-size-default\" style=\"line-height: 1.2; color: #570000;\">Publica\u00e7\u00f5es<\/h5>\t\t\t\t\t\t<\/div>\n\t\t\t\t<\/div>\n\t\t\t\t<div class=\"elementor-element elementor-element-980cf51 elementor-widget elementor-widget-spacer\" data-id=\"980cf51\" data-element_type=\"widget\" data-widget_type=\"spacer.default\">\n\t\t\t\t<div class=\"elementor-widget-container\">\n\t\t\t\t\t<div class=\"elementor-spacer\">\n\t\t\t<div class=\"elementor-spacer-inner\"><\/div>\n\t\t<\/div>\n\t\t\t\t<\/div>\n\t\t\t\t<\/div>\n\t\t\t\t<div class=\"elementor-element elementor-element-63012f9 elementor-position-left elementor-view-default elementor-mobile-position-top elementor-vertical-align-top elementor-widget elementor-widget-icon-box\" data-id=\"63012f9\" data-element_type=\"widget\" data-widget_type=\"icon-box.default\">\n\t\t\t\t<div class=\"elementor-widget-container\">\n\t\t\t\t\t<div class=\"elementor-icon-box-wrapper\">\n\n\t\t\t\t\t\t<div class=\"elementor-icon-box-icon\">\n\t\t\t\t<span  class=\"elementor-icon elementor-animation-\">\n\t\t\t\t<i aria-hidden=\"true\" class=\"fas fa-check\"><\/i>\t\t\t\t<\/span>\n\t\t\t<\/div>\n\t\t\t\n\t\t\t\t\t\t<div class=\"elementor-icon-box-content\">\n\n\t\t\t\t\t\t\t\t\t<h3 class=\"elementor-icon-box-title\">\n\t\t\t\t\t\t<span  >\n\t\t\t\t\t\t\t<span style=\"color: rgb(163, 36, 48); font-family: &quot;Nunito Sans&quot;, sans-serif; white-space: normal;\">Pol\u00edticas, atores e pr\u00e1ticas de comunica\u00e7\u00e3o: encruzilhadas da pesquisa na Am\u00e9rica Latina.<\/span>\t\t\t\t\t\t<\/span>\n\t\t\t\t\t<\/h3>\n\t\t\t\t\n\t\t\t\t\t\t\t\t\t<p class=\"elementor-icon-box-description\">\n\t\t\t\t\t\t<span style=\"color: rgb(95, 95, 95); font-family: &quot;Nunito Sans&quot;, sans-serif; white-space: normal;\">Anais do VIII Semin\u00e1rio Regional do Cone Sul da Associa\u00e7\u00e3o Latino-Americana de Pesquisas em Comunica\u00e7\u00e3o (ALAIC) C\u00f3rdoba, Argentina. 2015<\/span>\t\t\t\t\t<\/p>\n\t\t\t\t\n\t\t\t<\/div>\n\t\t\t\n\t\t<\/div>\n\t\t\t\t<\/div>\n\t\t\t\t<\/div>\n\t\t\t\t<div class=\"elementor-element elementor-element-4db52b4 elementor-widget elementor-widget-spacer\" data-id=\"4db52b4\" data-element_type=\"widget\" data-widget_type=\"spacer.default\">\n\t\t\t\t<div class=\"elementor-widget-container\">\n\t\t\t\t\t<div class=\"elementor-spacer\">\n\t\t\t<div class=\"elementor-spacer-inner\"><\/div>\n\t\t<\/div>\n\t\t\t\t<\/div>\n\t\t\t\t<\/div>\n\t\t\t\t<div class=\"elementor-element elementor-element-a76ea33 elementor-position-left elementor-view-default elementor-mobile-position-top elementor-vertical-align-top elementor-widget elementor-widget-icon-box\" data-id=\"a76ea33\" data-element_type=\"widget\" data-widget_type=\"icon-box.default\">\n\t\t\t\t<div class=\"elementor-widget-container\">\n\t\t\t\t\t<div class=\"elementor-icon-box-wrapper\">\n\n\t\t\t\t\t\t<div class=\"elementor-icon-box-icon\">\n\t\t\t\t<span  class=\"elementor-icon elementor-animation-\">\n\t\t\t\t<i aria-hidden=\"true\" class=\"fas fa-check\"><\/i>\t\t\t\t<\/span>\n\t\t\t<\/div>\n\t\t\t\n\t\t\t\t\t\t<div class=\"elementor-icon-box-content\">\n\n\t\t\t\t\t\t\t\t\t<h3 class=\"elementor-icon-box-title\">\n\t\t\t\t\t\t<span  >\n\t\t\t\t\t\t\t<span style=\"color: rgb(163, 36, 48); font-family: &quot;Nunito Sans&quot;, sans-serif; white-space: normal;\">Compilador(es):<\/span>\t\t\t\t\t\t<\/span>\n\t\t\t\t\t<\/h3>\n\t\t\t\t\n\t\t\t\t\t\t\t\t\t<p class=\"elementor-icon-box-description\">\n\t\t\t\t\t\t<span style=\"color: rgb(95, 95, 95); font-family: &quot;Nunito Sans&quot;, sans-serif; white-space: normal;\">Maria Fernanda Carcar<\/span><br style=\"color: rgb(95, 95, 95); font-family: &quot;Nunito Sans&quot;, sans-serif; white-space: normal;\"><span style=\"color: rgb(95, 95, 95); font-family: &quot;Nunito Sans&quot;, sans-serif; white-space: normal;\">malvina rodriguez<\/span><br style=\"color: rgb(95, 95, 95); font-family: &quot;Nunito Sans&quot;, sans-serif; white-space: normal;\"><span style=\"color: rgb(95, 95, 95); font-family: &quot;Nunito Sans&quot;, sans-serif; white-space: normal;\">paulo ponza<\/span><br style=\"color: rgb(95, 95, 95); font-family: &quot;Nunito Sans&quot;, sans-serif; white-space: normal;\"><span style=\"color: rgb(95, 95, 95); font-family: &quot;Nunito Sans&quot;, sans-serif; white-space: normal;\">Alejandro \u00c1lvarez Nobel<\/span><br style=\"color: rgb(95, 95, 95); font-family: &quot;Nunito Sans&quot;, sans-serif; white-space: normal;\"><span style=\"color: rgb(95, 95, 95); font-family: &quot;Nunito Sans&quot;, sans-serif; white-space: normal;\">ISBN: 978-987-707-027-9<\/span>\t\t\t\t\t<\/p>\n\t\t\t\t\n\t\t\t<\/div>\n\t\t\t\n\t\t<\/div>\n\t\t\t\t<\/div>\n\t\t\t\t<\/div>\n\t\t\t\t<div class=\"elementor-element elementor-element-478ff5f elementor-widget elementor-widget-spacer\" data-id=\"478ff5f\" data-element_type=\"widget\" data-widget_type=\"spacer.default\">\n\t\t\t\t<div class=\"elementor-widget-container\">\n\t\t\t\t\t<div class=\"elementor-spacer\">\n\t\t\t<div class=\"elementor-spacer-inner\"><\/div>\n\t\t<\/div>\n\t\t\t\t<\/div>\n\t\t\t\t<\/div>\n\t\t\t\t\t<\/div>\n\t\t<\/div>\n\t\t\t\t\t<\/div>\n\t\t<\/section>\n\t\t\t\t<section class=\"elementor-section elementor-top-section elementor-element elementor-element-cf00591 elementor-section-boxed elementor-section-height-default elementor-section-height-default\" data-id=\"cf00591\" data-element_type=\"section\">\n\t\t\t\t\t\t\t<div class=\"elementor-background-overlay\"><\/div>\n\t\t\t\t\t\t\t<div class=\"elementor-container elementor-column-gap-default\">\n\t\t\t\t\t<div class=\"elementor-column elementor-col-50 elementor-top-column elementor-element elementor-element-d4f3d8b ot-flex-column-vertical\" data-id=\"d4f3d8b\" data-element_type=\"column\">\n\t\t\t<div class=\"elementor-widget-wrap elementor-element-populated\">\n\t\t\t\t\t\t<div class=\"elementor-element elementor-element-f4e1d11 elementor-widget elementor-widget-spacer\" data-id=\"f4e1d11\" data-element_type=\"widget\" data-widget_type=\"spacer.default\">\n\t\t\t\t<div class=\"elementor-widget-container\">\n\t\t\t\t\t<div class=\"elementor-spacer\">\n\t\t\t<div class=\"elementor-spacer-inner\"><\/div>\n\t\t<\/div>\n\t\t\t\t<\/div>\n\t\t\t\t<\/div>\n\t\t\t\t<div class=\"elementor-element elementor-element-f8b55bb elementor-widget elementor-widget-iheading\" data-id=\"f8b55bb\" data-element_type=\"widget\" data-widget_type=\"iheading.default\">\n\t\t\t\t<div class=\"elementor-widget-container\">\n\t\t\t\t\t<div class=\"ot-heading\">\r\n\t        <span class=\"is_highlight\">SEMIN\u00c1RIO REGIONAL ALAIC 2015<\/span>\t        <h2 class=\"main-head\">Grupos tem\u00e1ticos:<\/h2>\t    <\/div>\r\n\t    \t\t<\/div>\n\t\t\t\t<\/div>\n\t\t\t\t<div class=\"elementor-element elementor-element-ec98840 elementor-widget elementor-widget-spacer\" data-id=\"ec98840\" data-element_type=\"widget\" data-widget_type=\"spacer.default\">\n\t\t\t\t<div class=\"elementor-widget-container\">\n\t\t\t\t\t<div class=\"elementor-spacer\">\n\t\t\t<div class=\"elementor-spacer-inner\"><\/div>\n\t\t<\/div>\n\t\t\t\t<\/div>\n\t\t\t\t<\/div>\n\t\t\t\t<div class=\"elementor-element elementor-element-f3b6330 elementor-position-left elementor-view-default elementor-mobile-position-top elementor-vertical-align-top elementor-widget elementor-widget-icon-box\" data-id=\"f3b6330\" data-element_type=\"widget\" data-widget_type=\"icon-box.default\">\n\t\t\t\t<div class=\"elementor-widget-container\">\n\t\t\t\t\t<div class=\"elementor-icon-box-wrapper\">\n\n\t\t\t\t\t\t<div class=\"elementor-icon-box-icon\">\n\t\t\t\t<span  class=\"elementor-icon elementor-animation-\">\n\t\t\t\t<i aria-hidden=\"true\" class=\"fas fa-check\"><\/i>\t\t\t\t<\/span>\n\t\t\t<\/div>\n\t\t\t\n\t\t\t\t\t\t<div class=\"elementor-icon-box-content\">\n\n\t\t\t\t\t\t\t\t\t<h3 class=\"elementor-icon-box-title\">\n\t\t\t\t\t\t<span  >\n\t\t\t\t\t\t\tGT1\t\t\t\t\t\t<\/span>\n\t\t\t\t\t<\/h3>\n\t\t\t\t\n\t\t\t\t\t\t\t\t\t<p class=\"elementor-icon-box-description\">\n\t\t\t\t\t\tMovimentos sociais: transforma\u00e7\u00f5es e contra-hegemonias a partir da comunica\u00e7\u00e3o.\t\t\t\t\t<\/p>\n\t\t\t\t\n\t\t\t<\/div>\n\t\t\t\n\t\t<\/div>\n\t\t\t\t<\/div>\n\t\t\t\t<\/div>\n\t\t\t\t<div class=\"elementor-element elementor-element-79218b9 elementor-position-left elementor-view-default elementor-mobile-position-top elementor-vertical-align-top elementor-widget elementor-widget-icon-box\" data-id=\"79218b9\" data-element_type=\"widget\" data-widget_type=\"icon-box.default\">\n\t\t\t\t<div class=\"elementor-widget-container\">\n\t\t\t\t\t<div class=\"elementor-icon-box-wrapper\">\n\n\t\t\t\t\t\t<div class=\"elementor-icon-box-icon\">\n\t\t\t\t<span  class=\"elementor-icon elementor-animation-\">\n\t\t\t\t<i aria-hidden=\"true\" class=\"fas fa-check\"><\/i>\t\t\t\t<\/span>\n\t\t\t<\/div>\n\t\t\t\n\t\t\t\t\t\t<div class=\"elementor-icon-box-content\">\n\n\t\t\t\t\t\t\t\t\t<h3 class=\"elementor-icon-box-title\">\n\t\t\t\t\t\t<span  >\n\t\t\t\t\t\t\tGT2\t\t\t\t\t\t<\/span>\n\t\t\t\t\t<\/h3>\n\t\t\t\t\n\t\t\t\t\t\t\t\t\t<p class=\"elementor-icon-box-description\">\n\t\t\t\t\t\tContribui\u00e7\u00f5es te\u00f3ricas metodol\u00f3gicas em comunica\u00e7\u00e3o\t\t\t\t\t<\/p>\n\t\t\t\t\n\t\t\t<\/div>\n\t\t\t\n\t\t<\/div>\n\t\t\t\t<\/div>\n\t\t\t\t<\/div>\n\t\t\t\t<div class=\"elementor-element elementor-element-5a0b55f elementor-position-left elementor-view-default elementor-mobile-position-top elementor-vertical-align-top elementor-widget elementor-widget-icon-box\" data-id=\"5a0b55f\" data-element_type=\"widget\" data-widget_type=\"icon-box.default\">\n\t\t\t\t<div class=\"elementor-widget-container\">\n\t\t\t\t\t<div class=\"elementor-icon-box-wrapper\">\n\n\t\t\t\t\t\t<div class=\"elementor-icon-box-icon\">\n\t\t\t\t<span  class=\"elementor-icon elementor-animation-\">\n\t\t\t\t<i aria-hidden=\"true\" class=\"fas fa-check\"><\/i>\t\t\t\t<\/span>\n\t\t\t<\/div>\n\t\t\t\n\t\t\t\t\t\t<div class=\"elementor-icon-box-content\">\n\n\t\t\t\t\t\t\t\t\t<h3 class=\"elementor-icon-box-title\">\n\t\t\t\t\t\t<span  >\n\t\t\t\t\t\t\tGT3\t\t\t\t\t\t<\/span>\n\t\t\t\t\t<\/h3>\n\t\t\t\t\n\t\t\t\t\t\t\t\t\t<p class=\"elementor-icon-box-description\">\n\t\t\t\t\t\tEconomia pol\u00edtica da comunica\u00e7\u00e3o\t\t\t\t\t<\/p>\n\t\t\t\t\n\t\t\t<\/div>\n\t\t\t\n\t\t<\/div>\n\t\t\t\t<\/div>\n\t\t\t\t<\/div>\n\t\t\t\t<div class=\"elementor-element elementor-element-398490d elementor-position-left elementor-view-default elementor-mobile-position-top elementor-vertical-align-top elementor-widget elementor-widget-icon-box\" data-id=\"398490d\" data-element_type=\"widget\" data-widget_type=\"icon-box.default\">\n\t\t\t\t<div class=\"elementor-widget-container\">\n\t\t\t\t\t<div class=\"elementor-icon-box-wrapper\">\n\n\t\t\t\t\t\t<div class=\"elementor-icon-box-icon\">\n\t\t\t\t<span  class=\"elementor-icon elementor-animation-\">\n\t\t\t\t<i aria-hidden=\"true\" class=\"fas fa-check\"><\/i>\t\t\t\t<\/span>\n\t\t\t<\/div>\n\t\t\t\n\t\t\t\t\t\t<div class=\"elementor-icon-box-content\">\n\n\t\t\t\t\t\t\t\t\t<h3 class=\"elementor-icon-box-title\">\n\t\t\t\t\t\t<span  >\n\t\t\t\t\t\t\tGT4\t\t\t\t\t\t<\/span>\n\t\t\t\t\t<\/h3>\n\t\t\t\t\n\t\t\t\t\t\t\t\t\t<p class=\"elementor-icon-box-description\">\n\t\t\t\t\t\tSistemas de m\u00eddia na Am\u00e9rica Latina: leis antitruste e situa\u00e7\u00e3o da m\u00eddia alternativa\t\t\t\t\t<\/p>\n\t\t\t\t\n\t\t\t<\/div>\n\t\t\t\n\t\t<\/div>\n\t\t\t\t<\/div>\n\t\t\t\t<\/div>\n\t\t\t\t<div class=\"elementor-element elementor-element-7ff6e30 elementor-position-left elementor-view-default elementor-mobile-position-top elementor-vertical-align-top elementor-widget elementor-widget-icon-box\" data-id=\"7ff6e30\" data-element_type=\"widget\" data-widget_type=\"icon-box.default\">\n\t\t\t\t<div class=\"elementor-widget-container\">\n\t\t\t\t\t<div class=\"elementor-icon-box-wrapper\">\n\n\t\t\t\t\t\t<div class=\"elementor-icon-box-icon\">\n\t\t\t\t<span  class=\"elementor-icon elementor-animation-\">\n\t\t\t\t<i aria-hidden=\"true\" class=\"fas fa-check\"><\/i>\t\t\t\t<\/span>\n\t\t\t<\/div>\n\t\t\t\n\t\t\t\t\t\t<div class=\"elementor-icon-box-content\">\n\n\t\t\t\t\t\t\t\t\t<h3 class=\"elementor-icon-box-title\">\n\t\t\t\t\t\t<span  >\n\t\t\t\t\t\t\tGT5\t\t\t\t\t\t<\/span>\n\t\t\t\t\t<\/h3>\n\t\t\t\t\n\t\t\t\t\t\t\t\t\t<p class=\"elementor-icon-box-description\">\n\t\t\t\t\t\tComunica\u00e7\u00e3o, Pol\u00edtica e Direitos Humanos no marco das democracias\t\t\t\t\t<\/p>\n\t\t\t\t\n\t\t\t<\/div>\n\t\t\t\n\t\t<\/div>\n\t\t\t\t<\/div>\n\t\t\t\t<\/div>\n\t\t\t\t<div class=\"elementor-element elementor-element-40d84d8 elementor-position-left elementor-view-default elementor-mobile-position-top elementor-vertical-align-top elementor-widget elementor-widget-icon-box\" data-id=\"40d84d8\" data-element_type=\"widget\" data-widget_type=\"icon-box.default\">\n\t\t\t\t<div class=\"elementor-widget-container\">\n\t\t\t\t\t<div class=\"elementor-icon-box-wrapper\">\n\n\t\t\t\t\t\t<div class=\"elementor-icon-box-icon\">\n\t\t\t\t<span  class=\"elementor-icon elementor-animation-\">\n\t\t\t\t<i aria-hidden=\"true\" class=\"fas fa-check\"><\/i>\t\t\t\t<\/span>\n\t\t\t<\/div>\n\t\t\t\n\t\t\t\t\t\t<div class=\"elementor-icon-box-content\">\n\n\t\t\t\t\t\t\t\t\t<h3 class=\"elementor-icon-box-title\">\n\t\t\t\t\t\t<span  >\n\t\t\t\t\t\t\tGT6\t\t\t\t\t\t<\/span>\n\t\t\t\t\t<\/h3>\n\t\t\t\t\n\t\t\t\t\t\t\t\t\t<p class=\"elementor-icon-box-description\">\n\t\t\t\t\t\tCen\u00e1rios digitais: m\u00eddias, audi\u00eancias e pr\u00e1ticas\t\t\t\t\t<\/p>\n\t\t\t\t\n\t\t\t<\/div>\n\t\t\t\n\t\t<\/div>\n\t\t\t\t<\/div>\n\t\t\t\t<\/div>\n\t\t\t\t<div class=\"elementor-element elementor-element-0b1ae27 elementor-position-left elementor-view-default elementor-mobile-position-top elementor-vertical-align-top elementor-widget elementor-widget-icon-box\" data-id=\"0b1ae27\" data-element_type=\"widget\" data-widget_type=\"icon-box.default\">\n\t\t\t\t<div class=\"elementor-widget-container\">\n\t\t\t\t\t<div class=\"elementor-icon-box-wrapper\">\n\n\t\t\t\t\t\t<div class=\"elementor-icon-box-icon\">\n\t\t\t\t<span  class=\"elementor-icon elementor-animation-\">\n\t\t\t\t<i aria-hidden=\"true\" class=\"fas fa-check\"><\/i>\t\t\t\t<\/span>\n\t\t\t<\/div>\n\t\t\t\n\t\t\t\t\t\t<div class=\"elementor-icon-box-content\">\n\n\t\t\t\t\t\t\t\t\t<h3 class=\"elementor-icon-box-title\">\n\t\t\t\t\t\t<span  >\n\t\t\t\t\t\t\tGT7\t\t\t\t\t\t<\/span>\n\t\t\t\t\t<\/h3>\n\t\t\t\t\n\t\t\t\t\t\t\t\t\t<p class=\"elementor-icon-box-description\">\n\t\t\t\t\t\tRecep\u00e7\u00e3o e apropria\u00e7\u00e3o da m\u00eddia\t\t\t\t\t<\/p>\n\t\t\t\t\n\t\t\t<\/div>\n\t\t\t\n\t\t<\/div>\n\t\t\t\t<\/div>\n\t\t\t\t<\/div>\n\t\t\t\t<div class=\"elementor-element elementor-element-0710059 elementor-position-left elementor-view-default elementor-mobile-position-top elementor-vertical-align-top elementor-widget elementor-widget-icon-box\" data-id=\"0710059\" data-element_type=\"widget\" data-widget_type=\"icon-box.default\">\n\t\t\t\t<div class=\"elementor-widget-container\">\n\t\t\t\t\t<div class=\"elementor-icon-box-wrapper\">\n\n\t\t\t\t\t\t<div class=\"elementor-icon-box-icon\">\n\t\t\t\t<span  class=\"elementor-icon elementor-animation-\">\n\t\t\t\t<i aria-hidden=\"true\" class=\"fas fa-check\"><\/i>\t\t\t\t<\/span>\n\t\t\t<\/div>\n\t\t\t\n\t\t\t\t\t\t<div class=\"elementor-icon-box-content\">\n\n\t\t\t\t\t\t\t\t\t<h3 class=\"elementor-icon-box-title\">\n\t\t\t\t\t\t<span  >\n\t\t\t\t\t\t\tGT8\t\t\t\t\t\t<\/span>\n\t\t\t\t\t<\/h3>\n\t\t\t\t\n\t\t\t\t\t\t\t\t\t<p class=\"elementor-icon-box-description\">\n\t\t\t\t\t\tProdu\u00e7\u00e3o discursiva e cultura nas disputas pelo poder.\t\t\t\t\t<\/p>\n\t\t\t\t\n\t\t\t<\/div>\n\t\t\t\n\t\t<\/div>\n\t\t\t\t<\/div>\n\t\t\t\t<\/div>\n\t\t\t\t<div class=\"elementor-element elementor-element-7c305a1 elementor-position-left elementor-view-default elementor-mobile-position-top elementor-vertical-align-top elementor-widget elementor-widget-icon-box\" data-id=\"7c305a1\" data-element_type=\"widget\" data-widget_type=\"icon-box.default\">\n\t\t\t\t<div class=\"elementor-widget-container\">\n\t\t\t\t\t<div class=\"elementor-icon-box-wrapper\">\n\n\t\t\t\t\t\t<div class=\"elementor-icon-box-icon\">\n\t\t\t\t<span  class=\"elementor-icon elementor-animation-\">\n\t\t\t\t<i aria-hidden=\"true\" class=\"fas fa-check\"><\/i>\t\t\t\t<\/span>\n\t\t\t<\/div>\n\t\t\t\n\t\t\t\t\t\t<div class=\"elementor-icon-box-content\">\n\n\t\t\t\t\t\t\t\t\t<h3 class=\"elementor-icon-box-title\">\n\t\t\t\t\t\t<span  >\n\t\t\t\t\t\t\tGT9\t\t\t\t\t\t<\/span>\n\t\t\t\t\t<\/h3>\n\t\t\t\t\n\t\t\t\t\t\t\t\t\t<p class=\"elementor-icon-box-description\">\n\t\t\t\t\t\testudos de jornalismo\t\t\t\t\t<\/p>\n\t\t\t\t\n\t\t\t<\/div>\n\t\t\t\n\t\t<\/div>\n\t\t\t\t<\/div>\n\t\t\t\t<\/div>\n\t\t\t\t<div class=\"elementor-element elementor-element-c5cefe3 elementor-position-left elementor-view-default elementor-mobile-position-top elementor-vertical-align-top elementor-widget elementor-widget-icon-box\" data-id=\"c5cefe3\" data-element_type=\"widget\" data-widget_type=\"icon-box.default\">\n\t\t\t\t<div class=\"elementor-widget-container\">\n\t\t\t\t\t<div class=\"elementor-icon-box-wrapper\">\n\n\t\t\t\t\t\t<div class=\"elementor-icon-box-icon\">\n\t\t\t\t<span  class=\"elementor-icon elementor-animation-\">\n\t\t\t\t<i aria-hidden=\"true\" class=\"fas fa-check\"><\/i>\t\t\t\t<\/span>\n\t\t\t<\/div>\n\t\t\t\n\t\t\t\t\t\t<div class=\"elementor-icon-box-content\">\n\n\t\t\t\t\t\t\t\t\t<h3 class=\"elementor-icon-box-title\">\n\t\t\t\t\t\t<span  >\n\t\t\t\t\t\t\tGT10\t\t\t\t\t\t<\/span>\n\t\t\t\t\t<\/h3>\n\t\t\t\t\n\t\t\t\t\t\t\t\t\t<p class=\"elementor-icon-box-description\">\n\t\t\t\t\t\testudos de jornalismo\t\t\t\t\t<\/p>\n\t\t\t\t\n\t\t\t<\/div>\n\t\t\t\n\t\t<\/div>\n\t\t\t\t<\/div>\n\t\t\t\t<\/div>\n\t\t\t\t<div class=\"elementor-element elementor-element-ed773ca elementor-widget elementor-widget-spacer\" data-id=\"ed773ca\" data-element_type=\"widget\" data-widget_type=\"spacer.default\">\n\t\t\t\t<div class=\"elementor-widget-container\">\n\t\t\t\t\t<div class=\"elementor-spacer\">\n\t\t\t<div class=\"elementor-spacer-inner\"><\/div>\n\t\t<\/div>\n\t\t\t\t<\/div>\n\t\t\t\t<\/div>\n\t\t\t\t\t<\/div>\n\t\t<\/div>\n\t\t\t\t<div class=\"elementor-column elementor-col-50 elementor-top-column elementor-element elementor-element-81581c7 ot-flex-column-vertical\" data-id=\"81581c7\" data-element_type=\"column\">\n\t\t\t<div class=\"elementor-widget-wrap elementor-element-populated\">\n\t\t\t\t\t\t<div class=\"elementor-element elementor-element-7c5df2e elementor-widget elementor-widget-spacer\" data-id=\"7c5df2e\" data-element_type=\"widget\" data-widget_type=\"spacer.default\">\n\t\t\t\t<div class=\"elementor-widget-container\">\n\t\t\t\t\t<div class=\"elementor-spacer\">\n\t\t\t<div class=\"elementor-spacer-inner\"><\/div>\n\t\t<\/div>\n\t\t\t\t<\/div>\n\t\t\t\t<\/div>\n\t\t\t\t<div class=\"elementor-element elementor-element-27a1e5e elementor-widget elementor-widget-spacer\" data-id=\"27a1e5e\" data-element_type=\"widget\" data-widget_type=\"spacer.default\">\n\t\t\t\t<div class=\"elementor-widget-container\">\n\t\t\t\t\t<div class=\"elementor-spacer\">\n\t\t\t<div class=\"elementor-spacer-inner\"><\/div>\n\t\t<\/div>\n\t\t\t\t<\/div>\n\t\t\t\t<\/div>\n\t\t\t\t<div class=\"elementor-element elementor-element-27dac29 elementor-position-left elementor-view-default elementor-mobile-position-top elementor-vertical-align-top elementor-widget elementor-widget-icon-box\" data-id=\"27dac29\" data-element_type=\"widget\" data-widget_type=\"icon-box.default\">\n\t\t\t\t<div class=\"elementor-widget-container\">\n\t\t\t\t\t<div class=\"elementor-icon-box-wrapper\">\n\n\t\t\t\t\t\t<div class=\"elementor-icon-box-icon\">\n\t\t\t\t<span  class=\"elementor-icon elementor-animation-\">\n\t\t\t\t<i aria-hidden=\"true\" class=\"fas fa-check\"><\/i>\t\t\t\t<\/span>\n\t\t\t<\/div>\n\t\t\t\n\t\t\t\t\t\t<div class=\"elementor-icon-box-content\">\n\n\t\t\t\t\t\t\t\t\t<h3 class=\"elementor-icon-box-title\">\n\t\t\t\t\t\t<span  >\n\t\t\t\t\t\t\tGT11\t\t\t\t\t\t<\/span>\n\t\t\t\t\t<\/h3>\n\t\t\t\t\n\t\t\t\t\t\t\t\t\t<p class=\"elementor-icon-box-description\">\n\t\t\t\t\t\tEduca\u00e7\u00e3o e Comunica\u00e7\u00e3o: encontros, tens\u00f5es, olhares\t\t\t\t\t<\/p>\n\t\t\t\t\n\t\t\t<\/div>\n\t\t\t\n\t\t<\/div>\n\t\t\t\t<\/div>\n\t\t\t\t<\/div>\n\t\t\t\t<div class=\"elementor-element elementor-element-1759b19 elementor-position-left elementor-view-default elementor-mobile-position-top elementor-vertical-align-top elementor-widget elementor-widget-icon-box\" data-id=\"1759b19\" data-element_type=\"widget\" data-widget_type=\"icon-box.default\">\n\t\t\t\t<div class=\"elementor-widget-container\">\n\t\t\t\t\t<div class=\"elementor-icon-box-wrapper\">\n\n\t\t\t\t\t\t<div class=\"elementor-icon-box-icon\">\n\t\t\t\t<span  class=\"elementor-icon elementor-animation-\">\n\t\t\t\t<i aria-hidden=\"true\" class=\"fas fa-check\"><\/i>\t\t\t\t<\/span>\n\t\t\t<\/div>\n\t\t\t\n\t\t\t\t\t\t<div class=\"elementor-icon-box-content\">\n\n\t\t\t\t\t\t\t\t\t<h3 class=\"elementor-icon-box-title\">\n\t\t\t\t\t\t<span  >\n\t\t\t\t\t\t\tGT12\t\t\t\t\t\t<\/span>\n\t\t\t\t\t<\/h3>\n\t\t\t\t\n\t\t\t\t\t\t\t\t\t<p class=\"elementor-icon-box-description\">\n\t\t\t\t\t\tComunica\u00e7\u00e3o para organiza\u00e7\u00f5es de mercado, Estado e sociedade\t\t\t\t\t<\/p>\n\t\t\t\t\n\t\t\t<\/div>\n\t\t\t\n\t\t<\/div>\n\t\t\t\t<\/div>\n\t\t\t\t<\/div>\n\t\t\t\t<div class=\"elementor-element elementor-element-b6c1022 elementor-widget elementor-widget-image\" data-id=\"b6c1022\" data-element_type=\"widget\" data-widget_type=\"image.default\">\n\t\t\t\t<div class=\"elementor-widget-container\">\n\t\t\t\t\t\t\t\t\t\t\t\t\t<img fetchpriority=\"high\" decoding=\"async\" width=\"800\" height=\"600\" src=\"https:\/\/alaic.org\/wp-content\/uploads\/2023\/02\/800px-Facultad_de_Ciencias_de_la_Comunicacion_de_la_Universidad_Nacional_de_Cordoba.jpg\" class=\"attachment-large size-large wp-image-2731\" alt=\"\" srcset=\"https:\/\/alaic.org\/wp-content\/uploads\/2023\/02\/800px-Facultad_de_Ciencias_de_la_Comunicacion_de_la_Universidad_Nacional_de_Cordoba.jpg 800w, https:\/\/alaic.org\/wp-content\/uploads\/2023\/02\/800px-Facultad_de_Ciencias_de_la_Comunicacion_de_la_Universidad_Nacional_de_Cordoba-300x225.jpg 300w, https:\/\/alaic.org\/wp-content\/uploads\/2023\/02\/800px-Facultad_de_Ciencias_de_la_Comunicacion_de_la_Universidad_Nacional_de_Cordoba-768x576.jpg 768w\" sizes=\"(max-width: 800px) 100vw, 800px\" \/>\t\t\t\t\t\t\t\t\t\t\t\t\t<\/div>\n\t\t\t\t<\/div>\n\t\t\t\t\t<\/div>\n\t\t<\/div>\n\t\t\t\t\t<\/div>\n\t\t<\/section>\n\t\t\t\t<section class=\"elementor-section elementor-top-section elementor-element elementor-element-249900a elementor-section-boxed elementor-section-height-default elementor-section-height-default\" data-id=\"249900a\" data-element_type=\"section\">\n\t\t\t\t\t\t<div class=\"elementor-container elementor-column-gap-default\">\n\t\t\t\t\t<div class=\"elementor-column elementor-col-50 elementor-top-column elementor-element elementor-element-7f84cd1 ot-flex-column-vertical\" data-id=\"7f84cd1\" data-element_type=\"column\">\n\t\t\t<div class=\"elementor-widget-wrap elementor-element-populated\">\n\t\t\t\t\t\t<div class=\"elementor-element elementor-element-b1da17f elementor-widget elementor-widget-spacer\" data-id=\"b1da17f\" data-element_type=\"widget\" data-widget_type=\"spacer.default\">\n\t\t\t\t<div class=\"elementor-widget-container\">\n\t\t\t\t\t<div class=\"elementor-spacer\">\n\t\t\t<div class=\"elementor-spacer-inner\"><\/div>\n\t\t<\/div>\n\t\t\t\t<\/div>\n\t\t\t\t<\/div>\n\t\t\t\t<div class=\"elementor-element elementor-element-a62acdd elementor-widget elementor-widget-iheading\" data-id=\"a62acdd\" data-element_type=\"widget\" data-widget_type=\"iheading.default\">\n\t\t\t\t<div class=\"elementor-widget-container\">\n\t\t\t\t\t<div class=\"ot-heading\">\r\n\t        <span class=\"is_highlight\">SEMIN\u00c1RIO REGIONAL ALAIC 2015<\/span>\t        <h2 class=\"main-head\">conclus\u00f5es<\/h2>\t    <\/div>\r\n\t    \t\t<\/div>\n\t\t\t\t<\/div>\n\t\t\t\t<div class=\"elementor-element elementor-element-2efa464 elementor-widget elementor-widget-text-editor\" data-id=\"2efa464\" data-element_type=\"widget\" data-widget_type=\"text-editor.default\">\n\t\t\t\t<div class=\"elementor-widget-container\">\n\t\t\t\t\t\t\t<p style=\"color: #5f5f5f; text-align: justify;\">As apresenta\u00e7\u00f5es abordaram diversos temas, apresentando resultados de pesquisas, experi\u00eancias profissionais e trabalhos de campo. Acad\u00eamicos, p\u00f3s-graduandos e alunos de tese da Argentina, Bol\u00edvia, Brasil, Col\u00f4mbia, Equador, M\u00e9xico, Peru e Uruguai compartilharam suas an\u00e1lises e estudos a fim de contribuir com o debate por uma comunica\u00e7\u00e3o internacional cada vez mais democr\u00e1tica e inclusiva.<\/p><p style=\"color: #5f5f5f; text-align: justify;\">Nos 12 eixos tem\u00e1ticos gerais, refletiram-se propostas espec\u00edficas de pesquisadores latino-americanos, ao mesmo tempo em um amplo espectro de transversalidade e multidisciplinaridade. Nesse sentido, os aportes te\u00f3ricos e metodol\u00f3gicos levantaram os cen\u00e1rios contempor\u00e2neos de novas configura\u00e7\u00f5es do espa\u00e7o p\u00fablico, dos atores e das pr\u00e1ticas no campo do jornalismo e da comunica\u00e7\u00e3o.<\/p>\t\t\t\t\t\t<\/div>\n\t\t\t\t<\/div>\n\t\t\t\t\t<\/div>\n\t\t<\/div>\n\t\t\t\t<div class=\"elementor-column elementor-col-50 elementor-top-column elementor-element elementor-element-fc29a8a ot-flex-column-vertical\" data-id=\"fc29a8a\" data-element_type=\"column\">\n\t\t\t<div class=\"elementor-widget-wrap elementor-element-populated\">\n\t\t\t\t\t\t<div class=\"elementor-element elementor-element-06fa3f5 elementor-widget elementor-widget-spacer\" data-id=\"06fa3f5\" data-element_type=\"widget\" data-widget_type=\"spacer.default\">\n\t\t\t\t<div class=\"elementor-widget-container\">\n\t\t\t\t\t<div class=\"elementor-spacer\">\n\t\t\t<div class=\"elementor-spacer-inner\"><\/div>\n\t\t<\/div>\n\t\t\t\t<\/div>\n\t\t\t\t<\/div>\n\t\t\t\t<div class=\"elementor-element elementor-element-c21d59b elementor-widget elementor-widget-text-editor\" data-id=\"c21d59b\" data-element_type=\"widget\" data-widget_type=\"text-editor.default\">\n\t\t\t\t<div class=\"elementor-widget-container\">\n\t\t\t\t\t\t\t<p>Nesse quadro, a quest\u00e3o das novas tecnologias abarcou n\u00e3o apenas o eixo correspondente, mas tamb\u00e9m perpassou claramente os estudos atuais, desde a recep\u00e7\u00e3o e apropria\u00e7\u00e3o midi\u00e1tica, comunica\u00e7\u00e3o para organiza\u00e7\u00f5es at\u00e9 as modalidades de participa\u00e7\u00e3o cidad\u00e3 e novos movimentos sociais.<\/p><p>\u00c9 desta riqueza conceptual, das rupturas epistemol\u00f3gicas e dos debates paradigm\u00e1ticos que as apresenta\u00e7\u00f5es deste Semin\u00e1rio suscitam que somos encorajados a levantar a necessidade de repensar e enriquecer os quadros organizativos e participativos dos futuros congressos. Dada a crescente transversalidade de nosso campo, desde a nova Faculdade de Ci\u00eancias da Comunica\u00e7\u00e3o que sucede \u00e0 Escola de Ci\u00eancias da Informa\u00e7\u00e3o da Universidade Nacional de C\u00f3rdoba, \u00e9 cada vez mais necess\u00e1rio fortalecer a discuss\u00e3o inter, multi e transdisciplinar para abordar a encruzilhada caracter\u00edstica de s\u00e9culo XXI: a centralidade dos processos de comunica\u00e7\u00e3o na complexidade do espa\u00e7o p\u00fablico.<\/p>\t\t\t\t\t\t<\/div>\n\t\t\t\t<\/div>\n\t\t\t\t<div class=\"elementor-element elementor-element-d654708 elementor-widget elementor-widget-spacer\" data-id=\"d654708\" data-element_type=\"widget\" data-widget_type=\"spacer.default\">\n\t\t\t\t<div class=\"elementor-widget-container\">\n\t\t\t\t\t<div class=\"elementor-spacer\">\n\t\t\t<div class=\"elementor-spacer-inner\"><\/div>\n\t\t<\/div>\n\t\t\t\t<\/div>\n\t\t\t\t<\/div>\n\t\t\t\t\t<\/div>\n\t\t<\/div>\n\t\t\t\t\t<\/div>\n\t\t<\/section>\n\t\t\t\t<\/div>","protected":false},"excerpt":{"rendered":"<p>Semin\u00e1rios VII Semin\u00e1rio Regional ALAIC Cone Sul C\u00f3rdoba, Argentina 27 e 28 de agosto de 2015 Pol\u00edticas, atores e pr\u00e1ticas de comunica\u00e7\u00e3o: encruzilhada da pesquisa na Am\u00e9rica Latina. Introdu\u00e7\u00e3o O tema que d\u00e1 t\u00edtulo a esta publica\u00e7\u00e3o reflete o dinamismo do campo da comunica\u00e7\u00e3o hoje. Os estudos de comunica\u00e7\u00e3o na Am\u00e9rica Latina s\u00e3o [\u2026]<\/p>","protected":false},"author":1,"featured_media":0,"parent":1926,"menu_order":0,"comment_status":"closed","ping_status":"closed","template":"","meta":{"_bbp_topic_count":0,"_bbp_reply_count":0,"_bbp_total_topic_count":0,"_bbp_total_reply_count":0,"_bbp_voice_count":0,"_bbp_anonymous_reply_count":0,"_bbp_topic_count_hidden":0,"_bbp_reply_count_hidden":0,"_bbp_forum_subforum_count":0,"footnotes":""},"yoast_head":"<!-- This site is optimized with the Yoast SEO plugin v22.5 - https:\/\/yoast.com\/wordpress\/plugins\/seo\/ -->\n<title>VIII Seminario C\u00f3rdoba, Argentina 2015 - Alaic<\/title>\n<meta name=\"robots\" content=\"index, follow, max-snippet:-1, max-image-preview:large, max-video-preview:-1\" \/>\n<link rel=\"canonical\" href=\"https:\/\/alaic.org\/pt\/seminarios-de-la-asociacion\/viii-seminario-cordoba-argentina-2015\/\" \/>\n<meta property=\"og:locale\" content=\"pt_BR\" \/>\n<meta property=\"og:type\" content=\"article\" \/>\n<meta property=\"og:title\" content=\"VIII Seminario C\u00f3rdoba, Argentina 2015 - Alaic\" \/>\n<meta property=\"og:description\" content=\"Seminarios VII Seminario Regional ALAIC Cono Sur C\u00f3rdoba, Argentina 27 y 28 de agosto 2015 Pol\u00edticas, actores y pr\u00e1cticas de la comunicaci\u00f3n: encrucijadas de la investigaci\u00f3n en Am\u00e9rica Latina. Introducci\u00f3n La tem\u00e1tica que titula esta publicaci\u00f3n refleja el dinamismo del campo de la comunicaci\u00f3n en la actualidad. Los estudios de comunicaci\u00f3n en Am\u00e9rica Latina se [&hellip;]\" \/>\n<meta property=\"og:url\" content=\"https:\/\/alaic.org\/pt\/seminarios-de-la-asociacion\/viii-seminario-cordoba-argentina-2015\/\" \/>\n<meta property=\"og:site_name\" content=\"Alaic\" \/>\n<meta property=\"article:modified_time\" content=\"2023-02-17T14:56:20+00:00\" \/>\n<meta property=\"og:image\" content=\"https:\/\/alaic.org\/wp-content\/uploads\/elementor\/thumbs\/AR2015-1024x479-1-q27b1j6ram4i7yytp6gd36xf7oah1xu73vw2r2nv1k.png\" \/>\n<meta name=\"twitter:card\" content=\"summary_large_image\" \/>\n<meta name=\"twitter:label1\" content=\"Est. tempo de leitura\" \/>\n\t<meta name=\"twitter:data1\" content=\"3 minutos\" \/>\n<script type=\"application\/ld+json\" class=\"yoast-schema-graph\">{\"@context\":\"https:\/\/schema.org\",\"@graph\":[{\"@type\":\"WebPage\",\"@id\":\"https:\/\/alaic.org\/seminarios-de-la-asociacion\/viii-seminario-cordoba-argentina-2015\/\",\"url\":\"https:\/\/alaic.org\/seminarios-de-la-asociacion\/viii-seminario-cordoba-argentina-2015\/\",\"name\":\"VIII Seminario C\u00f3rdoba, Argentina 2015 - Alaic\",\"isPartOf\":{\"@id\":\"https:\/\/alaic.org\/#website\"},\"primaryImageOfPage\":{\"@id\":\"https:\/\/alaic.org\/seminarios-de-la-asociacion\/viii-seminario-cordoba-argentina-2015\/#primaryimage\"},\"image\":{\"@id\":\"https:\/\/alaic.org\/seminarios-de-la-asociacion\/viii-seminario-cordoba-argentina-2015\/#primaryimage\"},\"thumbnailUrl\":\"https:\/\/alaic.org\/wp-content\/uploads\/elementor\/thumbs\/AR2015-1024x479-1-q27b1j6ram4i7yytp6gd36xf7oah1xu73vw2r2nv1k.png\",\"datePublished\":\"2023-02-10T17:51:17+00:00\",\"dateModified\":\"2023-02-17T14:56:20+00:00\",\"breadcrumb\":{\"@id\":\"https:\/\/alaic.org\/seminarios-de-la-asociacion\/viii-seminario-cordoba-argentina-2015\/#breadcrumb\"},\"inLanguage\":\"pt-BR\",\"potentialAction\":[{\"@type\":\"ReadAction\",\"target\":[\"https:\/\/alaic.org\/seminarios-de-la-asociacion\/viii-seminario-cordoba-argentina-2015\/\"]}]},{\"@type\":\"ImageObject\",\"inLanguage\":\"pt-BR\",\"@id\":\"https:\/\/alaic.org\/seminarios-de-la-asociacion\/viii-seminario-cordoba-argentina-2015\/#primaryimage\",\"url\":\"https:\/\/alaic.org\/wp-content\/uploads\/elementor\/thumbs\/AR2015-1024x479-1-q27b1j6ram4i7yytp6gd36xf7oah1xu73vw2r2nv1k.png\",\"contentUrl\":\"https:\/\/alaic.org\/wp-content\/uploads\/elementor\/thumbs\/AR2015-1024x479-1-q27b1j6ram4i7yytp6gd36xf7oah1xu73vw2r2nv1k.png\"},{\"@type\":\"BreadcrumbList\",\"@id\":\"https:\/\/alaic.org\/seminarios-de-la-asociacion\/viii-seminario-cordoba-argentina-2015\/#breadcrumb\",\"itemListElement\":[{\"@type\":\"ListItem\",\"position\":1,\"name\":\"Portada\",\"item\":\"https:\/\/alaic.org\/\"},{\"@type\":\"ListItem\",\"position\":2,\"name\":\"Seminarios de la Asociaci\u00f3n\",\"item\":\"https:\/\/alaic.org\/seminarios-de-la-asociacion\/\"},{\"@type\":\"ListItem\",\"position\":3,\"name\":\"VIII Seminario C\u00f3rdoba, Argentina 2015\"}]},{\"@type\":\"WebSite\",\"@id\":\"https:\/\/alaic.org\/#website\",\"url\":\"https:\/\/alaic.org\/\",\"name\":\"Alaic\",\"description\":\"Asociaci\u00f3n Latinoamericana de Investigadores de la Comunicaci\u00f3n\",\"publisher\":{\"@id\":\"https:\/\/alaic.org\/#organization\"},\"potentialAction\":[{\"@type\":\"SearchAction\",\"target\":{\"@type\":\"EntryPoint\",\"urlTemplate\":\"https:\/\/alaic.org\/?s={search_term_string}\"},\"query-input\":\"required name=search_term_string\"}],\"inLanguage\":\"pt-BR\"},{\"@type\":\"Organization\",\"@id\":\"https:\/\/alaic.org\/#organization\",\"name\":\"Alaic\",\"url\":\"https:\/\/alaic.org\/\",\"logo\":{\"@type\":\"ImageObject\",\"inLanguage\":\"pt-BR\",\"@id\":\"https:\/\/alaic.org\/#\/schema\/logo\/image\/\",\"url\":\"https:\/\/alaic.org\/wp-content\/uploads\/2023\/02\/imagen_2023-02-16_090402780.png\",\"contentUrl\":\"https:\/\/alaic.org\/wp-content\/uploads\/2023\/02\/imagen_2023-02-16_090402780.png\",\"width\":1220,\"height\":417,\"caption\":\"Alaic\"},\"image\":{\"@id\":\"https:\/\/alaic.org\/#\/schema\/logo\/image\/\"}}]}<\/script>\n<!-- \/ Yoast SEO plugin. -->","yoast_head_json":{"title":"VIII Seminario C\u00f3rdoba, Argentina 2015 - Alaic","robots":{"index":"index","follow":"follow","max-snippet":"max-snippet:-1","max-image-preview":"max-image-preview:large","max-video-preview":"max-video-preview:-1"},"canonical":"https:\/\/alaic.org\/pt\/seminarios-de-la-asociacion\/viii-seminario-cordoba-argentina-2015\/","og_locale":"pt_BR","og_type":"article","og_title":"VIII Seminario C\u00f3rdoba, Argentina 2015 - Alaic","og_description":"Seminarios VII Seminario Regional ALAIC Cono Sur C\u00f3rdoba, Argentina 27 y 28 de agosto 2015 Pol\u00edticas, actores y pr\u00e1cticas de la comunicaci\u00f3n: encrucijadas de la investigaci\u00f3n en Am\u00e9rica Latina. Introducci\u00f3n La tem\u00e1tica que titula esta publicaci\u00f3n refleja el dinamismo del campo de la comunicaci\u00f3n en la actualidad. Los estudios de comunicaci\u00f3n en Am\u00e9rica Latina se [&hellip;]","og_url":"https:\/\/alaic.org\/pt\/seminarios-de-la-asociacion\/viii-seminario-cordoba-argentina-2015\/","og_site_name":"Alaic","article_modified_time":"2023-02-17T14:56:20+00:00","og_image":[{"url":"https:\/\/alaic.org\/wp-content\/uploads\/elementor\/thumbs\/AR2015-1024x479-1-q27b1j6ram4i7yytp6gd36xf7oah1xu73vw2r2nv1k.png"}],"twitter_card":"summary_large_image","twitter_misc":{"Est. tempo de leitura":"3 minutos"},"schema":{"@context":"https:\/\/schema.org","@graph":[{"@type":"WebPage","@id":"https:\/\/alaic.org\/seminarios-de-la-asociacion\/viii-seminario-cordoba-argentina-2015\/","url":"https:\/\/alaic.org\/seminarios-de-la-asociacion\/viii-seminario-cordoba-argentina-2015\/","name":"VIII Seminario C\u00f3rdoba, Argentina 2015 - Alaic","isPartOf":{"@id":"https:\/\/alaic.org\/#website"},"primaryImageOfPage":{"@id":"https:\/\/alaic.org\/seminarios-de-la-asociacion\/viii-seminario-cordoba-argentina-2015\/#primaryimage"},"image":{"@id":"https:\/\/alaic.org\/seminarios-de-la-asociacion\/viii-seminario-cordoba-argentina-2015\/#primaryimage"},"thumbnailUrl":"https:\/\/alaic.org\/wp-content\/uploads\/elementor\/thumbs\/AR2015-1024x479-1-q27b1j6ram4i7yytp6gd36xf7oah1xu73vw2r2nv1k.png","datePublished":"2023-02-10T17:51:17+00:00","dateModified":"2023-02-17T14:56:20+00:00","breadcrumb":{"@id":"https:\/\/alaic.org\/seminarios-de-la-asociacion\/viii-seminario-cordoba-argentina-2015\/#breadcrumb"},"inLanguage":"pt-BR","potentialAction":[{"@type":"ReadAction","target":["https:\/\/alaic.org\/seminarios-de-la-asociacion\/viii-seminario-cordoba-argentina-2015\/"]}]},{"@type":"ImageObject","inLanguage":"pt-BR","@id":"https:\/\/alaic.org\/seminarios-de-la-asociacion\/viii-seminario-cordoba-argentina-2015\/#primaryimage","url":"https:\/\/alaic.org\/wp-content\/uploads\/elementor\/thumbs\/AR2015-1024x479-1-q27b1j6ram4i7yytp6gd36xf7oah1xu73vw2r2nv1k.png","contentUrl":"https:\/\/alaic.org\/wp-content\/uploads\/elementor\/thumbs\/AR2015-1024x479-1-q27b1j6ram4i7yytp6gd36xf7oah1xu73vw2r2nv1k.png"},{"@type":"BreadcrumbList","@id":"https:\/\/alaic.org\/seminarios-de-la-asociacion\/viii-seminario-cordoba-argentina-2015\/#breadcrumb","itemListElement":[{"@type":"ListItem","position":1,"name":"Portada","item":"https:\/\/alaic.org\/"},{"@type":"ListItem","position":2,"name":"Seminarios de la Asociaci\u00f3n","item":"https:\/\/alaic.org\/seminarios-de-la-asociacion\/"},{"@type":"ListItem","position":3,"name":"VIII Seminario C\u00f3rdoba, Argentina 2015"}]},{"@type":"WebSite","@id":"https:\/\/alaic.org\/#website","url":"https:\/\/alaic.org\/","name":"Alaic","description":"Asociaci\u00f3n Latinoamericana de Investigadores de la Comunicaci\u00f3n","publisher":{"@id":"https:\/\/alaic.org\/#organization"},"potentialAction":[{"@type":"SearchAction","target":{"@type":"EntryPoint","urlTemplate":"https:\/\/alaic.org\/?s={search_term_string}"},"query-input":"required name=search_term_string"}],"inLanguage":"pt-BR"},{"@type":"Organization","@id":"https:\/\/alaic.org\/#organization","name":"Alaic","url":"https:\/\/alaic.org\/","logo":{"@type":"ImageObject","inLanguage":"pt-BR","@id":"https:\/\/alaic.org\/#\/schema\/logo\/image\/","url":"https:\/\/alaic.org\/wp-content\/uploads\/2023\/02\/imagen_2023-02-16_090402780.png","contentUrl":"https:\/\/alaic.org\/wp-content\/uploads\/2023\/02\/imagen_2023-02-16_090402780.png","width":1220,"height":417,"caption":"Alaic"},"image":{"@id":"https:\/\/alaic.org\/#\/schema\/logo\/image\/"}}]}},"_links":{"self":[{"href":"https:\/\/alaic.org\/pt\/wp-json\/wp\/v2\/pages\/2045"}],"collection":[{"href":"https:\/\/alaic.org\/pt\/wp-json\/wp\/v2\/pages"}],"about":[{"href":"https:\/\/alaic.org\/pt\/wp-json\/wp\/v2\/types\/page"}],"author":[{"embeddable":true,"href":"https:\/\/alaic.org\/pt\/wp-json\/wp\/v2\/users\/1"}],"replies":[{"embeddable":true,"href":"https:\/\/alaic.org\/pt\/wp-json\/wp\/v2\/comments?post=2045"}],"version-history":[{"count":16,"href":"https:\/\/alaic.org\/pt\/wp-json\/wp\/v2\/pages\/2045\/revisions"}],"predecessor-version":[{"id":2754,"href":"https:\/\/alaic.org\/pt\/wp-json\/wp\/v2\/pages\/2045\/revisions\/2754"}],"up":[{"embeddable":true,"href":"https:\/\/alaic.org\/pt\/wp-json\/wp\/v2\/pages\/1926"}],"wp:attachment":[{"href":"https:\/\/alaic.org\/pt\/wp-json\/wp\/v2\/media?parent=2045"}],"curies":[{"name":"wp","href":"https:\/\/api.w.org\/{rel}","templated":true}]}}