{"id":1930,"date":"2023-02-10T11:58:42","date_gmt":"2023-02-10T16:58:42","guid":{"rendered":"https:\/\/alaic.org\/?page_id=1930"},"modified":"2025-02-20T13:48:59","modified_gmt":"2025-02-20T18:48:59","slug":"congresos","status":"publish","type":"page","link":"https:\/\/alaic.org\/pt\/congresos\/","title":{"rendered":"confer\u00eancias"},"content":{"rendered":"<div data-elementor-type=\"wp-page\" data-elementor-id=\"1930\" class=\"elementor elementor-1930\" data-elementor-post-type=\"page\">\n\t\t\t\t<div class=\"elementor-element elementor-element-6885020 e-flex e-con-boxed e-con e-parent\" data-id=\"6885020\" data-element_type=\"container\">\n\t\t\t\t\t<div class=\"e-con-inner\">\n\t\t<div class=\"elementor-element elementor-element-d92946a e-con-full e-flex e-con e-child\" data-id=\"d92946a\" data-element_type=\"container\">\n\t\t\t\t<div class=\"elementor-element elementor-element-3464dd0 elementor-widget elementor-widget-iheading\" data-id=\"3464dd0\" data-element_type=\"widget\" data-widget_type=\"iheading.default\">\n\t\t\t\t<div class=\"elementor-widget-container\">\n\t\t\t\t\t<div class=\"ot-heading\">\r\n\t        <span class=\"is_highlight\">ALAIC<\/span>\t        <h2 class=\"main-head\">confer\u00eancias<\/h2>\t    <\/div>\r\n\t    \t\t<\/div>\n\t\t\t\t<\/div>\n\t\t\t\t<div class=\"elementor-element elementor-element-5b3e996 elementor-widget-tablet__width-inherit elementor-widget elementor-widget-text-editor\" data-id=\"5b3e996\" data-element_type=\"widget\" data-widget_type=\"text-editor.default\">\n\t\t\t\t<div class=\"elementor-widget-container\">\n\t\t\t<style>\/*! elementor - v3.21.0 - 24-04-2024 *\/\n.elementor-widget-text-editor.elementor-drop-cap-view-stacked .elementor-drop-cap{background-color:#69727d;color:#fff}.elementor-widget-text-editor.elementor-drop-cap-view-framed .elementor-drop-cap{color:#69727d;border:3px solid;background-color:transparent}.elementor-widget-text-editor:not(.elementor-drop-cap-view-default) .elementor-drop-cap{margin-top:8px}.elementor-widget-text-editor:not(.elementor-drop-cap-view-default) .elementor-drop-cap-letter{width:1em;height:1em}.elementor-widget-text-editor .elementor-drop-cap{float:left;text-align:center;line-height:1;font-size:50px}.elementor-widget-text-editor .elementor-drop-cap-letter{display:inline-block}<\/style>\t\t\t\t<div class=\"elementor-element elementor-element-6e6c6db elementor-widget elementor-widget-text-editor\" style=\"flex-basis: var(--flex-basis); flex-grow: var(--flex-grow); flex-shrink: var(--flex-shrink); order: var(--order); align-self: var(--align-self); flex-direction: var(--flex-direction); flex-wrap: var(--flex-wrap); justify-content: var(--justify-content); align-items: var(--align-items); align-content: var(--align-content); gap: var(--gap); --widgets-spacing: 20px; font-weight: 400; text-align: justify;\" data-id=\"6e6c6db\" data-element_type=\"widget\" data-widget_type=\"text-editor.default\">\n<div class=\"elementor-widget-container\" style=\"transition: background 0.3s,border 0.3s,border-radius 0.3s,box-shadow 0.3s,transform var(--e-transform-transition-duration,0.4s); padding: 0px 0px 20px;\">A cada dois anos, desde 1992, a Associa\u00e7\u00e3o Latino-Americana de Pesquisadores da Comunica\u00e7\u00e3o re\u00fane seus membros em um grande encontro acad\u00eamico que possibilita a reflex\u00e3o coletiva sobre um tema central de relev\u00e2ncia para o campo da comunica\u00e7\u00e3o, bem como promove o debate e o interc\u00e2mbio em torno de um n\u00famero crescente de de trabalhos que s\u00e3o apresentados em seus Grupos Tem\u00e1ticos, que at\u00e9 o momento somam um total de vinte e um.<\/div>\n<\/div>\n<div class=\"elementor-element elementor-element-25beeaf elementor-widget elementor-widget-text-editor\" style=\"flex-basis: var(--flex-basis); flex-grow: var(--flex-grow); flex-shrink: var(--flex-shrink); order: var(--order); align-self: var(--align-self); flex-direction: var(--flex-direction); flex-wrap: var(--flex-wrap); justify-content: var(--justify-content); align-items: var(--align-items); align-content: var(--align-content); gap: var(--gap); --widgets-spacing: 20px; font-weight: 400; text-align: justify;\" data-id=\"25beeaf\" data-element_type=\"widget\" data-widget_type=\"text-editor.default\">\n<div class=\"elementor-widget-container\" style=\"transition: background 0.3s,border 0.3s,border-radius 0.3s,box-shadow 0.3s,transform var(--e-transform-transition-duration,0.4s); padding: 0px 0px 20px;\">Em 1992, o I Congresso foi realizado em Emb\u00fa-Guac\u00fa, S\u00e3o Paulo (Brasil), com a assist\u00eancia de cerca de cem participantes. O II Congresso realizado em Guadalajara (M\u00e9xico) em 1994 reuniu um grupo semelhante de pesquisadores e em 1996 em Caracas (Venezuela) o III Congresso teve um grupo um pouco maior de pesquisadores, professores e alunos da Comunica\u00e7\u00e3o.<\/div>\n<\/div>\t\t\t\t\t\t<\/div>\n\t\t\t\t<\/div>\n\t\t\t\t<\/div>\n\t\t<div class=\"elementor-element elementor-element-172fa2f e-con-full e-flex e-con e-child\" data-id=\"172fa2f\" data-element_type=\"container\">\n\t\t\t\t<div class=\"elementor-element elementor-element-b6cf23b elementor-widget-tablet__width-inherit elementor-widget elementor-widget-text-editor\" data-id=\"b6cf23b\" data-element_type=\"widget\" data-widget_type=\"text-editor.default\">\n\t\t\t\t<div class=\"elementor-widget-container\">\n\t\t\t\t\t\t\t<div>Em 1998, em Recife (Brasil), o IV Congresso dobrou o n\u00famero de participantes, que voltou a aumentar quando o V Congresso foi realizado em Santiago do Chile (Chile) em 2000.<\/div>\n<div>&nbsp;<\/div>\n<div>Santa Cruz de la Sierra (Bol\u00edvia) sediou o VI Congresso em 2002, que contou com cerca de cinco mil participantes, n\u00famero que voltou a dobrar para o VII Congresso realizado em 2004 em La Plata (Argentina). Em 2006, o VIII Congresso foi realizado em S\u00e3o Leopoldo, Rio Grande do Sul (Brasil) com aproximadamente 500 participantes.<\/div>\n<div>&nbsp;<\/div>\n<div>Al\u00e9m disso, desde 1999, a ALAIC tamb\u00e9m realiza um Semin\u00e1rio Internacional que, se poss\u00edvel, \u00e9 realizado nos anos em que n\u00e3o h\u00e1 congressos. Assim, o I Semin\u00e1rio foi realizado naquele ano em Cochabamba (Bol\u00edvia), o II em La Plata (Argentina) em 2001, o III em S\u00e3o Paulo (Brasil) em 2005 e o IV em La Paz (Bol\u00edvia) em 2007.<\/div>\t\t\t\t\t\t<\/div>\n\t\t\t\t<\/div>\n\t\t\t\t<\/div>\n\t\t\t\t\t<\/div>\n\t\t\t\t<\/div>\n\t\t\t\t<section class=\"elementor-section elementor-top-section elementor-element elementor-element-00e6810 elementor-section-boxed elementor-section-height-default elementor-section-height-default\" data-id=\"00e6810\" data-element_type=\"section\">\n\t\t\t\t\t\t\t<div class=\"elementor-background-overlay\"><\/div>\n\t\t\t\t\t\t\t<div class=\"elementor-container elementor-column-gap-default\">\n\t\t\t\t\t<div class=\"elementor-column elementor-col-50 elementor-top-column elementor-element elementor-element-80b351d ot-flex-column-vertical\" data-id=\"80b351d\" data-element_type=\"column\">\n\t\t\t<div class=\"elementor-widget-wrap elementor-element-populated\">\n\t\t\t\t\t\t<div class=\"elementor-element elementor-element-95f7110 elementor-position-left elementor-view-default elementor-mobile-position-top elementor-vertical-align-top elementor-widget elementor-widget-icon-box\" data-id=\"95f7110\" data-element_type=\"widget\" data-widget_type=\"icon-box.default\">\n\t\t\t\t<div class=\"elementor-widget-container\">\n\t\t\t<link rel=\"stylesheet\" href=\"https:\/\/alaic.org\/wp-content\/plugins\/elementor\/assets\/css\/widget-icon-box.min.css\">\t\t<div class=\"elementor-icon-box-wrapper\">\n\n\t\t\t\t\t\t<div class=\"elementor-icon-box-icon\">\n\t\t\t\t<span  class=\"elementor-icon elementor-animation-\">\n\t\t\t\t<i aria-hidden=\"true\" class=\"fas fa-check\"><\/i>\t\t\t\t<\/span>\n\t\t\t<\/div>\n\t\t\t\n\t\t\t\t\t\t<div class=\"elementor-icon-box-content\">\n\n\t\t\t\t\t\t\t\t\t<h3 class=\"elementor-icon-box-title\">\n\t\t\t\t\t\t<span  >\n\t\t\t\t\t\t\t1992 \u2013 I Congresso\t\t\t\t\t\t<\/span>\n\t\t\t\t\t<\/h3>\n\t\t\t\t\n\t\t\t\t\t\t\t\t\t<p class=\"elementor-icon-box-description\">\n\t\t\t\t\t\t(Embu-Gua\u00e7u, SP, Brasil)\t\t\t\t\t<\/p>\n\t\t\t\t\n\t\t\t<\/div>\n\t\t\t\n\t\t<\/div>\n\t\t\t\t<\/div>\n\t\t\t\t<\/div>\n\t\t\t\t<div class=\"elementor-element elementor-element-7cecde3 elementor-position-left elementor-view-default elementor-mobile-position-top elementor-vertical-align-top elementor-widget elementor-widget-icon-box\" data-id=\"7cecde3\" data-element_type=\"widget\" data-widget_type=\"icon-box.default\">\n\t\t\t\t<div class=\"elementor-widget-container\">\n\t\t\t\t\t<div class=\"elementor-icon-box-wrapper\">\n\n\t\t\t\t\t\t<div class=\"elementor-icon-box-icon\">\n\t\t\t\t<span  class=\"elementor-icon elementor-animation-\">\n\t\t\t\t<i aria-hidden=\"true\" class=\"fas fa-check\"><\/i>\t\t\t\t<\/span>\n\t\t\t<\/div>\n\t\t\t\n\t\t\t\t\t\t<div class=\"elementor-icon-box-content\">\n\n\t\t\t\t\t\t\t\t\t<h3 class=\"elementor-icon-box-title\">\n\t\t\t\t\t\t<span  >\n\t\t\t\t\t\t\t1994 \u2013 II Congresso\t\t\t\t\t\t<\/span>\n\t\t\t\t\t<\/h3>\n\t\t\t\t\n\t\t\t\t\t\t\t\t\t<p class=\"elementor-icon-box-description\">\n\t\t\t\t\t\t(Guadalajara M\u00e9xico)\t\t\t\t\t<\/p>\n\t\t\t\t\n\t\t\t<\/div>\n\t\t\t\n\t\t<\/div>\n\t\t\t\t<\/div>\n\t\t\t\t<\/div>\n\t\t\t\t<div class=\"elementor-element elementor-element-a56bf15 elementor-position-left elementor-view-default elementor-mobile-position-top elementor-vertical-align-top elementor-widget elementor-widget-icon-box\" data-id=\"a56bf15\" data-element_type=\"widget\" data-widget_type=\"icon-box.default\">\n\t\t\t\t<div class=\"elementor-widget-container\">\n\t\t\t\t\t<div class=\"elementor-icon-box-wrapper\">\n\n\t\t\t\t\t\t<div class=\"elementor-icon-box-icon\">\n\t\t\t\t<span  class=\"elementor-icon elementor-animation-\">\n\t\t\t\t<i aria-hidden=\"true\" class=\"fas fa-check\"><\/i>\t\t\t\t<\/span>\n\t\t\t<\/div>\n\t\t\t\n\t\t\t\t\t\t<div class=\"elementor-icon-box-content\">\n\n\t\t\t\t\t\t\t\t\t<h3 class=\"elementor-icon-box-title\">\n\t\t\t\t\t\t<span  >\n\t\t\t\t\t\t\t1996 \u2013 III Congresso\t\t\t\t\t\t<\/span>\n\t\t\t\t\t<\/h3>\n\t\t\t\t\n\t\t\t\t\t\t\t\t\t<p class=\"elementor-icon-box-description\">\n\t\t\t\t\t\t(Caracas Venezuela)\t\t\t\t\t<\/p>\n\t\t\t\t\n\t\t\t<\/div>\n\t\t\t\n\t\t<\/div>\n\t\t\t\t<\/div>\n\t\t\t\t<\/div>\n\t\t\t\t<div class=\"elementor-element elementor-element-f32bcd5 elementor-position-left elementor-view-default elementor-mobile-position-top elementor-vertical-align-top elementor-widget elementor-widget-icon-box\" data-id=\"f32bcd5\" data-element_type=\"widget\" data-widget_type=\"icon-box.default\">\n\t\t\t\t<div class=\"elementor-widget-container\">\n\t\t\t\t\t<div class=\"elementor-icon-box-wrapper\">\n\n\t\t\t\t\t\t<div class=\"elementor-icon-box-icon\">\n\t\t\t\t<span  class=\"elementor-icon elementor-animation-\">\n\t\t\t\t<i aria-hidden=\"true\" class=\"fas fa-check\"><\/i>\t\t\t\t<\/span>\n\t\t\t<\/div>\n\t\t\t\n\t\t\t\t\t\t<div class=\"elementor-icon-box-content\">\n\n\t\t\t\t\t\t\t\t\t<h3 class=\"elementor-icon-box-title\">\n\t\t\t\t\t\t<span  >\n\t\t\t\t\t\t\t1998 \u2013 IV Congresso\t\t\t\t\t\t<\/span>\n\t\t\t\t\t<\/h3>\n\t\t\t\t\n\t\t\t\t\t\t\t\t\t<p class=\"elementor-icon-box-description\">\n\t\t\t\t\t\t(Recife, PE, Brasil)\t\t\t\t\t<\/p>\n\t\t\t\t\n\t\t\t<\/div>\n\t\t\t\n\t\t<\/div>\n\t\t\t\t<\/div>\n\t\t\t\t<\/div>\n\t\t\t\t<div class=\"elementor-element elementor-element-0bfdc38 elementor-position-left elementor-view-default elementor-mobile-position-top elementor-vertical-align-top elementor-widget elementor-widget-icon-box\" data-id=\"0bfdc38\" data-element_type=\"widget\" data-widget_type=\"icon-box.default\">\n\t\t\t\t<div class=\"elementor-widget-container\">\n\t\t\t\t\t<div class=\"elementor-icon-box-wrapper\">\n\n\t\t\t\t\t\t<div class=\"elementor-icon-box-icon\">\n\t\t\t\t<span  class=\"elementor-icon elementor-animation-\">\n\t\t\t\t<i aria-hidden=\"true\" class=\"fas fa-check\"><\/i>\t\t\t\t<\/span>\n\t\t\t<\/div>\n\t\t\t\n\t\t\t\t\t\t<div class=\"elementor-icon-box-content\">\n\n\t\t\t\t\t\t\t\t\t<h3 class=\"elementor-icon-box-title\">\n\t\t\t\t\t\t<span  >\n\t\t\t\t\t\t\t2000 \u2013 V Congresso\t\t\t\t\t\t<\/span>\n\t\t\t\t\t<\/h3>\n\t\t\t\t\n\t\t\t\t\t\t\t\t\t<p class=\"elementor-icon-box-description\">\n\t\t\t\t\t\t(Santiago do Chile, Chile)\t\t\t\t\t<\/p>\n\t\t\t\t\n\t\t\t<\/div>\n\t\t\t\n\t\t<\/div>\n\t\t\t\t<\/div>\n\t\t\t\t<\/div>\n\t\t\t\t<div class=\"elementor-element elementor-element-59d528c elementor-position-left elementor-view-default elementor-mobile-position-top elementor-vertical-align-top elementor-widget elementor-widget-icon-box\" data-id=\"59d528c\" data-element_type=\"widget\" data-widget_type=\"icon-box.default\">\n\t\t\t\t<div class=\"elementor-widget-container\">\n\t\t\t\t\t<div class=\"elementor-icon-box-wrapper\">\n\n\t\t\t\t\t\t<div class=\"elementor-icon-box-icon\">\n\t\t\t\t<span  class=\"elementor-icon elementor-animation-\">\n\t\t\t\t<i aria-hidden=\"true\" class=\"fas fa-check\"><\/i>\t\t\t\t<\/span>\n\t\t\t<\/div>\n\t\t\t\n\t\t\t\t\t\t<div class=\"elementor-icon-box-content\">\n\n\t\t\t\t\t\t\t\t\t<h3 class=\"elementor-icon-box-title\">\n\t\t\t\t\t\t<span  >\n\t\t\t\t\t\t\t2002 \u2013 VI Congresso\t\t\t\t\t\t<\/span>\n\t\t\t\t\t<\/h3>\n\t\t\t\t\n\t\t\t\t\t\t\t\t\t<p class=\"elementor-icon-box-description\">\n\t\t\t\t\t\t(Santa Cruz de la Sierra, Bol\u00edvia)\t\t\t\t\t<\/p>\n\t\t\t\t\n\t\t\t<\/div>\n\t\t\t\n\t\t<\/div>\n\t\t\t\t<\/div>\n\t\t\t\t<\/div>\n\t\t\t\t<div class=\"elementor-element elementor-element-a3c7ede elementor-position-left elementor-view-default elementor-mobile-position-top elementor-vertical-align-top elementor-widget elementor-widget-icon-box\" data-id=\"a3c7ede\" data-element_type=\"widget\" data-widget_type=\"icon-box.default\">\n\t\t\t\t<div class=\"elementor-widget-container\">\n\t\t\t\t\t<div class=\"elementor-icon-box-wrapper\">\n\n\t\t\t\t\t\t<div class=\"elementor-icon-box-icon\">\n\t\t\t\t<span  class=\"elementor-icon elementor-animation-\">\n\t\t\t\t<i aria-hidden=\"true\" class=\"fas fa-check\"><\/i>\t\t\t\t<\/span>\n\t\t\t<\/div>\n\t\t\t\n\t\t\t\t\t\t<div class=\"elementor-icon-box-content\">\n\n\t\t\t\t\t\t\t\t\t<h3 class=\"elementor-icon-box-title\">\n\t\t\t\t\t\t<span  >\n\t\t\t\t\t\t\t2004 \u2013 VII Congresso\t\t\t\t\t\t<\/span>\n\t\t\t\t\t<\/h3>\n\t\t\t\t\n\t\t\t\t\t\t\t\t\t<p class=\"elementor-icon-box-description\">\n\t\t\t\t\t\t(La Plata, Argentina)\t\t\t\t\t<\/p>\n\t\t\t\t\n\t\t\t<\/div>\n\t\t\t\n\t\t<\/div>\n\t\t\t\t<\/div>\n\t\t\t\t<\/div>\n\t\t\t\t\t<\/div>\n\t\t<\/div>\n\t\t\t\t<div class=\"elementor-column elementor-col-50 elementor-top-column elementor-element elementor-element-cb81f94 ot-flex-column-vertical\" data-id=\"cb81f94\" data-element_type=\"column\">\n\t\t\t<div class=\"elementor-widget-wrap elementor-element-populated\">\n\t\t\t\t\t\t<div class=\"elementor-element elementor-element-dad489d elementor-position-left elementor-view-default elementor-mobile-position-top elementor-vertical-align-top elementor-widget elementor-widget-icon-box\" data-id=\"dad489d\" data-element_type=\"widget\" data-widget_type=\"icon-box.default\">\n\t\t\t\t<div class=\"elementor-widget-container\">\n\t\t\t\t\t<div class=\"elementor-icon-box-wrapper\">\n\n\t\t\t\t\t\t<div class=\"elementor-icon-box-icon\">\n\t\t\t\t<span  class=\"elementor-icon elementor-animation-\">\n\t\t\t\t<i aria-hidden=\"true\" class=\"fas fa-check\"><\/i>\t\t\t\t<\/span>\n\t\t\t<\/div>\n\t\t\t\n\t\t\t\t\t\t<div class=\"elementor-icon-box-content\">\n\n\t\t\t\t\t\t\t\t\t<h3 class=\"elementor-icon-box-title\">\n\t\t\t\t\t\t<span  >\n\t\t\t\t\t\t\t2006 \u2013 VIII Congresso\t\t\t\t\t\t<\/span>\n\t\t\t\t\t<\/h3>\n\t\t\t\t\n\t\t\t\t\t\t\t\t\t<p class=\"elementor-icon-box-description\">\n\t\t\t\t\t\t(S\u00e3o Leopoldo, RS, Brasil)\t\t\t\t\t<\/p>\n\t\t\t\t\n\t\t\t<\/div>\n\t\t\t\n\t\t<\/div>\n\t\t\t\t<\/div>\n\t\t\t\t<\/div>\n\t\t\t\t<div class=\"elementor-element elementor-element-06681b1 elementor-position-left elementor-view-default elementor-mobile-position-top elementor-vertical-align-top elementor-widget elementor-widget-icon-box\" data-id=\"06681b1\" data-element_type=\"widget\" data-widget_type=\"icon-box.default\">\n\t\t\t\t<div class=\"elementor-widget-container\">\n\t\t\t\t\t<div class=\"elementor-icon-box-wrapper\">\n\n\t\t\t\t\t\t<div class=\"elementor-icon-box-icon\">\n\t\t\t\t<span  class=\"elementor-icon elementor-animation-\">\n\t\t\t\t<i aria-hidden=\"true\" class=\"fas fa-check\"><\/i>\t\t\t\t<\/span>\n\t\t\t<\/div>\n\t\t\t\n\t\t\t\t\t\t<div class=\"elementor-icon-box-content\">\n\n\t\t\t\t\t\t\t\t\t<h3 class=\"elementor-icon-box-title\">\n\t\t\t\t\t\t<span  >\n\t\t\t\t\t\t\t2008 \u2013 IX Congresso\t\t\t\t\t\t<\/span>\n\t\t\t\t\t<\/h3>\n\t\t\t\t\n\t\t\t\t\t\t\t\t\t<p class=\"elementor-icon-box-description\">\n\t\t\t\t\t\t(ALAIC 30 anos) (Estado do M\u00e9xico, M\u00e9xico)\t\t\t\t\t<\/p>\n\t\t\t\t\n\t\t\t<\/div>\n\t\t\t\n\t\t<\/div>\n\t\t\t\t<\/div>\n\t\t\t\t<\/div>\n\t\t\t\t<div class=\"elementor-element elementor-element-2526123 elementor-position-left elementor-view-default elementor-mobile-position-top elementor-vertical-align-top elementor-widget elementor-widget-icon-box\" data-id=\"2526123\" data-element_type=\"widget\" data-widget_type=\"icon-box.default\">\n\t\t\t\t<div class=\"elementor-widget-container\">\n\t\t\t\t\t<div class=\"elementor-icon-box-wrapper\">\n\n\t\t\t\t\t\t<div class=\"elementor-icon-box-icon\">\n\t\t\t\t<span  class=\"elementor-icon elementor-animation-\">\n\t\t\t\t<i aria-hidden=\"true\" class=\"fas fa-check\"><\/i>\t\t\t\t<\/span>\n\t\t\t<\/div>\n\t\t\t\n\t\t\t\t\t\t<div class=\"elementor-icon-box-content\">\n\n\t\t\t\t\t\t\t\t\t<h3 class=\"elementor-icon-box-title\">\n\t\t\t\t\t\t<span  >\n\t\t\t\t\t\t\t2010 \u2013 X Congresso\t\t\t\t\t\t<\/span>\n\t\t\t\t\t<\/h3>\n\t\t\t\t\n\t\t\t\t\t\t\t\t\t<p class=\"elementor-icon-box-description\">\n\t\t\t\t\t\t(Bogot\u00e1 Col\u00f4mbia)\t\t\t\t\t<\/p>\n\t\t\t\t\n\t\t\t<\/div>\n\t\t\t\n\t\t<\/div>\n\t\t\t\t<\/div>\n\t\t\t\t<\/div>\n\t\t\t\t<div class=\"elementor-element elementor-element-07afa6c elementor-position-left elementor-view-default elementor-mobile-position-top elementor-vertical-align-top elementor-widget elementor-widget-icon-box\" data-id=\"07afa6c\" data-element_type=\"widget\" data-widget_type=\"icon-box.default\">\n\t\t\t\t<div class=\"elementor-widget-container\">\n\t\t\t\t\t<div class=\"elementor-icon-box-wrapper\">\n\n\t\t\t\t\t\t<div class=\"elementor-icon-box-icon\">\n\t\t\t\t<span  class=\"elementor-icon elementor-animation-\">\n\t\t\t\t<i aria-hidden=\"true\" class=\"fas fa-check\"><\/i>\t\t\t\t<\/span>\n\t\t\t<\/div>\n\t\t\t\n\t\t\t\t\t\t<div class=\"elementor-icon-box-content\">\n\n\t\t\t\t\t\t\t\t\t<h3 class=\"elementor-icon-box-title\">\n\t\t\t\t\t\t<span  >\n\t\t\t\t\t\t\t2012 \u2013 XI Congresso\t\t\t\t\t\t<\/span>\n\t\t\t\t\t<\/h3>\n\t\t\t\t\n\t\t\t\t\t\t\t\t\t<p class=\"elementor-icon-box-description\">\n\t\t\t\t\t\t(Montevid\u00e9u, Uruguai)\t\t\t\t\t<\/p>\n\t\t\t\t\n\t\t\t<\/div>\n\t\t\t\n\t\t<\/div>\n\t\t\t\t<\/div>\n\t\t\t\t<\/div>\n\t\t\t\t<div class=\"elementor-element elementor-element-becc300 elementor-position-left elementor-view-default elementor-mobile-position-top elementor-vertical-align-top elementor-widget elementor-widget-icon-box\" data-id=\"becc300\" data-element_type=\"widget\" data-widget_type=\"icon-box.default\">\n\t\t\t\t<div class=\"elementor-widget-container\">\n\t\t\t\t\t<div class=\"elementor-icon-box-wrapper\">\n\n\t\t\t\t\t\t<div class=\"elementor-icon-box-icon\">\n\t\t\t\t<span  class=\"elementor-icon elementor-animation-\">\n\t\t\t\t<i aria-hidden=\"true\" class=\"fas fa-check\"><\/i>\t\t\t\t<\/span>\n\t\t\t<\/div>\n\t\t\t\n\t\t\t\t\t\t<div class=\"elementor-icon-box-content\">\n\n\t\t\t\t\t\t\t\t\t<h3 class=\"elementor-icon-box-title\">\n\t\t\t\t\t\t<span  >\n\t\t\t\t\t\t\t2014 \u2013 XII Congresso\t\t\t\t\t\t<\/span>\n\t\t\t\t\t<\/h3>\n\t\t\t\t\n\t\t\t\t\t\t\t\t\t<p class=\"elementor-icon-box-description\">\n\t\t\t\t\t\t(Lima Peru)\t\t\t\t\t<\/p>\n\t\t\t\t\n\t\t\t<\/div>\n\t\t\t\n\t\t<\/div>\n\t\t\t\t<\/div>\n\t\t\t\t<\/div>\n\t\t\t\t<div class=\"elementor-element elementor-element-d5c1b6b elementor-position-left elementor-view-default elementor-mobile-position-top elementor-vertical-align-top elementor-widget elementor-widget-icon-box\" data-id=\"d5c1b6b\" data-element_type=\"widget\" data-widget_type=\"icon-box.default\">\n\t\t\t\t<div class=\"elementor-widget-container\">\n\t\t\t\t\t<div class=\"elementor-icon-box-wrapper\">\n\n\t\t\t\t\t\t<div class=\"elementor-icon-box-icon\">\n\t\t\t\t<span  class=\"elementor-icon elementor-animation-\">\n\t\t\t\t<i aria-hidden=\"true\" class=\"fas fa-check\"><\/i>\t\t\t\t<\/span>\n\t\t\t<\/div>\n\t\t\t\n\t\t\t\t\t\t<div class=\"elementor-icon-box-content\">\n\n\t\t\t\t\t\t\t\t\t<h3 class=\"elementor-icon-box-title\">\n\t\t\t\t\t\t<span  >\n\t\t\t\t\t\t\t2016 \u2013 XIII Congresso\t\t\t\t\t\t<\/span>\n\t\t\t\t\t<\/h3>\n\t\t\t\t\n\t\t\t\t\t\t\t\t\t<p class=\"elementor-icon-box-description\">\n\t\t\t\t\t\t(Cidade do M\u00e9xico, M\u00e9xico)\t\t\t\t\t<\/p>\n\t\t\t\t\n\t\t\t<\/div>\n\t\t\t\n\t\t<\/div>\n\t\t\t\t<\/div>\n\t\t\t\t<\/div>\n\t\t\t\t<div class=\"elementor-element elementor-element-06eb0a0 elementor-position-left elementor-view-default elementor-mobile-position-top elementor-vertical-align-top elementor-widget elementor-widget-icon-box\" data-id=\"06eb0a0\" data-element_type=\"widget\" data-widget_type=\"icon-box.default\">\n\t\t\t\t<div class=\"elementor-widget-container\">\n\t\t\t\t\t<div class=\"elementor-icon-box-wrapper\">\n\n\t\t\t\t\t\t<div class=\"elementor-icon-box-icon\">\n\t\t\t\t<span  class=\"elementor-icon elementor-animation-\">\n\t\t\t\t<i aria-hidden=\"true\" class=\"fas fa-check\"><\/i>\t\t\t\t<\/span>\n\t\t\t<\/div>\n\t\t\t\n\t\t\t\t\t\t<div class=\"elementor-icon-box-content\">\n\n\t\t\t\t\t\t\t\t\t<h3 class=\"elementor-icon-box-title\">\n\t\t\t\t\t\t<span  >\n\t\t\t\t\t\t\t2018- XIV Congresso\t\t\t\t\t\t<\/span>\n\t\t\t\t\t<\/h3>\n\t\t\t\t\n\t\t\t\t\t\t\t\t\t<p class=\"elementor-icon-box-description\">\n\t\t\t\t\t\t(ALAIC 40 anos) (San Jos\u00e9, Costa Rica)\t\t\t\t\t<\/p>\n\t\t\t\t\n\t\t\t<\/div>\n\t\t\t\n\t\t<\/div>\n\t\t\t\t<\/div>\n\t\t\t\t<\/div>\n\t\t\t\t\t<\/div>\n\t\t<\/div>\n\t\t\t\t\t<\/div>\n\t\t<\/section>\n\t\t\t\t<section class=\"elementor-section elementor-top-section elementor-element elementor-element-4f0ae3e elementor-section-boxed elementor-section-height-default elementor-section-height-default\" data-id=\"4f0ae3e\" data-element_type=\"section\">\n\t\t\t\t\t\t<div class=\"elementor-container elementor-column-gap-default\">\n\t\t\t\t\t<div class=\"elementor-column elementor-col-100 elementor-top-column elementor-element elementor-element-2039189 ot-flex-column-vertical\" data-id=\"2039189\" data-element_type=\"column\">\n\t\t\t<div class=\"elementor-widget-wrap elementor-element-populated\">\n\t\t\t\t\t\t<div class=\"elementor-element elementor-element-1d46fcf elementor-widget elementor-widget-image\" data-id=\"1d46fcf\" data-element_type=\"widget\" data-widget_type=\"image.default\">\n\t\t\t\t<div class=\"elementor-widget-container\">\n\t\t\t<style>\/*! elementor - v3.21.0 - 24-04-2024 *\/\n.elementor-widget-image{text-align:center}.elementor-widget-image a{display:inline-block}.elementor-widget-image a img[src$=\".svg\"]{width:48px}.elementor-widget-image img{vertical-align:middle;display:inline-block}<\/style>\t\t\t\t\t\t\t\t\t\t<img fetchpriority=\"high\" decoding=\"async\" width=\"1024\" height=\"287\" src=\"https:\/\/alaic.org\/wp-content\/uploads\/2023\/02\/CapturaDBB-1024x287.png\" class=\"attachment-large size-large wp-image-2758\" alt=\"\" srcset=\"https:\/\/alaic.org\/wp-content\/uploads\/2023\/02\/CapturaDBB-1024x287.png 1024w, https:\/\/alaic.org\/wp-content\/uploads\/2023\/02\/CapturaDBB-300x84.png 300w, https:\/\/alaic.org\/wp-content\/uploads\/2023\/02\/CapturaDBB-768x215.png 768w, https:\/\/alaic.org\/wp-content\/uploads\/2023\/02\/CapturaDBB.png 1177w\" sizes=\"(max-width: 1024px) 100vw, 1024px\" \/>\t\t\t\t\t\t\t\t\t\t\t\t\t<\/div>\n\t\t\t\t<\/div>\n\t\t\t\t\t<\/div>\n\t\t<\/div>\n\t\t\t\t\t<\/div>\n\t\t<\/section>\n\t\t\t\t<\/div>","protected":false},"excerpt":{"rendered":"<p>Congressos da ALAIC A cada dois anos, desde 1992, a Associa\u00e7\u00e3o Latino-Americana de Pesquisadores em Comunica\u00e7\u00e3o re\u00fane seus membros em um grande encontro acad\u00eamico que possibilita a reflex\u00e3o coletiva sobre um tema central de relev\u00e2ncia para o campo da comunica\u00e7\u00e3o, al\u00e9m de promover o debate e o interc\u00e2mbio em torno de uma crescente n\u00famero de [\u2026]<\/p>","protected":false},"author":1,"featured_media":0,"parent":0,"menu_order":0,"comment_status":"closed","ping_status":"closed","template":"","meta":{"_bbp_topic_count":0,"_bbp_reply_count":0,"_bbp_total_topic_count":0,"_bbp_total_reply_count":0,"_bbp_voice_count":0,"_bbp_anonymous_reply_count":0,"_bbp_topic_count_hidden":0,"_bbp_reply_count_hidden":0,"_bbp_forum_subforum_count":0,"footnotes":""},"yoast_head":"<!-- This site is optimized with the Yoast SEO plugin v22.5 - https:\/\/yoast.com\/wordpress\/plugins\/seo\/ -->\n<title>Congresos - Alaic<\/title>\n<meta name=\"robots\" content=\"index, follow, max-snippet:-1, max-image-preview:large, max-video-preview:-1\" \/>\n<link rel=\"canonical\" href=\"https:\/\/alaic.org\/pt\/congresos\/\" \/>\n<meta property=\"og:locale\" content=\"pt_BR\" \/>\n<meta property=\"og:type\" content=\"article\" \/>\n<meta property=\"og:title\" content=\"Congresos - Alaic\" \/>\n<meta property=\"og:description\" content=\"ALAIC Congresos Cada dos a\u00f1os, desde 1992, la Asociaci\u00f3n Latinoamericana de Investigadores de la Comunicaci\u00f3n congrega a sus miembros en una magna reuni\u00f3n acad\u00e9mica que hace posible la reflexi\u00f3n colectiva sobre una tem\u00e1tica central de relevancia para el campo comunicacional as\u00ed como promueve el debate y el intercambio en torno a un creciente n\u00famero de [&hellip;]\" \/>\n<meta property=\"og:url\" content=\"https:\/\/alaic.org\/pt\/congresos\/\" \/>\n<meta property=\"og:site_name\" content=\"Alaic\" \/>\n<meta property=\"article:modified_time\" content=\"2025-02-20T18:48:59+00:00\" \/>\n<meta property=\"og:image\" content=\"https:\/\/alaic.org\/wp-content\/uploads\/2023\/02\/CapturaDBB-1024x287.png\" \/>\n<meta name=\"twitter:card\" content=\"summary_large_image\" \/>\n<meta name=\"twitter:label1\" content=\"Est. tempo de leitura\" \/>\n\t<meta name=\"twitter:data1\" content=\"3 minutos\" \/>\n<script type=\"application\/ld+json\" class=\"yoast-schema-graph\">{\"@context\":\"https:\/\/schema.org\",\"@graph\":[{\"@type\":\"WebPage\",\"@id\":\"https:\/\/alaic.org\/congresos\/\",\"url\":\"https:\/\/alaic.org\/congresos\/\",\"name\":\"Congresos - Alaic\",\"isPartOf\":{\"@id\":\"https:\/\/alaic.org\/#website\"},\"primaryImageOfPage\":{\"@id\":\"https:\/\/alaic.org\/congresos\/#primaryimage\"},\"image\":{\"@id\":\"https:\/\/alaic.org\/congresos\/#primaryimage\"},\"thumbnailUrl\":\"https:\/\/alaic.org\/wp-content\/uploads\/2023\/02\/CapturaDBB-1024x287.png\",\"datePublished\":\"2023-02-10T16:58:42+00:00\",\"dateModified\":\"2025-02-20T18:48:59+00:00\",\"breadcrumb\":{\"@id\":\"https:\/\/alaic.org\/congresos\/#breadcrumb\"},\"inLanguage\":\"pt-BR\",\"potentialAction\":[{\"@type\":\"ReadAction\",\"target\":[\"https:\/\/alaic.org\/congresos\/\"]}]},{\"@type\":\"ImageObject\",\"inLanguage\":\"pt-BR\",\"@id\":\"https:\/\/alaic.org\/congresos\/#primaryimage\",\"url\":\"https:\/\/alaic.org\/wp-content\/uploads\/2023\/02\/CapturaDBB-1024x287.png\",\"contentUrl\":\"https:\/\/alaic.org\/wp-content\/uploads\/2023\/02\/CapturaDBB-1024x287.png\"},{\"@type\":\"BreadcrumbList\",\"@id\":\"https:\/\/alaic.org\/congresos\/#breadcrumb\",\"itemListElement\":[{\"@type\":\"ListItem\",\"position\":1,\"name\":\"Portada\",\"item\":\"https:\/\/alaic.org\/\"},{\"@type\":\"ListItem\",\"position\":2,\"name\":\"Congresos\"}]},{\"@type\":\"WebSite\",\"@id\":\"https:\/\/alaic.org\/#website\",\"url\":\"https:\/\/alaic.org\/\",\"name\":\"Alaic\",\"description\":\"Asociaci\u00f3n Latinoamericana de Investigadores de la Comunicaci\u00f3n\",\"publisher\":{\"@id\":\"https:\/\/alaic.org\/#organization\"},\"potentialAction\":[{\"@type\":\"SearchAction\",\"target\":{\"@type\":\"EntryPoint\",\"urlTemplate\":\"https:\/\/alaic.org\/?s={search_term_string}\"},\"query-input\":\"required name=search_term_string\"}],\"inLanguage\":\"pt-BR\"},{\"@type\":\"Organization\",\"@id\":\"https:\/\/alaic.org\/#organization\",\"name\":\"Alaic\",\"url\":\"https:\/\/alaic.org\/\",\"logo\":{\"@type\":\"ImageObject\",\"inLanguage\":\"pt-BR\",\"@id\":\"https:\/\/alaic.org\/#\/schema\/logo\/image\/\",\"url\":\"https:\/\/alaic.org\/wp-content\/uploads\/2023\/02\/imagen_2023-02-16_090402780.png\",\"contentUrl\":\"https:\/\/alaic.org\/wp-content\/uploads\/2023\/02\/imagen_2023-02-16_090402780.png\",\"width\":1220,\"height\":417,\"caption\":\"Alaic\"},\"image\":{\"@id\":\"https:\/\/alaic.org\/#\/schema\/logo\/image\/\"}}]}<\/script>\n<!-- \/ Yoast SEO plugin. -->","yoast_head_json":{"title":"Congresos - Alaic","robots":{"index":"index","follow":"follow","max-snippet":"max-snippet:-1","max-image-preview":"max-image-preview:large","max-video-preview":"max-video-preview:-1"},"canonical":"https:\/\/alaic.org\/pt\/congresos\/","og_locale":"pt_BR","og_type":"article","og_title":"Congresos - Alaic","og_description":"ALAIC Congresos Cada dos a\u00f1os, desde 1992, la Asociaci\u00f3n Latinoamericana de Investigadores de la Comunicaci\u00f3n congrega a sus miembros en una magna reuni\u00f3n acad\u00e9mica que hace posible la reflexi\u00f3n colectiva sobre una tem\u00e1tica central de relevancia para el campo comunicacional as\u00ed como promueve el debate y el intercambio en torno a un creciente n\u00famero de [&hellip;]","og_url":"https:\/\/alaic.org\/pt\/congresos\/","og_site_name":"Alaic","article_modified_time":"2025-02-20T18:48:59+00:00","og_image":[{"url":"https:\/\/alaic.org\/wp-content\/uploads\/2023\/02\/CapturaDBB-1024x287.png"}],"twitter_card":"summary_large_image","twitter_misc":{"Est. tempo de leitura":"3 minutos"},"schema":{"@context":"https:\/\/schema.org","@graph":[{"@type":"WebPage","@id":"https:\/\/alaic.org\/congresos\/","url":"https:\/\/alaic.org\/congresos\/","name":"Congresos - Alaic","isPartOf":{"@id":"https:\/\/alaic.org\/#website"},"primaryImageOfPage":{"@id":"https:\/\/alaic.org\/congresos\/#primaryimage"},"image":{"@id":"https:\/\/alaic.org\/congresos\/#primaryimage"},"thumbnailUrl":"https:\/\/alaic.org\/wp-content\/uploads\/2023\/02\/CapturaDBB-1024x287.png","datePublished":"2023-02-10T16:58:42+00:00","dateModified":"2025-02-20T18:48:59+00:00","breadcrumb":{"@id":"https:\/\/alaic.org\/congresos\/#breadcrumb"},"inLanguage":"pt-BR","potentialAction":[{"@type":"ReadAction","target":["https:\/\/alaic.org\/congresos\/"]}]},{"@type":"ImageObject","inLanguage":"pt-BR","@id":"https:\/\/alaic.org\/congresos\/#primaryimage","url":"https:\/\/alaic.org\/wp-content\/uploads\/2023\/02\/CapturaDBB-1024x287.png","contentUrl":"https:\/\/alaic.org\/wp-content\/uploads\/2023\/02\/CapturaDBB-1024x287.png"},{"@type":"BreadcrumbList","@id":"https:\/\/alaic.org\/congresos\/#breadcrumb","itemListElement":[{"@type":"ListItem","position":1,"name":"Portada","item":"https:\/\/alaic.org\/"},{"@type":"ListItem","position":2,"name":"Congresos"}]},{"@type":"WebSite","@id":"https:\/\/alaic.org\/#website","url":"https:\/\/alaic.org\/","name":"Alaic","description":"Asociaci\u00f3n Latinoamericana de Investigadores de la Comunicaci\u00f3n","publisher":{"@id":"https:\/\/alaic.org\/#organization"},"potentialAction":[{"@type":"SearchAction","target":{"@type":"EntryPoint","urlTemplate":"https:\/\/alaic.org\/?s={search_term_string}"},"query-input":"required name=search_term_string"}],"inLanguage":"pt-BR"},{"@type":"Organization","@id":"https:\/\/alaic.org\/#organization","name":"Alaic","url":"https:\/\/alaic.org\/","logo":{"@type":"ImageObject","inLanguage":"pt-BR","@id":"https:\/\/alaic.org\/#\/schema\/logo\/image\/","url":"https:\/\/alaic.org\/wp-content\/uploads\/2023\/02\/imagen_2023-02-16_090402780.png","contentUrl":"https:\/\/alaic.org\/wp-content\/uploads\/2023\/02\/imagen_2023-02-16_090402780.png","width":1220,"height":417,"caption":"Alaic"},"image":{"@id":"https:\/\/alaic.org\/#\/schema\/logo\/image\/"}}]}},"_links":{"self":[{"href":"https:\/\/alaic.org\/pt\/wp-json\/wp\/v2\/pages\/1930"}],"collection":[{"href":"https:\/\/alaic.org\/pt\/wp-json\/wp\/v2\/pages"}],"about":[{"href":"https:\/\/alaic.org\/pt\/wp-json\/wp\/v2\/types\/page"}],"author":[{"embeddable":true,"href":"https:\/\/alaic.org\/pt\/wp-json\/wp\/v2\/users\/1"}],"replies":[{"embeddable":true,"href":"https:\/\/alaic.org\/pt\/wp-json\/wp\/v2\/comments?post=1930"}],"version-history":[{"count":5,"href":"https:\/\/alaic.org\/pt\/wp-json\/wp\/v2\/pages\/1930\/revisions"}],"predecessor-version":[{"id":12145,"href":"https:\/\/alaic.org\/pt\/wp-json\/wp\/v2\/pages\/1930\/revisions\/12145"}],"wp:attachment":[{"href":"https:\/\/alaic.org\/pt\/wp-json\/wp\/v2\/media?parent=1930"}],"curies":[{"name":"wp","href":"https:\/\/api.w.org\/{rel}","templated":true}]}}