{"id":12540,"date":"2025-04-09T11:04:41","date_gmt":"2025-04-09T16:04:41","guid":{"rendered":"https:\/\/alaic.org\/?page_id=12540"},"modified":"2026-03-03T13:44:37","modified_gmt":"2026-03-03T18:44:37","slug":"grupos-tematicos","status":"publish","type":"page","link":"https:\/\/alaic.org\/pt\/grupos-tematicos\/","title":{"rendered":"Grupos Tem\u00e1ticos"},"content":{"rendered":"<div data-elementor-type=\"wp-page\" data-elementor-id=\"12540\" class=\"elementor elementor-12540\" data-elementor-post-type=\"page\">\n\t\t\t\t<div class=\"elementor-element elementor-element-7efc436 e-flex e-con-boxed e-con e-parent\" data-id=\"7efc436\" data-element_type=\"container\">\n\t\t\t\t\t<div class=\"e-con-inner\">\n\t\t<div class=\"elementor-element elementor-element-b5e77c9 e-con-full e-flex e-con e-child\" data-id=\"b5e77c9\" data-element_type=\"container\">\n\t\t\t\t<div class=\"elementor-element elementor-element-152d611 elementor-widget elementor-widget-iaccordions\" data-id=\"152d611\" data-element_type=\"widget\" data-widget_type=\"iaccordions.default\">\n\t\t\t\t<div class=\"elementor-widget-container\">\n\t\t\t\r\n\t\t<div class=\"ot-accordions\">\r\n\t\t\t\t\t\t<div class=\"acc-item\">\r\n\t\t\t\t<div class=\"acc-toggle flex-middle\" data-default=\"\">GT1 Folkcomunica\u00e7\u00e3o e Interculturalidade \r\n\t\t\t\t\t<i class=\"ot-flaticon-arrowsoutline\"><\/i>\r\n\t\t\t\t<\/div>\r\n\t\t\t\t<div class=\"acc-content\">\r\n\t\t\t\t\t<p>Este grupo de trabalho prop\u00f5e uma reflex\u00e3o cr\u00edtica sobre as m\u00faltiplas formas de comunica\u00e7\u00e3o que emergem em contextos interculturais e populares, especialmente na Am\u00e9rica Latina e no Caribe. Nosso interesse \u00e9 explorar as conex\u00f5es entre comunica\u00e7\u00e3o, interculturalidade (em suas m\u00faltiplas express\u00f5es), culturas populares e pr\u00e1ticas socioculturais, reconhecendo a riqueza expressiva de povos e comunidades historicamente exclu\u00eddos dos circuitos hegem\u00f4nicos de produ\u00e7\u00e3o simb\u00f3lica.<\/p><p>A partir da teoria latino-americana da comunica\u00e7\u00e3o popular \u2014 formulada pelo comunicador brasileiro Luiz Beltr\u00e3o na d\u00e9cada de 1960 e sua releitura a partir de perspectivas decoloniais \u2014 analisamos express\u00f5es como, por exemplo, o cordel, a dan\u00e7a, a cer\u00e2mica ou as ex-votivas, mas tamb\u00e9m suas reconfigura\u00e7\u00f5es na contemporaneidade: slam, grafite, rap, memes, narrativas digitais, TikToks e novas formas de express\u00e3o popular e ritual nas redes sociais.<\/p><p>O grupo acolhe trabalhos que abordem fenomenologias relevantes que demonstrem conex\u00f5es entre comunica\u00e7\u00e3o social, interculturalidade e culturas populares. Seu foco \u00e9 o estudo comunicativo e intercultural das culturas populares e suas din\u00e2micas comunicativas a partir de uma perspectiva decolonial, criando espa\u00e7os de resist\u00eancia, negocia\u00e7\u00e3o e cria\u00e7\u00e3o simb\u00f3lica. Diante dos desafios da infodemia e da media\u00e7\u00e3o algor\u00edtmica, essas formas de comunica\u00e7\u00e3o popular nos permitem compreender as disputas atuais por significado, representa\u00e7\u00e3o e poder em nossas sociedades.<\/p><p><b><span style=\"vertical-align: inherit;\">Coordenador:<\/span><\/b><br \/><em>Cristian Y\u00e1\u00f1ez Aguilar<\/em>, Universidade Austral do Chile.<\/p><p><b><span style=\"vertical-align: inherit;\">Vice-coordenadores:<\/span><\/b><br \/><em>Thifani Postali. <\/em>Universidade de Sorocaba (Brasil).<br \/><em>Vanessa Calvimontes.<\/em>\u00a0Universidade de Salamanca (Espanha) e Museu Nacional de Etnografia e Folclore (Bol\u00edvia).<\/p><p><a href=\"https:\/\/alaic.org\/pt\/grupos\/gt-1-comunicacion-intercultural-y-folkcomunicacion\/\"><span style=\"color: #800000;\"><span style=\"vertical-align: inherit;\">IR PARA O GRUPO<\/span><\/span><\/a><\/p>\t\t\t\t<\/div>\r\n\t\t\t<\/div>\r\n\t\t\t\t\t\t<div class=\"acc-item\">\r\n\t\t\t\t<div class=\"acc-toggle flex-middle\" data-default=\"\">GT2 Comunica\u00e7\u00e3o Organizacional e Rela\u00e7\u00f5es P\u00fablicas \r\n\t\t\t\t\t<i class=\"ot-flaticon-arrowsoutline\"><\/i>\r\n\t\t\t\t<\/div>\r\n\t\t\t\t<div class=\"acc-content\">\r\n\t\t\t\t\t<p><span style=\"vertical-align: inherit;\">O objetivo principal \u00e9 estudar o papel da comunica\u00e7\u00e3o no contexto das organiza\u00e7\u00f5es complexas, considerando o funcionamento da comunica\u00e7\u00e3o administrativa, interna, institucional e de marketing. A pesquisa em comunica\u00e7\u00e3o organizacional busca o estudo sistem\u00e1tico dos elementos intra e interorganizacionais e dos contextos de intera\u00e7\u00e3o simb\u00f3lica das organiza\u00e7\u00f5es com seus p\u00fablicos.<\/span><\/p><p><span style=\"vertical-align: inherit;\">Este conjunto procura analisar quest\u00f5es como climas e culturas de comunica\u00e7\u00e3o, redes formais e informais, s\u00edmbolos organizacionais, discursos corporativos, novas tecnologias e ambiente interno e externo. O estudo das Rela\u00e7\u00f5es P\u00fablicas e os novos paradigmas na sociedade globalizada, pesquisas nas \u00e1reas conhecidas como comunica\u00e7\u00e3o empresarial, comunica\u00e7\u00e3o governamental, comunica\u00e7\u00e3o sindical, comunica\u00e7\u00e3o religiosa (igrejas), simbolismo organizacional, discurso organizacional e temas afins est\u00e3o previstos como mat\u00e9rias do GT de Comunica\u00e7\u00e3o Organizacional e Rela\u00e7\u00f5es P\u00fablicas.<\/span><\/p><p style=\"font-weight: 400;\"><em><strong>Coordenador:<\/strong> <\/em><\/p><p style=\"font-weight: 400;\"><em>Maria Aparecida Ferrari<\/em>\u00a0(USP, Brasil),\u00a0<a href=\"mailto:maferrar@usp.br\">maferrar@usp.br<\/a><\/p><p style=\"font-weight: 400;\"><em><strong>Vice-coordenadores:<\/strong> <\/em><\/p><p style=\"font-weight: 400;\"><em>Rebeca Ar\u00e9valo<\/em> (An\u00e1huac, M\u00e9xico), <a href=\"mailto:rebeca.arevalo@anahuac.mx\">rebeca.arevalo@anahuac.mx<\/a><br \/><em>Eva Mar\u00eda P\u00e9rez <\/em>(UPAEP, M\u00e9xico), <a href=\"mailto:evamaria.perez@upaep.mx\">evamaria.perez@upaep.mx<\/a><\/p><p><span style=\"color: #800000;\"><a style=\"color: #800000;\" href=\"https:\/\/alaic.org\/pt\/grupos\/gt-2-comunicacion-organizacional-y-relaciones-publicas\/\"><span style=\"vertical-align: inherit;\">IR PARA O GRUPO<\/span><\/a><\/span><\/p>\t\t\t\t<\/div>\r\n\t\t\t<\/div>\r\n\t\t\t\t\t\t<div class=\"acc-item\">\r\n\t\t\t\t<div class=\"acc-toggle flex-middle\" data-default=\"\">GT3 Comunica\u00e7\u00e3o Pol\u00edtica e M\u00eddia \r\n\t\t\t\t\t<i class=\"ot-flaticon-arrowsoutline\"><\/i>\r\n\t\t\t\t<\/div>\r\n\t\t\t\t<div class=\"acc-content\">\r\n\t\t\t\t\t<p>O grupo de trabalho Comunica\u00e7\u00e3o Pol\u00edtica e M\u00eddia tem dedicado aten\u00e7\u00e3o especial \u00e0s rela\u00e7\u00f5es entre a m\u00eddia nacional e os sistemas pol\u00edticos de diferentes pa\u00edses latino-americanos. Nos \u00faltimos anos, discursos de natureza muito distinta emergiram, refletindo o recuo dos partidos pol\u00edticos, a personaliza\u00e7\u00e3o da lideran\u00e7a por meio da m\u00eddia e das plataformas de m\u00eddia social, e um novo sujeito pol\u00edtico.<\/p><p>Observou-se a transforma\u00e7\u00e3o da ind\u00fastria e da cidadania, o que dificilmente pode ser estudado atualmente a partir de uma perspectiva continental abrangente que permita compara\u00e7\u00f5es e tend\u00eancias, proporcionando assim uma interpreta\u00e7\u00e3o ampla. O Grupo de Trabalho prop\u00f4s a realiza\u00e7\u00e3o de um estudo coordenado com base em pressupostos epistemol\u00f3gicos e m\u00e9todos comuns para:<\/p><p>Investigar criticamente as rela\u00e7\u00f5es entre o Estado, os partidos pol\u00edticos e a m\u00eddia, com vistas a identificar pr\u00e1ticas autorit\u00e1rias e democr\u00e1ticas; desenvolver g\u00eaneros de m\u00eddia pol\u00edtica e informativa, bem como g\u00eaneros novos e\/ou h\u00edbridos; aprofundar a compreens\u00e3o das condi\u00e7\u00f5es de recep\u00e7\u00e3o e das novas pr\u00e1ticas c\u00edvicas que emergem nesse contexto.<\/p><p><strong>Coordenador:<\/strong><br \/><em>James A. Dettleff<\/em> (Peru), jdettleff@pup.edu.pe<\/p><p><strong>Vice-coordenadores:<\/strong><br \/><em>Nicolas Rotelli<\/em> (Argentina), nicolasrotelli@gmail.com <br \/><em>Patr\u00edcia Torreblanca<\/em> (M\u00e9xico), patriciatorreblanca@politicas.unam.mx<\/p><p><span style=\"color: #800000;\"><a style=\"color: #800000;\" href=\"https:\/\/alaic.org\/pt\/grupos\/gt-3-comunicacion-politica-y-medios\/\">IR PARA O GRUPO<\/a><\/span><\/p>\t\t\t\t<\/div>\r\n\t\t\t<\/div>\r\n\t\t\t\t\t\t<div class=\"acc-item\">\r\n\t\t\t\t<div class=\"acc-toggle flex-middle\" data-default=\"\">GT4 Comunica\u00e7\u00e3o e Educa\u00e7\u00e3o \r\n\t\t\t\t\t<i class=\"ot-flaticon-arrowsoutline\"><\/i>\r\n\t\t\t\t<\/div>\r\n\t\t\t\t<div class=\"acc-content\">\r\n\t\t\t\t\t<p>O grupo de trabalho Comunica\u00e7\u00e3o e Educa\u00e7\u00e3o tem como objetivo analisar e refletir sobre a conex\u00e3o entre essas duas \u00e1reas do conhecimento. Embora a rela\u00e7\u00e3o entre comunica\u00e7\u00e3o e educa\u00e7\u00e3o tenha uma longa hist\u00f3ria em nossa regi\u00e3o e uma variedade de abordagens: comunica\u00e7\u00e3o educacional, educomunica\u00e7\u00e3o, comunica\u00e7\u00e3o e educa\u00e7\u00e3o, comunica\u00e7\u00e3o\/educa\u00e7\u00e3o, entre outras.<\/p><p>Embora a tend\u00eancia inicial tenha sido analisar essa rela\u00e7\u00e3o \u00e0 luz dos desenvolvimentos tecnol\u00f3gicos e, a partir disso, descobrir as contribui\u00e7\u00f5es de cada uma dessas tecnologias para a educa\u00e7\u00e3o, o grupo de trabalho parte da premissa de que a rela\u00e7\u00e3o entre comunica\u00e7\u00e3o e educa\u00e7\u00e3o transcende os aspectos das transforma\u00e7\u00f5es tecnol\u00f3gicas e suas contribui\u00e7\u00f5es para a educa\u00e7\u00e3o formal. Nesse sentido, busca desenvolver uma reflex\u00e3o ampla que abranja sistemas de educa\u00e7\u00e3o presencial, programas de ensino mediados por tecnologia e educa\u00e7\u00e3o n\u00e3o formal e informal.<\/p><p>Merecem men\u00e7\u00e3o especial as contribui\u00e7\u00f5es e o trabalho realizado nas \u00e1reas de m\u00eddia, informa\u00e7\u00e3o e alfabetiza\u00e7\u00e3o digital (AMI), particularmente na abordagem das constru\u00e7\u00f5es de cidadania a partir de uma perspectiva baseada em direitos. Nesse sentido, nos interessamos e trabalhamos com as contribui\u00e7\u00f5es dos estudos de g\u00eanero e identidade para a comunica\u00e7\u00e3o e a educa\u00e7\u00e3o. Incorporamos em nossos interesses e discuss\u00f5es os desafios que a IA (Intelig\u00eancia Artificial) nos imp\u00f5e com seu surgimento acelerado.<\/p><p>Da mesma forma, nos \u00faltimos anos, o Grupo de Trabalho expandiu e fortaleceu seu foco em abordagens que investigam aspectos educacionais, formativos, subjetivos e identit\u00e1rios em organiza\u00e7\u00f5es culturais, sociais e comunit\u00e1rias. As pedagogias cr\u00edticas populares latino-americanas integram, portanto, outras linhas de trabalho em di\u00e1logo com as vertentes comunica\u00e7\u00e3o\/cultura. An\u00e1lises de aspectos formativos da dimens\u00e3o art\u00edstica da cultura tamb\u00e9m fazem parte das pesquisas que participam do Grupo de Trabalho.<\/p><p>Na Am\u00e9rica Latina, existem in\u00fameros estudos sobre a rela\u00e7\u00e3o entre educa\u00e7\u00e3o e comunica\u00e7\u00e3o, especialmente em rela\u00e7\u00e3o \u00e0 sua inser\u00e7\u00e3o na pesquisa acad\u00eamica. No entanto, trata-se de um conjunto de trabalhos dispersos e, por vezes, desconhecidos, que requerem sistematiza\u00e7\u00e3o e atualiza\u00e7\u00e3o constantes. Portanto, outro objetivo do nosso Grupo de Trabalho \u00e9 compilar esses trabalhos a fim de enriquecer as reflex\u00f5es e moldar a hist\u00f3ria da rela\u00e7\u00e3o comunica\u00e7\u00e3o-educa\u00e7\u00e3o.<\/p><p><strong>Coordenador:\u00a0<\/strong><br \/><em>Paula Morabes <\/em>(Argentina), pmorabes@gmail.com<\/p><p><strong>Vice-coordenadores:<\/strong><br \/><em>Beatriz Marin Ochoa<\/em> (Col\u00f4mbia), beatrize.marin@upb.edu.co<br \/><em>Gladys Ortiz Henderson<\/em> (M\u00e9xico), g.ortiz@correo.ler.uam.mx<\/p><p><span style=\"color: #800000;\"><a style=\"color: #800000;\" href=\"https:\/\/alaic.org\/pt\/grupos\/gt-4-comunicacion-y-educacion\/\">IR PARA O GRUPO<\/a><\/span><\/p>\t\t\t\t<\/div>\r\n\t\t\t<\/div>\r\n\t\t\t\t\t\t<div class=\"acc-item\">\r\n\t\t\t\t<div class=\"acc-toggle flex-middle\" data-default=\"\">GT5 Comunica\u00e7\u00e3o e Sa\u00fade \r\n\t\t\t\t\t<i class=\"ot-flaticon-arrowsoutline\"><\/i>\r\n\t\t\t\t<\/div>\r\n\t\t\t\t<div class=\"acc-content\">\r\n\t\t\t\t\t<p>Com o objetivo principal de contribuir para a compreens\u00e3o e consolida\u00e7\u00e3o do campo da Comunica\u00e7\u00e3o e Sa\u00fade, este GT se apresenta como um lugar de identifica\u00e7\u00e3o, converg\u00eancia, reconhecimento e articula\u00e7\u00e3o da produ\u00e7\u00e3o de um pensamento sobre a interface de dois eixos de poder na sociedade : a pot\u00eancia da vida, representada pela Sa\u00fade e a pot\u00eancia de constituir os sentidos da realidade, atributo da Comunica\u00e7\u00e3o.<\/p><p>O campo \u00e9 conceituado como um espa\u00e7o relacional e multidimensional, composto por hist\u00f3rias, teorias e metodologias, tecnologias, agentes e institui\u00e7\u00f5es, pol\u00edticas, pr\u00e1ticas e agendas, interesses e disputas por sentido. \u00c9 um campo em constante fluxo, embora com ra\u00edzes hist\u00f3ricas que se expressam em sua configura\u00e7\u00e3o atual. Entende-se que os cen\u00e1rios e pr\u00e1ticas da Comunica\u00e7\u00e3o e da Sa\u00fade, que constituem e s\u00e3o moldados por rela\u00e7\u00f5es de poder, s\u00e3o afetados pelas transforma\u00e7\u00f5es sociais, pol\u00edticas, culturais e tecnol\u00f3gicas do mundo contempor\u00e2neo, exigindo estudos que ofere\u00e7am possibilidades para sua interpreta\u00e7\u00e3o, interpreta\u00e7\u00e3o e a\u00e7\u00e3o.<\/p><p>Nesse sentido, s\u00e3o bem-vindos trabalhos que apresentem resultados de pesquisas e desenvolvimento metodol\u00f3gico, a problematiza\u00e7\u00e3o te\u00f3rica e\/ou metodol\u00f3gica de experi\u00eancias e ensaios te\u00f3ricos relacionados aos seguintes temas:<\/p><ul><li>Pesquisa de ponta e desenvolvimento metodol\u00f3gico em Comunica\u00e7\u00e3o e Sa\u00fade: An\u00e1lises cr\u00edticas de abordagens te\u00f3ricas e metodol\u00f3gicas em Comunica\u00e7\u00e3o e Sa\u00fade. Perspectivas interdisciplinares em Comunica\u00e7\u00e3o e Sa\u00fade. Estudos comparativos entre pa\u00edses latino-americanos.<\/li><li>Pol\u00edticas de comunica\u00e7\u00e3o em pol\u00edticas de sa\u00fade: exclus\u00f5es e explica\u00e7\u00f5es. O papel da comunica\u00e7\u00e3o em modelos e na constru\u00e7\u00e3o de diferentes problemas de sa\u00fade: uma perspectiva cr\u00edtica e proativa. Avalia\u00e7\u00e3o em Comunica\u00e7\u00e3o e Sa\u00fade.<\/li><li>Atores e vozes em Comunica\u00e7\u00e3o e Sa\u00fade, p\u00fablicos e privados, consolidados e emergentes: institui\u00e7\u00f5es, movimentos sociais, segmentos profissionais. Processos e pr\u00e1ticas formativas.<\/li><li>Mapeamento e an\u00e1lise de pol\u00edticas, pr\u00e1ticas, processos e produtos de comunica\u00e7\u00e3o em sa\u00fade em pa\u00edses da Am\u00e9rica Latina.<\/li><li>Comunica\u00e7\u00e3o, sa\u00fade e cidadania: desigualdades, iniquidades e injusti\u00e7as, inclus\u00e3o e participa\u00e7\u00e3o, direitos. Neglig\u00eancia e a determina\u00e7\u00e3o social da sa\u00fade. O lugar da comunica\u00e7\u00e3o e da sa\u00fade nos processos comunit\u00e1rios e de territorializa\u00e7\u00e3o.<\/li><li>A m\u00eddia como estrat\u00e9gia no campo da sa\u00fade, os significados de sa\u00fade na m\u00eddia e a midiatiza\u00e7\u00e3o da sa\u00fade.<\/li><li>Comunica\u00e7\u00e3o interpessoal em ambientes de sa\u00fade: rela\u00e7\u00f5es paciente-profissional e rela\u00e7\u00f5es equipes de sa\u00fade-comunidade. Comunica\u00e7\u00e3o intercultural em ambientes de sa\u00fade.<\/li><li>Comunica\u00e7\u00e3o, sa\u00fade e tecnologias digitais. Novas configura\u00e7\u00f5es sociais e Comunica\u00e7\u00e3o e Sa\u00fade.<\/li><li>Ci\u00eancia, arte e cultura em comunica\u00e7\u00e3o e sa\u00fade. Audiovisuais e sa\u00fade. Jogos e sa\u00fade.<\/li><li>A dimens\u00e3o sociodigital da sa\u00fade: ciberativismo, desinforma\u00e7\u00e3o, infodemia, IA e aplica\u00e7\u00f5es na gest\u00e3o e informa\u00e7\u00e3o em sa\u00fade e autocuidado.<\/li><\/ul><p><strong>Coordenador:<\/strong><br \/><em>Janet Garc\u00eda Gonzalez<\/em>. Universidade Aut\u00f4noma de Nuevo Le\u00f3n (M\u00e9xico), janetgarciagnz@uanl.edu.mx - janetgarcia71@yahoo.com.<\/p><p><strong>Vice-coordenadores:<\/strong><br \/><em>Doris Elena Mu\u00f1oz Zapata.<\/em> Pontif\u00edcia Universidade Bolivariana (Col\u00f4mbia), doris.munoz@upb.edu.co - elemuza@gmail.com<br \/><em>Maria Val\u00e9ria Albardonedo<\/em>. Universidade Nacional de Comahue (Argentina), enialbardonedo@yahoo.com<\/p><p><span style=\"color: #800000;\"><a style=\"color: #800000;\" href=\"https:\/\/alaic.org\/pt\/grupos\/gt5-comunicacion-y-salud\/\">IR PARA O GRUPO<\/a><\/span><\/p>\t\t\t\t<\/div>\r\n\t\t\t<\/div>\r\n\t\t\t\t\t\t<div class=\"acc-item\">\r\n\t\t\t\t<div class=\"acc-toggle flex-middle\" data-default=\"\">GT6 Economia Pol\u00edtica das Comunica\u00e7\u00f5es \r\n\t\t\t\t\t<i class=\"ot-flaticon-arrowsoutline\"><\/i>\r\n\t\t\t\t<\/div>\r\n\t\t\t\t<div class=\"acc-content\">\r\n\t\t\t\t\t<p>A an\u00e1lise econ\u00f4mica das comunica\u00e7\u00f5es \u00e9 fundamental para a compreens\u00e3o das principais quest\u00f5es subjacentes \u00e0s crises do capitalismo contempor\u00e2neo. Informa\u00e7\u00e3o, comunica\u00e7\u00e3o e cultura ganharam centralidade pol\u00edtica e econ\u00f4mica na reestrutura\u00e7\u00e3o do capital, com base em seus novos modos de expans\u00e3o por meio da mercantiliza\u00e7\u00e3o.<\/p><p>Construindo uma s\u00f3lida trajet\u00f3ria acad\u00eamica e pol\u00edtica na Am\u00e9rica Latina, a Economia Pol\u00edtica da Comunica\u00e7\u00e3o (PEC) aqui praticada analisa o modo como a comunica\u00e7\u00e3o e a cultura participam do processo de acumula\u00e7\u00e3o do capital, a partir das media\u00e7\u00f5es sociais estabelecidas pelo trabalho como categoria central que reflete a contradi\u00e7\u00e3o economia-cultura e a luta de classes.<\/p><p>O desenvolvimento acelerado da chamada &quot;neo-TV&quot;, no caminho da TV conectada 3.0 e das novas tecnologias de comunica\u00e7\u00e3o em nossos pa\u00edses, o avan\u00e7o preocupante da extrema direita e a privatiza\u00e7\u00e3o precipitada das telecomunica\u00e7\u00f5es em certas \u00e1reas, e a expans\u00e3o internacional de nossas ind\u00fastrias culturais sem sequer abordar internamente as quest\u00f5es prim\u00e1rias relacionadas \u00e0 estrutura democr\u00e1tica dos meios de comunica\u00e7\u00e3o de massa \u2014 tudo isso indica claramente a necessidade de discutir, com bases objetivas, quest\u00f5es espec\u00edficas urgentes na Am\u00e9rica Latina que n\u00e3o podem ser exclu\u00eddas de uma an\u00e1lise econ\u00f4mica.<\/p><p>O objetivo do grupo \u00e9 atender a organiza\u00e7\u00e3o de pesquisadores da comunica\u00e7\u00e3o latino-americanos preocupados com o tema. Trata-se de criar um canal de comunica\u00e7\u00e3o entre pesquisadores, economistas, cientistas da comunica\u00e7\u00e3o, cientistas pol\u00edticos, enfim, intelectuais cr\u00edticos capazes de contribuir para a constru\u00e7\u00e3o do corpo te\u00f3rico e anal\u00edtico interdisciplinar que o conhecimento da complexa realidade latino-americana na \u00e1rea exige.<\/p><p><strong>Coordenador:<\/strong><br \/><em>Daniela In\u00eas Monge<\/em> (Argentina), danielamonje70@gmail.com.<\/p><p><strong>Vice-coordenadores: <\/strong><br \/><em>Anderson Santos<\/em> (Brasil), anderson.gomes@santana.ufal.br<br \/><em>Diego Garc\u00eda Ram\u00edrez<\/em> (Col\u00f4mbia), garcia.ramirez.diego@gmail.com.<\/p><p><span style=\"color: #800000;\"><a style=\"color: #800000;\" href=\"https:\/\/alaic.org\/pt\/grupos\/gt6-economia-politica-de-las-comunicaciones\/\">IR PARA O GRUPO<\/a><\/span><\/p>\t\t\t\t<\/div>\r\n\t\t\t<\/div>\r\n\t\t\t\t\t\t<div class=\"acc-item\">\r\n\t\t\t\t<div class=\"acc-toggle flex-middle\" data-default=\"\">GT7 Estudos de Recep\u00e7\u00e3o \r\n\t\t\t\t\t<i class=\"ot-flaticon-arrowsoutline\"><\/i>\r\n\t\t\t\t<\/div>\r\n\t\t\t\t<div class=\"acc-content\">\r\n\t\t\t\t\t<p>An\u00e1lise dos processos sociodiscursivos e socioculturais de recep\u00e7\u00e3o midi\u00e1tica na explora\u00e7\u00e3o te\u00f3rico-metodol\u00f3gica da pesquisa emp\u00edrica e na reflex\u00e3o epistemol\u00f3gica, que envolve abordar a recep\u00e7\u00e3o como:<\/p><ul><li>A rela\u00e7\u00e3o da m\u00eddia com a cultura e a sociedade contempor\u00e2neas;<\/li><li>A rela\u00e7\u00e3o entre os textos e as leituras dos destinat\u00e1rios;<\/li><li>A abordagem de abordagens metodol\u00f3gicas para examinar as rela\u00e7\u00f5es entre receptores e m\u00eddias tradicionais, bem como entre receptores\/usu\u00e1rios de novas tecnologias;<\/li><li>Os modos de apropria\u00e7\u00e3o e suas implica\u00e7\u00f5es na constru\u00e7\u00e3o de produtos midi\u00e1ticos;<\/li><li>Interpreta\u00e7\u00e3o, uso e consumo de m\u00eddia e suas rela\u00e7\u00f5es com media\u00e7\u00f5es<\/li><\/ul><p><strong>Coordenador:<\/strong><br \/><em>T\u00e2nia Luc\u00eda Cobos<\/em> (Col\u00f4mbia), tcobos79@gmail.com.<\/p><p><strong> Vice-coordenadores:<\/strong><br \/><em>Jiani Bonin<\/em> (Brasil), jianiab@gmail.com<br \/><em>Elias Corn\u00e9lio<\/em> (M\u00e9xico), elia.c.mari@gmail.com<\/p><div>\u00a0<\/div><div><a href=\"https:\/\/alaic.org\/pt\/grupos\/gt7-estudios-de-recepcion\/\">IR PARA O GRUPO<\/a><\/div>\t\t\t\t<\/div>\r\n\t\t\t<\/div>\r\n\t\t\t\t\t\t<div class=\"acc-item\">\r\n\t\t\t\t<div class=\"acc-toggle flex-middle\" data-default=\"\">GT8 Comunica\u00e7\u00e3o Popular, Comunit\u00e1ria e Cidadania \r\n\t\t\t\t\t<i class=\"ot-flaticon-arrowsoutline\"><\/i>\r\n\t\t\t\t<\/div>\r\n\t\t\t\t<div class=\"acc-content\">\r\n\t\t\t\t\t<p>O grupo de trabalho configura-se como um espa\u00e7o de apresenta\u00e7\u00e3o e debate de pesquisas realizadas nas \u00e1reas da comunica\u00e7\u00e3o no contexto dos movimentos populares e\/ou sociais; nos sindicatos de trabalhadores; em pastorais sociais e em ONGs (organiza\u00e7\u00f5es n\u00e3o governamentais).<\/p><p>Promove a an\u00e1lise das alternativas de uso da r\u00e1dio, televis\u00e3o, jornais, internet e redes sociais (especialmente aquelas com abordagens de interven\u00e7\u00e3o, acompanhamento e gest\u00e3o para o desenvolvimento e mudan\u00e7a social), entre outras formas de comunica\u00e7\u00e3o comunit\u00e1ria. Analisa a quest\u00e3o da participa\u00e7\u00e3o, intera\u00e7\u00e3o e interatividade na m\u00eddia local e no circuito &quot;alternativo&quot;, inclusive no que se refere \u00e0 publicidade comunit\u00e1ria e social.<\/p><p>O grupo reflete sobre as inter-rela\u00e7\u00f5es entre comunica\u00e7\u00e3o e cultura pol\u00edtica para o exerc\u00edcio da cidadania; as manifesta\u00e7\u00f5es culturais das classes populares; e nas articula\u00e7\u00f5es entre comunica\u00e7\u00e3o popular, comunica\u00e7\u00e3o de massa e comunica\u00e7\u00e3o global.<\/p><p><strong>Coordenador:<\/strong><br \/><em>Mart\u00edn Mart\u00ednez Puga<\/em> (Uruguai), martin.martinez@fic.edu.uy<\/p><p><strong> Vice-coordenadores:<\/strong><br \/><em>Sandra Osses Rivera<\/em> (Col\u00f4mbia), sandraossesrivera@gmail.com<br \/><em>Adilson Vaz Cabral Filho<\/em> (Brasil), acabral@comunicacao.pro.br<\/p><p><span style=\"color: #800000;\"><a style=\"color: #800000;\" href=\"https:\/\/alaic.org\/pt\/grupos\/gt8-comunicacion-popular-comunitaria-y-ciudadania\/\">IR PARA O GRUPO<\/a><\/span><\/p>\t\t\t\t<\/div>\r\n\t\t\t<\/div>\r\n\t\t\t\t\t\t<div class=\"acc-item\">\r\n\t\t\t\t<div class=\"acc-toggle flex-middle\" data-default=\"\">GT9 Teoria e Metodologia da Pesquisa em Comunica\u00e7\u00e3o \r\n\t\t\t\t\t<i class=\"ot-flaticon-arrowsoutline\"><\/i>\r\n\t\t\t\t<\/div>\r\n\t\t\t\t<div class=\"acc-content\">\r\n\t\t\t\t\t<p>O GT se prop\u00f5e como um espa\u00e7o de an\u00e1lise, debate e reflex\u00e3o epistemol\u00f3gica, te\u00f3rica e metodol\u00f3gica sobre o campo da Comunica\u00e7\u00e3o. Por isso, os trabalhos devem ser orientados em sentido reflexivo sobre a pr\u00f3pria tarefa da investiga\u00e7\u00e3o. Para isso, prop\u00f5em-se os seguintes eixos tem\u00e1ticos:<\/p><ul><li>Revis\u00e3o do estado da arte no campo da comunica\u00e7\u00e3o sob uma perspectiva epistemol\u00f3gica, te\u00f3rica e metodol\u00f3gica.<\/li><li>Aprofundamento te\u00f3rico baseado na an\u00e1lise, reflex\u00e3o e\/ou cr\u00edtica de perspectivas, modelos, categorias ou autores no campo da comunica\u00e7\u00e3o, ou em outros campos do conhecimento, mas com impacto no pensamento comunicacional.<\/li><li>Reflex\u00e3o metodol\u00f3gica baseada na an\u00e1lise de perspectivas, modelos e t\u00e9cnicas de coleta e an\u00e1lise de dados no campo da comunica\u00e7\u00e3o.<\/li><li>Debate epistemol\u00f3gico, baseado na cr\u00edtica ao estatuto epistemol\u00f3gico da pesquisa em comunica\u00e7\u00e3o; contribui\u00e7\u00f5es sobre abordagens e an\u00e1lises inter, trans e multidisciplinares relacionadas \u00e0 constru\u00e7\u00e3o de objetos de pesquisa; reflex\u00f5es sobre a rela\u00e7\u00e3o entre teoria e metodologia, etc.<\/li><\/ul><p><strong>Coordenador:<\/strong><br \/><em>Eva Da Porta<\/em> (Argentina), evadaporta@gmail.com<\/p><p><strong>Vice-coordenadores:<\/strong><br \/><em>Marta Rizo<\/em> (M\u00e9xico), mrizog@gmail.com<br \/><em>Vilso J\u00fanior Santi<\/em>. UFRR (Brasil), vjrsanti@gmail.com<\/p><p><a href=\"https:\/\/alaic.org\/pt\/grupos\/gt9-teoria-y-metodologia-de-la-investigacion-en-comunicacion\/\"><span style=\"color: #800000;\">IR PARA O GRUPO<\/span><\/a><\/p>\t\t\t\t<\/div>\r\n\t\t\t<\/div>\r\n\t\t\t\t\t\t<div class=\"acc-item\">\r\n\t\t\t\t<div class=\"acc-toggle flex-middle\" data-default=\"\">GT10 Comunica\u00e7\u00e3o, Tecnologia e Desenvolvimento \r\n\t\t\t\t\t<i class=\"ot-flaticon-arrowsoutline\"><\/i>\r\n\t\t\t\t<\/div>\r\n\t\t\t\t<div class=\"acc-content\">\r\n\t\t\t\t\t<p>Os problemas do desenvolvimento e da mudan\u00e7a social, ligados \u00e0s transforma\u00e7\u00f5es t\u00e9cnicas e cient\u00edficas, mant\u00eam uma correla\u00e7\u00e3o cont\u00ednua com aspectos ligados \u00e0s inova\u00e7\u00f5es t\u00e9cnicas e aos processos no campo da comunica\u00e7\u00e3o. A rela\u00e7\u00e3o desses fen\u00f4menos com aspectos associados ao bem-estar nas sociedades em desenvolvimento ocorre a partir da articula\u00e7\u00e3o de elementos multifatoriais e constituintes como a dimens\u00e3o econ\u00f4mica; capital social; a dimens\u00e3o ambiental; a dimens\u00e3o cultural; capital intelectual; e a estrutura institucional, para que os fen\u00f4menos associados \u00e0s mudan\u00e7as tecnol\u00f3gicas ultrapassem a ideia de mera moderniza\u00e7\u00e3o ou crescimento econ\u00f4mico como caminho para o desenvolvimento. A comunica\u00e7\u00e3o \u00e9 o elo que estabelece os fluxos relacionais inerentes ao processo de desenvolvimento da sociedade, mediando a articula\u00e7\u00e3o entre as esferas sociais. Entende-se que a comunica\u00e7\u00e3o, a depender de sua estrutura, pode operar como uma tecnologia social a favor do desenvolvimento, que transcende sua perspectiva meramente instrumental para atentar para objetivos mercadol\u00f3gicos ou ataques ideol\u00f3gicos para compreend\u00ea-la como um fen\u00f4meno social que amplia as possibilidades expressivas de diferentes grupos da sociedade. No contexto contempor\u00e2neo, a comunica\u00e7\u00e3o adquire um protagonismo na sociedade e uma aproxima\u00e7\u00e3o da evolu\u00e7\u00e3o tecnol\u00f3gica, o que resulta em complexos processos de media\u00e7\u00e3o estruturados em rede, que indubitavelmente impactam a organiza\u00e7\u00e3o social, que, por sua vez, est\u00e1 intimamente relacionada com o processo de desenvolvimento. Os fen\u00f4menos comunicacionais baseados na estrutura de rede, potencializados pela internet e dispositivos m\u00f3veis se inserem como elementos que comp\u00f5em as articula\u00e7\u00f5es inerentes ao processo de desenvolvimento, seja de forma articulada ou divergente com o atual ecossistema midi\u00e1tico.<\/p><p>Este GT adota a concep\u00e7\u00e3o de Comunica\u00e7\u00e3o como tecnologia social e aborda pesquisas que enfatizam a rela\u00e7\u00e3o entre comunica\u00e7\u00e3o e as dimens\u00f5es do desenvolvimento. Essa premissa de pesquisa permite as seguintes abordagens: abordagens sociohist\u00f3ricas e culturais da dissemina\u00e7\u00e3o e circula\u00e7\u00e3o de informa\u00e7\u00f5es e inova\u00e7\u00f5es sociais; cr\u00edticas da comunica\u00e7\u00e3o a experi\u00eancias de interven\u00e7\u00e3o em desenvolvimento; rela\u00e7\u00f5es e estruturas de poder da comunica\u00e7\u00e3o no campo do desenvolvimento econ\u00f4mico; din\u00e2micas de participa\u00e7\u00e3o e forma\u00e7\u00e3o de capital social e cultural por meio da comunica\u00e7\u00e3o mediada; comunica\u00e7\u00e3o como elemento de mudan\u00e7a social e ambiental em um territ\u00f3rio; o estudo das tecnologias de informa\u00e7\u00e3o e comunica\u00e7\u00e3o para o desenvolvimento; os usos da comunica\u00e7\u00e3o para a produ\u00e7\u00e3o e dissemina\u00e7\u00e3o de conhecimento, com \u00eanfase no conhecimento cient\u00edfico, entendido como vetor de desenvolvimento e elemento essencial do projeto de desenvolvimento de uma na\u00e7\u00e3o. O conhecimento cient\u00edfico e o desenvolvimento tecnol\u00f3gico t\u00eam sido indissoci\u00e1veis de modelos de desenvolvimento econ\u00f4mico e social ao longo da modernidade. A comunica\u00e7\u00e3o p\u00fablica do conhecimento cient\u00edfico estabeleceu esses v\u00ednculos de diversas maneiras, reproduzindo ou desafiando o discurso dominante sobre desenvolvimento por meio de m\u00faltiplos formatos, m\u00eddias e linguagens. A pesquisa em comunica\u00e7\u00e3o cient\u00edfica p\u00fablica aborda e problematiza as maneiras pelas quais o conhecimento cient\u00edfico e a pr\u00e1tica cient\u00edfica t\u00eam sido representados em v\u00e1rias m\u00eddias e espa\u00e7os, os discursos que fundamentam os produtos de comunica\u00e7\u00e3o cient\u00edfica, as institui\u00e7\u00f5es e ind\u00fastrias culturais nas quais essa comunica\u00e7\u00e3o ocorre, as pr\u00e1ticas e os desafios para a intera\u00e7\u00e3o entre produtores e comunicadores de conhecimento, o papel conferido aos receptores e os imagin\u00e1rios sobre a ci\u00eancia mantidos por p\u00fablicos n\u00e3o especialistas.<\/p><p><strong>Coordenador:<\/strong><br \/><em>Claudia Pilar Garc\u00eda-Corredor<\/em> (Col\u00f4mbia), pigarcia@javeriana.edu.co<\/p><p><strong>Vice-coordenadores:<\/strong><br \/><em>M\u00f4nica Franchi Carniello<\/em> (Brasil)<br \/>m\u00f4nica.carniello@unitau.br<br \/><em>Ana Isabel Zerme\u00f1o Flores<\/em> (M\u00e9xico)<br \/>anaz@ucol.mx<\/p><p><span style=\"color: #800000;\"><a style=\"color: #800000;\" href=\"https:\/\/alaic.org\/pt\/grupos\/g10-comunicacion-tecnologia-y-desarrollo\/\">IR PARA O GRUPO<\/a><\/span><\/p>\t\t\t\t<\/div>\r\n\t\t\t<\/div>\r\n\t\t\t\t    <\/div>\r\n\r\n\t    \t\t<\/div>\n\t\t\t\t<\/div>\n\t\t\t\t<\/div>\n\t\t<div class=\"elementor-element elementor-element-a494e4d e-con-full e-flex e-con e-child\" data-id=\"a494e4d\" data-element_type=\"container\">\n\t\t\t\t<div class=\"elementor-element elementor-element-7589c57 elementor-widget elementor-widget-iaccordions\" data-id=\"7589c57\" data-element_type=\"widget\" data-widget_type=\"iaccordions.default\">\n\t\t\t\t<div class=\"elementor-widget-container\">\n\t\t\t\r\n\t\t<div class=\"ot-accordions\">\r\n\t\t\t\t\t\t<div class=\"acc-item\">\r\n\t\t\t\t<div class=\"acc-toggle flex-middle\" data-default=\"\">GT11 Comunica\u00e7\u00e3o e Estudos Socioculturais \r\n\t\t\t\t\t<i class=\"ot-flaticon-arrowsoutline\"><\/i>\r\n\t\t\t\t<\/div>\r\n\t\t\t\t<div class=\"acc-content\">\r\n\t\t\t\t\t<p>Nosso prop\u00f3sito \u00e9 estudar fen\u00f4menos comunicacionais a partir de uma perspectiva sociocultural, o que representa um desafio m\u00faltiplo na sociedade contempor\u00e2nea. Problematizar o lugar das ind\u00fastrias culturais e os significados que elas constroem nos permite investigar imagin\u00e1rios sociais, representa\u00e7\u00f5es, discursos e formas de rela\u00e7\u00f5es sociais a partir do presente. O estudo dos processos comunicacionais envolve analisar, descrever e sistematizar as formas como habitamos e desabitamos usos e costumes; desde processos migrat\u00f3rios, movimentos sociais, pr\u00e1ticas art\u00edsticas, experi\u00eancias digitais que articulam territ\u00f3rios online e offline, rizomas de mem\u00f3ria e processos inter\/multiculturais, entre outros.<\/p><p><strong><span style=\"vertical-align: inherit;\">Coordenador:<\/span><\/strong><br \/><em>Maria Isabel Nore\u00f1a<\/em> (Col\u00f4mbia), maria.norena.w@uniminuto.edu - mnorenaw@gmail.com<\/p><p><strong><span style=\"vertical-align: inherit;\">Vice-coordenador:<\/span><\/strong><br \/><em>Lia Gomez<\/em> (Argentina), lialaig@gmail.com<\/p><p><span style=\"color: #800000;\"><a style=\"color: #800000;\" href=\"https:\/\/alaic.org\/pt\/grupos\/g11-comunicacion-y-estudios-socioculturales\/\"><span style=\"vertical-align: inherit;\">IR PARA O GRUPO<\/span><\/a><\/span><\/p>\t\t\t\t<\/div>\r\n\t\t\t<\/div>\r\n\t\t\t\t\t\t<div class=\"acc-item\">\r\n\t\t\t\t<div class=\"acc-toggle flex-middle\" data-default=\"\">GT12 Comunica\u00e7\u00e3o para a Mudan\u00e7a Social \r\n\t\t\t\t\t<i class=\"ot-flaticon-arrowsoutline\"><\/i>\r\n\t\t\t\t<\/div>\r\n\t\t\t\t<div class=\"acc-content\">\r\n\t\t\t\t\t<p><span style=\"vertical-align: inherit;\">O objetivo deste Grupo Tem\u00e1tico \u00e9 a discuss\u00e3o em torno de paradigmas e experi\u00eancias de Comunica\u00e7\u00e3o para o desenvolvimento e mudan\u00e7a social. Desde a d\u00e9cada de 1960, a comunica\u00e7\u00e3o do desenvolvimento foi influenciada por v\u00e1rios modelos, por vezes contradit\u00f3rios. Nas d\u00e9cadas de 1960 e 1970, prevaleceram as escolas difusionistas e mecanicistas da Am\u00e9rica do Norte, embora j\u00e1 houvesse um pensamento diferente gerado na \u00c1sia e na Am\u00e9rica Latina. A partir da d\u00e9cada de 1970, surgiram outras propostas relacionadas \u00e0s teorias da depend\u00eancia, que levavam em conta aspectos da sociedade, da pol\u00edtica e da cultura local.<\/span><\/p><p><span style=\"vertical-align: inherit;\">A comunica\u00e7\u00e3o para o desenvolvimento, com alguns elementos de participa\u00e7\u00e3o comunit\u00e1ria, foi adotada por algumas organiza\u00e7\u00f5es de coopera\u00e7\u00e3o internacional e em certa medida perdeu seus objetivos de participa\u00e7\u00e3o para a mudan\u00e7a social. Queremos acompanhar o processo de renova\u00e7\u00e3o da teoria e pr\u00e1tica da comunica\u00e7\u00e3o para a mudan\u00e7a social, que resgata aspectos de di\u00e1logo, participa\u00e7\u00e3o e reapropria\u00e7\u00e3o dos processos de comunica\u00e7\u00e3o para o fortalecimento organizacional e a mudan\u00e7a social.<\/span><\/p><p>Os modelos emergentes das experi\u00eancias de independ\u00eancia da \u00c1frica, da \u00c1sia e da Am\u00e9rica Latina est\u00e3o intimamente ligados aos acontecimentos pol\u00edticos e sociais, e num sentido mais amplo aos valores e express\u00f5es das identidades culturais. Uma de suas principais premissas \u00e9 que as causas do subdesenvolvimento s\u00e3o estruturais, t\u00eam a ver com a posse da terra, com a falta de liberdades coletivas, com a opress\u00e3o das culturas ind\u00edgenas, com a injusti\u00e7a social e outras quest\u00f5es pol\u00edticas e sociais, e n\u00e3o apenas. com a falta de informa\u00e7\u00e3o e conhecimento.<\/p><p>Esses modelos promovem mudan\u00e7as sociais coletivas e n\u00e3o individuais, e a\u00e7\u00f5es de comunica\u00e7\u00e3o das comunidades e n\u00e3o para as comunidades. A participa\u00e7\u00e3o dos atores envolvidos \u00e9 fundamental nas propostas de comunica\u00e7\u00e3o alternativa e participativa para o desenvolvimento, que s\u00e3o as express\u00f5es mais reconhecidas da comunica\u00e7\u00e3o para a mudan\u00e7a social. A comunica\u00e7\u00e3o para a mudan\u00e7a social resgata e aprofunda o caminho percorrido por ambos. O essencial \u00e9 que questione o conceito de desenvolvimento que n\u00e3o conte com a participa\u00e7\u00e3o dos setores diretamente afetados, e promova uma comunica\u00e7\u00e3o que torne efetiva a participa\u00e7\u00e3o da comunidade, particularmente dos setores mais pobres e isolados.<\/p><p>Nos \u00faltimos anos, a comunica\u00e7\u00e3o de mudan\u00e7a social entrou fortemente tanto na linguagem acad\u00eamica quanto nas pr\u00e1ticas de comunica\u00e7\u00e3o participativa, substituindo um pouco a Comunica\u00e7\u00e3o para o Desenvolvimento, que vinha sendo questionada.<\/p><p><strong>Coordenador:<\/strong><br \/><em>Jair Vega<\/em> (Col\u00f4mbia)<br \/>jvega@uninorte.edu.co<\/p><p><strong>Vice-coordenadores:<\/strong><br \/><em>Cl\u00e1udia Magalh\u00e3es<\/em> (M\u00e9xico)<br \/>clausmagallanes@yahoo.com.mx<br \/><span style=\"vertical-align: inherit;\"><em>Cec\u00edlia Ceraso<\/em> (Argentina) <\/span><br \/><span style=\"vertical-align: inherit;\">ceciceraso@gmail.com<\/span><\/p><p><span style=\"color: #800000;\"><a style=\"color: #800000;\" href=\"https:\/\/alaic.org\/pt\/grupos\/g12-comunicacion-para-el-cambio-social\/\"><span style=\"vertical-align: inherit;\">IR PARA O GRUPO<\/span><\/a><\/span><\/p>\t\t\t\t<\/div>\r\n\t\t\t<\/div>\r\n\t\t\t\t\t\t<div class=\"acc-item\">\r\n\t\t\t\t<div class=\"acc-toggle flex-middle\" data-default=\"\">GT13 Comunica\u00e7\u00e3o Publicit\u00e1ria \r\n\t\t\t\t\t<i class=\"ot-flaticon-arrowsoutline\"><\/i>\r\n\t\t\t\t<\/div>\r\n\t\t\t\t<div class=\"acc-content\">\r\n\t\t\t\t\t<p>O GT de Comunica\u00e7\u00e3o Publicit\u00e1ria tem como objetivo a an\u00e1lise, reflex\u00e3o e compreens\u00e3o da publicidade como fen\u00f4meno cultural e comunicacional. Para enfrentar o problema, ele prop\u00f5e uma discuss\u00e3o baseada nas seguintes linhas de trabalho:<\/p><ul><li>A estrutura da publicidade nos pa\u00edses latino-americanos.<\/li><li>O mercado publicit\u00e1rio latino-americano.<\/li><li>O ensino da publicidade.<\/li><li>An\u00e1lise de linguagem e mensagens publicit\u00e1rias.<\/li><li>G\u00eanero e publicidade.<\/li><li>Pesquisa de publicidade e pesquisa de mercado.<\/li><li>Publicidade governamental.<\/li><li>Publicidade social.<\/li><li>Criatividade, estrat\u00e9gias e campanhas publicit\u00e1rias.<\/li><li>Publicidade e novas tecnologias.<\/li><li>Representa\u00e7\u00f5es sociais e imagens na publicidade.<\/li><li>Marcas e marketing.<\/li><\/ul><p><strong>Coordenador:<\/strong><br \/><em>F\u00e1bio Andr\u00e9s Ribero Salazar<\/em>, Universidade Uniagustiniana (Col\u00f4mbia) fabio.ribero@uniagustiniana.edu.co<\/p><p><strong>Vice-coordenador:<\/strong><br \/><em>Andrea Samaniego<\/em>Universidade Nacional Aut\u00f4noma do M\u00e9xico UNAM (M\u00e9xico)<\/p><p><span style=\"color: #800000;\"><a style=\"color: #800000;\" href=\"https:\/\/alaic.org\/pt\/grupos\/g13-comunicacion-pubicitaria\/\">IR PARA O GRUPO<\/a><\/span><\/p>\t\t\t\t<\/div>\r\n\t\t\t<\/div>\r\n\t\t\t\t\t\t<div class=\"acc-item\">\r\n\t\t\t\t<div class=\"acc-toggle flex-middle\" data-default=\"\">GT14 Fala e Comunica\u00e7\u00e3o \r\n\t\t\t\t\t<i class=\"ot-flaticon-arrowsoutline\"><\/i>\r\n\t\t\t\t<\/div>\r\n\t\t\t\t<div class=\"acc-content\">\r\n\t\t\t\t\t<p>Os estudos dos discursos e da produ\u00e7\u00e3o de sentidos presentes nos processos de cria\u00e7\u00e3o, circula\u00e7\u00e3o e consumo nas pr\u00e1ticas de comunica\u00e7\u00e3o, a partir de diferentes abordagens te\u00f3rico-metodol\u00f3gicas, caracterizam o escopo do Grupo de Trabalho &quot;Discurso e Comunica\u00e7\u00e3o&quot; da ALAIC. Nossos objetivos s\u00e3o: promover o conhecimento e divulgar pesquisas que abordem diferentes aspectos relacionados \u00e0 estrutura, uso e gest\u00e3o da linguagem nos processos de comunica\u00e7\u00e3o (m\u00eddia de massa, novas tecnologias, comunica\u00e7\u00e3o interpessoal, pr\u00e1ticas culturais). Da mesma forma, relacionar as dimens\u00f5es epistemol\u00f3gicas, te\u00f3ricas, metodol\u00f3gicas existentes na produ\u00e7\u00e3o cient\u00edfica e acad\u00eamica da comunica\u00e7\u00e3o relacionada aos estudos do discurso, estudos semi\u00f3ticos.<\/p><p>O grupo deseja divulgar trabalhos que se baseiam no estudo das linguagens, produ\u00e7\u00e3o de significados, discursos, narrativas, experi\u00eancias est\u00e9ticas mediadas, trocas verbais e n\u00e3o verbais, sistemas de signos e processos semi\u00f3ticos. Estudos que usam ou aplicam teorias e m\u00e9todos relevantes para estudos do discurso, estudos sem\u00e2nticos, hermen\u00eauticos e fenomenol\u00f3gicos no campo da comunica\u00e7\u00e3o.<\/p><p><strong>Coordenador:<\/strong><br \/><em>Fernando Andacht<\/em> (Uruguai)<br \/>fernando.andacht@fic.edu.uy<\/p><p><strong>Vice-coordenadores:<\/strong><br \/><em>Silvia \u00c1lvarez Curbelo<\/em> (Porto Rico), salvarezcurbelo@gmail.com<br \/><em>Carlos Henrique Sabino Caldas<\/em> (Brasil), carlos.caldas@uemg.br<\/p><p><span style=\"color: #800000;\"><a style=\"color: #800000;\" href=\"https:\/\/alaic.org\/pt\/grupos\/g14-discurso-y-comunicacion\/\">IR PARA O GRUPO<\/a><\/span><\/p>\t\t\t\t<\/div>\r\n\t\t\t<\/div>\r\n\t\t\t\t\t\t<div class=\"acc-item\">\r\n\t\t\t\t<div class=\"acc-toggle flex-middle\" data-default=\"\">GT15 Comunica\u00e7\u00e3o e Cidade \r\n\t\t\t\t\t<i class=\"ot-flaticon-arrowsoutline\"><\/i>\r\n\t\t\t\t<\/div>\r\n\t\t\t\t<div class=\"acc-content\">\r\n\t\t\t\t\t<p>O grupo de trabalho tem-se constitu\u00eddo desde a sua g\u00e9nese num espa\u00e7o de encontro e troca centrado na investiga\u00e7\u00e3o e interven\u00e7\u00e3o dos fen\u00f3menos da comunica\u00e7\u00e3o urbana, na converg\u00eancia inter e transdisciplinar dos chamados estudos culturais urbanos, com especial destaque para perspectivas etnogr\u00e1ficas. , de an\u00e1lise das narrativas e dos contributos das v\u00e1rias profiss\u00f5es da comunica\u00e7\u00e3o (cr\u00f3nica urbana, documentalismo audiovisual, jornalismo investigativo, etc.).<\/p><p>No vasto leque de tem\u00e1ticas que convergem entre a comunica\u00e7\u00e3o e a cidade, o grupo de trabalho tem debru\u00e7ado sobre diferentes dimens\u00f5es e aspetos da cultura urbana, dos seus processos de subjetiva\u00e7\u00e3o e respetivas din\u00e2micas mediacionais. S\u00e3o abordadas quest\u00f5es relacionadas com as concep\u00e7\u00f5es de espa\u00e7o p\u00fablico, de lugar antropol\u00f3gico, de pr\u00e1ticas quotidianas, segundo diversos tipos de din\u00e2micas sociais e pol\u00edticas que afectam directa e indirectamente a vida urbana, com especial destaque para a problematiza\u00e7\u00e3o da comunica\u00e7\u00e3o.<\/p><p>As particularidades de nossa Am\u00e9rica Latina a esse respeito s\u00e3o altamente significativas em escala planet\u00e1ria, raz\u00e3o pela qual a quest\u00e3o urbana \u00e9 crucial para a compreens\u00e3o de nossas sociedades. A partir de uma perspectiva complexa e composicional da no\u00e7\u00e3o de territ\u00f3rio, as urbanidades latino-americanas n\u00e3o se limitam ao que acontece nas fronteiras dos Estados-na\u00e7\u00e3o: redes diasp\u00f3ricas em outras cidades, produ\u00e7\u00f5es culturais marcadas por seu car\u00e1ter h\u00edbrido, articulam-se em redes que atravessam territ\u00f3rios e constituem modos de habitar com din\u00e2micas desterritorializadas e reterritorializantes, tanto nas ruas quanto no ciberespa\u00e7o.<\/p><p>Assim, o desenho dos espa\u00e7os-tempos do habitat humano contempor\u00e2neo surge como um horizonte a partir do qual se pode abordar a produ\u00e7\u00e3o, a troca e o consumo de sentidos e significados, as lutas pelo direito \u00e0 cidade a partir de diversas formas de organiza\u00e7\u00e3o, as media\u00e7\u00f5es tecnol\u00f3gicas nos diferentes ambientes de vida e a apropria\u00e7\u00e3o singular de formas de representa\u00e7\u00e3o do social, entre outras, a partir de pr\u00e1ticas e a\u00e7\u00f5es, de acordo com as capacidades de agenciamento e de manipula\u00e7\u00e3o dos materiais de express\u00e3o que nos constituem enquanto habitantes, urbanitas, cidad\u00e3os, residentes e todos tipos de subjetiva\u00e7\u00e3o como parte do processo em quest\u00e3o.<\/p><p>Nesse sentido, o grupo de trabalho incentiva a participa\u00e7\u00e3o de pesquisadores preocupados com a pesquisa em comunica\u00e7\u00e3o e cidade dos mais amplos campos de pesquisa e a\u00e7\u00e3o, interessados em trocar e se enriquecer com uma an\u00e1lise que tente articular as contribui\u00e7\u00f5es das artes, ci\u00eancias e filosofia para a cria\u00e7\u00e3o de conhecimento e comunica\u00e7\u00e3o.<\/p><p><strong>Coordenador:<\/strong><br \/><em>Ximena Poo<\/em> (Pimenta)<br \/>xpoo@uchile.cl - ximenapoo@gmail.com<\/p><p><strong>Vice-coordenadores:<\/strong><br \/><em>Mayda Burjel<\/em>Universidade da Rep\u00fablica (Uruguai)<br \/><em>Simone Luci Pereira<\/em>. Universidade Paulista (Brasil)<\/p><p><span style=\"color: #800000;\"><a style=\"color: #800000;\" href=\"https:\/\/alaic.org\/pt\/grupos\/g15-comunicacion-y-ciudad\/\">IR PARA O GRUPO<\/a><\/span><\/p>\t\t\t\t<\/div>\r\n\t\t\t<\/div>\r\n\t\t\t\t\t\t<div class=\"acc-item\">\r\n\t\t\t\t<div class=\"acc-toggle flex-middle\" data-default=\"\">GT16 Estudos de Jornalismo \r\n\t\t\t\t\t<i class=\"ot-flaticon-arrowsoutline\"><\/i>\r\n\t\t\t\t<\/div>\r\n\t\t\t\t<div class=\"acc-content\">\r\n\t\t\t\t\t<p>O grupo de trabalho de Estudos de Jornalismo busca refletir e gerar informa\u00e7\u00f5es emp\u00edricas sobre os processos de produ\u00e7\u00e3o, circula\u00e7\u00e3o e consumo de mensagens jornal\u00edsticas na Am\u00e9rica Latina.<\/p><p>Os acad\u00eamicos podem participar das seguintes linhas de pesquisa:<\/p><ul><li>Ensaios ou trabalhos emp\u00edricos sobre a economia pol\u00edtica dos meios de comunica\u00e7\u00e3o latino-americanos, seus padr\u00f5es de propriedade e controle, estruturas, depend\u00eancia publicit\u00e1ria, etc.;<\/li><li>Ensaios ou trabalhos emp\u00edricos (pesquisas, entrevistas, etnografias, etc.) sobre os processos de produ\u00e7\u00e3o e distribui\u00e7\u00e3o de mensagens jornal\u00edsticas nos pa\u00edses latino-americanos;<\/li><li>Ensaios ou trabalhos emp\u00edricos (an\u00e1lise de conte\u00fado, an\u00e1lise do discurso, etc.) sobre o conte\u00fado das mensagens jornal\u00edsticas impressas ou audiovisuais da m\u00eddia latino-americana;<\/li><li>Ensaios ou trabalhos emp\u00edricos (pesquisas, entrevistas, sess\u00f5es de grupo, observa\u00e7\u00e3o participante, etnografias) sobre os processos de recep\u00e7\u00e3o, consumo e apropria\u00e7\u00e3o de mensagens jornal\u00edsticas na Am\u00e9rica Latina.<\/li><\/ul><p data-start=\"70\" data-end=\"173\"><strong data-start=\"70\" data-end=\"87\">Coordenador:<\/strong><br data-start=\"87\" data-end=\"90\" \/>Christina Ferraz Musse (Brasil), <a class=\"decorated-link cursor-pointer\" rel=\"noopener\" data-start=\"123\" data-end=\"145\">cferrazmusse@gmail.com<\/a> - <a class=\"decorated-link cursor-pointer\" rel=\"noopener\" data-start=\"148\" data-end=\"171\" data-is-only-node=\"\">christina.musse@ufjf.br<\/a><\/p><p data-start=\"175\" data-end=\"374\"><strong data-start=\"175\" data-end=\"198\">Vice-coordenadores:<\/strong><br data-start=\"198\" data-end=\"201\" \/>Frederico de Mello Brand\u00e3o Tavares (Brasil), <a class=\"decorated-link cursor-pointer\" rel=\"noopener\" data-start=\"246\" data-end=\"269\">fredmbtavares@gmail.com<\/a> - <a class=\"decorated-link cursor-pointer\" rel=\"noopener\" data-start=\"272\" data-end=\"298\" data-is-only-node=\"\">fredtavares.ufop@gmail.com<\/a><br data-start=\"298\" data-end=\"301\" \/>Natalia Uval (Uruguai), <a class=\"decorated-link cursor-pointer\" rel=\"noopener\" data-start=\"325\" data-end=\"346\">nataliauval@gmail.com<\/a> - <a class=\"decorated-link cursor-pointer\" rel=\"noopener\" data-start=\"349\" data-end=\"372\">natalia.uval@fic.edu.uy<\/a><\/p><p><span style=\"color: #800000;\"><a style=\"color: #800000;\" href=\"https:\/\/alaic.org\/pt\/grupos\/g16-estudios-de-periodismo\/\">IR PARA O GRUPO<\/a><\/span><\/p>\t\t\t\t<\/div>\r\n\t\t\t<\/div>\r\n\t\t\t\t\t\t<div class=\"acc-item\">\r\n\t\t\t\t<div class=\"acc-toggle flex-middle\" data-default=\"\">GT17 Comunica\u00e7\u00e3o e Hist\u00f3ria \r\n\t\t\t\t\t<i class=\"ot-flaticon-arrowsoutline\"><\/i>\r\n\t\t\t\t<\/div>\r\n\t\t\t\t<div class=\"acc-content\">\r\n\t\t\t\t\t<div><p><span lang=\"ES-UY\">O GT17 Comunica\u00e7\u00e3o e Hist\u00f3ria centra-se nos seguintes interesses: mem\u00f3rias, narrativas e pr\u00e1ticas comunicativas numa perspetiva hist\u00f3rica, em tr\u00eas \u00e1reas principais:<br \/><\/span><\/p><ul><li><span lang=\"ES-UY\">Representa\u00e7\u00f5es, pr\u00e1ticas<\/span> e os sentidos em perspectiva hist\u00f3rica;<\/li><li><span lang=\"ES-UY\">O arquivo contempor\u00e2neo, seu significado, sua import\u00e2ncia e seus problemas;<\/span><\/li><li><span lang=\"ES-UY\">Representa\u00e7\u00f5es midi\u00e1ticas da hist\u00f3ria e a m\u00eddia como espa\u00e7o de mem\u00f3ria.<\/span><\/li><\/ul><p><strong>Coordenador:<\/strong><br \/><em>J\u00falio Eduardo Benavides Campos<\/em> (Col\u00f4mbia), jbenavides@unab.edu.co<\/p><p><strong>Vice-coordenadores:<\/strong><br \/><em>Ernane Correa Rabelo<\/em> (Brasil), ernanerabelo@ufv.br<\/p><\/div><p><span style=\"color: #800000;\"><a style=\"color: #800000;\" href=\"https:\/\/alaic.org\/pt\/grupos\/g17-comunicacion-e-historia\/\"><span style=\"vertical-align: inherit;\">IR PARA O GRUPO<\/span><\/a><\/span><\/p>\t\t\t\t<\/div>\r\n\t\t\t<\/div>\r\n\t\t\t\t\t\t<div class=\"acc-item\">\r\n\t\t\t\t<div class=\"acc-toggle flex-middle\" data-default=\"\">GT18 \u00c9tica, Liberdade de Express\u00e3o e Direito \u00e0 Comunica\u00e7\u00e3o \r\n\t\t\t\t\t<i class=\"ot-flaticon-arrowsoutline\"><\/i>\r\n\t\t\t\t<\/div>\r\n\t\t\t\t<div class=\"acc-content\">\r\n\t\t\t\t\t<p>O direito \u00e0 comunica\u00e7\u00e3o vai muito al\u00e9m do direito \u00e0 liberdade de express\u00e3o e \u00e0 divulga\u00e7\u00e3o de informa\u00e7\u00f5es, estendendo-se tamb\u00e9m \u00e0 esfera da produ\u00e7\u00e3o e circula\u00e7\u00e3o de informa\u00e7\u00f5es, bem como dos processos participativos de tomada de decis\u00e3o.<\/p><p>O Grupo pretende reunir pesquisas relacionadas \u00e0 autorregula\u00e7\u00e3o, co-regula\u00e7\u00e3o e regula\u00e7\u00e3o da m\u00eddia, abordando estudos sobre acesso \u00e0 informa\u00e7\u00e3o e direito \u00e0 comunica\u00e7\u00e3o. Tamb\u00e9m se interessa por pol\u00edticas p\u00fablicas que promovam o acesso \u00e0 informa\u00e7\u00e3o, a liberdade de express\u00e3o e o pluralismo e a diversidade cultural como princ\u00edpios fundamentais.<\/p><div><p><strong>Coordenador:<\/strong><br \/><em>Adriana C. Omena dos Santos<\/em> (Brasil), adriomena@gmail.com<\/p><p><strong><span style=\"vertical-align: inherit;\">Vice-coordenador:<\/span><\/strong><br \/><em>Laura Mart\u00ednez \u00c1guila<\/em> (M\u00e9xico), laumartag@gmail.com<\/p><\/div><div><div class=\"page\" title=\"P\u00e1gina 8\"><div class=\"layoutArea\"><div class=\"column\">\u00a0<\/div><\/div><\/div><\/div><p><span style=\"color: #800000;\"><a style=\"color: #800000;\" href=\"https:\/\/alaic.org\/pt\/grupos\/g18-etica-libertad-d-expresion-y-derecho-a-la-comunicacion\/\"><span style=\"vertical-align: inherit;\">IR PARA O GRUPO<\/span><\/a><\/span><\/p>\t\t\t\t<\/div>\r\n\t\t\t<\/div>\r\n\t\t\t\t\t\t<div class=\"acc-item\">\r\n\t\t\t\t<div class=\"acc-toggle flex-middle\" data-default=\"\">GT19 Comunica\u00e7\u00e3o Digital, Redes e Processos \r\n\t\t\t\t\t<i class=\"ot-flaticon-arrowsoutline\"><\/i>\r\n\t\t\t\t<\/div>\r\n\t\t\t\t<div class=\"acc-content\">\r\n\t\t\t\t\t<p>Quase tr\u00eas d\u00e9cadas depois do aparecimento do primeiro meio de informa\u00e7\u00e3o online, a comunica\u00e7\u00e3o digital afirmou-se como parte ativa no desenvolvimento dos imagin\u00e1rios das sociedades contempor\u00e2neas.<\/p><p>Este Grupo recebe trabalhos relacionados a temas como: * Ciberjornalismo e cibercultura. * Usabilidade\/acessibilidade. * Arquitetura de informa\u00e7\u00e3o. *Transforma\u00e7\u00e3o digital das organiza\u00e7\u00f5es. * Cibercultura e culturas juvenis. * Redes e algoritmos. * Jornalismo de dados. * Novos h\u00e1bitos informativos das audi\u00eancias. *Cultura de software e aplicativos. * M\u00eddia experimental *Interatividade e converg\u00eancia de m\u00eddias. * R\u00e1dio e TV digital. * Narrativas digitais. * Est\u00e9tica e imagem digital. * Comunidades e redes virtuais. * Colabora\u00e7\u00e3o em rede. * Hist\u00f3rico da Internet.<\/p><p><strong>Coordenador:<\/strong><br \/><em>Jorge Alberto Hidalgo Toledo<\/em> (M\u00e9xico) jhidalgo@anahuac.mx<\/p><p><strong>Vice-coordenadores:<\/strong><br \/><em>Magda Rodrigues da Cunha<\/em> (Brasil), magda.cunha@gmail.com<br \/><em>Lu\u00eds C\u00e1rcamo<\/em> (Chile), luis.carcamo@gmail.com<\/p><p><span style=\"color: #800000;\"><a style=\"color: #800000;\" href=\"https:\/\/alaic.org\/pt\/grupos\/gt19-comunicacion-digital-redes-y-procesos\/\">IR PARA O GRUPO<\/a><\/span><\/p>\t\t\t\t<\/div>\r\n\t\t\t<\/div>\r\n\t\t\t\t\t\t<div class=\"acc-item\">\r\n\t\t\t\t<div class=\"acc-toggle flex-middle\" data-default=\"\">GT20 Comunica\u00e7\u00e3o, G\u00eanero e Diversidade \r\n\t\t\t\t\t<i class=\"ot-flaticon-arrowsoutline\"><\/i>\r\n\t\t\t\t<\/div>\r\n\t\t\t\t<div class=\"acc-content\">\r\n\t\t\t\t\t<p>O Grupo Tem\u00e1tico Comunica\u00e7\u00e3o, G\u00eanero e Diversidade tem como objetivo proporcionar um espa\u00e7o de s\u00edntese, reflex\u00e3o e debate cr\u00edtico, a partir de uma perspectiva interdisciplinar e diversa, sobre quest\u00f5es, teorias e metodologias no campo dos estudos de comunica\u00e7\u00e3o, g\u00eanero e diversidade.<\/p><p>N\u00f3s propomos:<\/p><ul><li>Trocar e partilhar pesquisas e experi\u00eancias que, numa perspetiva interdisciplinar e diversificada, promovam a reflex\u00e3o e o debate em torno de problemas, teorias e metodologias no dom\u00ednio dos estudos da comunica\u00e7\u00e3o, do g\u00e9nero e da diversidade.<\/li><li>Observar e analisar as pr\u00e1ticas comunicativas, os discursos e as representa\u00e7\u00f5es das mulheres, dos grupos sexualmente diversos, das masculinidades e das feminilidades, que reproduzem estere\u00f3tipos de g\u00e9nero, invisibilizam as diversidades, promovem discursos de \u00f3dio, que amea\u00e7am os direitos comunicativos da popula\u00e7\u00e3o, bem como aqueles que contestam a formas hegem\u00f4nicas de figura\u00e7\u00e3o e visibilidade. Tanto aqueles produzidos a partir de \u00e1reas de comunica\u00e7\u00e3o popular e comunit\u00e1ria, como tamb\u00e9m provenientes das ind\u00fastrias culturais.<\/li><li>Refletir sobre a rela\u00e7\u00e3o entre g\u00e9nero e as tecnologias de informa\u00e7\u00e3o e comunica\u00e7\u00e3o, a partir dos processos de produ\u00e7\u00e3o de conte\u00fados, do reordenamento das rela\u00e7\u00f5es interpessoais e da complexidade das rela\u00e7\u00f5es sexo-g\u00e9nero mediadas pelos dispositivos tecnol\u00f3gicos e pela apropria\u00e7\u00e3o das TIC.<\/li><li>Analisar as pol\u00edticas p\u00fablicas e os marcos regulat\u00f3rios de comunica\u00e7\u00e3o e g\u00eanero na regi\u00e3o, bem como seu impacto na garantia do direito \u00e0 comunica\u00e7\u00e3o e outros direitos humanos das mulheres e das pessoas LGBTTIQ+.<\/li><li>Analisar as experi\u00eancias e condi\u00e7\u00f5es de trabalho e profissionais das mulheres nas ind\u00fastrias da comunica\u00e7\u00e3o e da cultura.<\/li><li>Analisar as pr\u00e1ticas de comunica\u00e7\u00e3o das organiza\u00e7\u00f5es com os seus p\u00fablicos na perspectiva do g\u00e9nero e da diversidade.<\/li><li>Refletir sobre as experi\u00eancias de educa\u00e7\u00e3o e forma\u00e7\u00e3o em comunica\u00e7\u00e3o numa perspetiva de g\u00e9nero e de direitos humanos, bem como sobre os respetivos processos de institucionaliza\u00e7\u00e3o e mainstreaming.<\/li><\/ul><p><strong>Coordenador:<\/strong><br \/><em>Yanet Mart\u00ednez Toledo. <\/em>CICOM, Universidade da Costa Rica (Costa Rica), yanetmartinezt@gmail.com<\/p><p><strong>Vice-coordenadores:<\/strong><br \/><em>Carolina Justo von Lurzer. <\/em>CONICET, Universidade de Buenos Aires (Argentina), justocarolina@gmail.com<br \/><em>Claudia Ivette Pedraza Bucio<\/em>Universidade La Salle Cidade do M\u00e9xico (M\u00e9xico), claudia.pedraza@lasalle.mx<\/p><p><span style=\"color: #800000;\"><a style=\"color: #800000;\" href=\"https:\/\/alaic.org\/pt\/grupos\/gt-20-comunicacion-genero-y-diversidad-sexual\/\"><span style=\"vertical-align: inherit;\">IR PARA O GRUPO<\/span><\/a><\/span><\/p>\t\t\t\t<\/div>\r\n\t\t\t<\/div>\r\n\t\t\t\t\t\t<div class=\"acc-item\">\r\n\t\t\t\t<div class=\"acc-toggle flex-middle\" data-default=\"\">GT21 Comunica\u00e7\u00e3o e Trabalho \r\n\t\t\t\t\t<i class=\"ot-flaticon-arrowsoutline\"><\/i>\r\n\t\t\t\t<\/div>\r\n\t\t\t\t<div class=\"acc-content\">\r\n\t\t\t\t\t<p>O GT Comunica\u00e7\u00e3o e Trabalho busca gerar trocas e debates sobre a interface entre comunica\u00e7\u00e3o e trabalho, o campo profissional e o mundo do trabalho em comunica\u00e7\u00e3o, suas dificuldades, mudan\u00e7as e desafios, num contexto de fortes transforma\u00e7\u00f5es sociais, culturais, pol\u00edticas e tecnol\u00f3gicas . Procura especialmente compreender como a digitaliza\u00e7\u00e3o altera as rotinas produtivas no campo da comunica\u00e7\u00e3o, com um olhar transversal \u00e0s desigualdades de g\u00e9nero, classe e identidades raciais. Prop\u00f5e analisar as rela\u00e7\u00f5es entre essas transforma\u00e7\u00f5es, as demandas sociais, as pol\u00edticas p\u00fablicas e a forma\u00e7\u00e3o profissional.<\/p><p><strong>Metas<\/strong><\/p><ul><li>Interc\u00e2mbio e debate, a partir de resultados de pesquisas, reflex\u00f5es te\u00f3ricas e metodol\u00f3gicas, sobre a interface comunica\u00e7\u00e3o-trabalho.<\/li><li>Analisar como as transforma\u00e7\u00f5es sociais, pol\u00edticas, econ\u00f4micas, culturais e tecnol\u00f3gicas - especialmente as digitais - afetam as rotinas e processos de trabalho, os pap\u00e9is e perfis profissionais e as trajet\u00f3rias de vida e trabalho dos comunicadores.<\/li><li>Analisar as rela\u00e7\u00f5es entre essas transforma\u00e7\u00f5es, as demandas sociais, as pol\u00edticas p\u00fablicas e a forma\u00e7\u00e3o profissional.<\/li><li>Promover a cria\u00e7\u00e3o de redes de investiga\u00e7\u00e3o em torno destes temas.<\/li><\/ul><p><strong>Coordenador:<\/strong><br \/><em>Roseli F\u00edgaro<\/em> (Brasil), roseli.figaro@gmail.comfigaro@gmail.com<\/p><p><strong>Vice-coordenadores:<\/strong><br \/><em>Teresa Vargas<\/em> (Argentina), teresitavargas@yahoo.com.ar<br \/><em>Jos\u00e9 M. Pereira<\/em> (Col\u00f4mbia), jmpereira.com@gmail.comc<br \/><em>Gabriel Kapl\u00fan<\/em> (Uruguai), gabriel.kaplun@fic.edu.uy<\/p><p><span style=\"color: #800000;\"><a style=\"color: #800000;\" href=\"https:\/\/alaic.org\/pt\/grupos\/gt-21-comunicacion-y-trabajo\/\">IR PARA O GRUPO<\/a><\/span><\/p>\t\t\t\t<\/div>\r\n\t\t\t<\/div>\r\n\t\t\t\t\t\t<div class=\"acc-item\">\r\n\t\t\t\t<div class=\"acc-toggle flex-middle\" data-default=\"\">Est\u00fadios de televis\u00e3o e streaming GT22  \r\n\t\t\t\t\t<i class=\"ot-flaticon-arrowsoutline\"><\/i>\r\n\t\t\t\t<\/div>\r\n\t\t\t\t<div class=\"acc-content\">\r\n\t\t\t\t\t<p>Os est\u00fadios de televis\u00e3o GT e <em>transmiss\u00e3o<\/em> estuda os fen\u00f4menos televisivos contempor\u00e2neos, a partir de suas caracter\u00edsticas, particularidades, rela\u00e7\u00f5es, transforma\u00e7\u00f5es culturais e tecnol\u00f3gicas implicadas no surgimento e consolida\u00e7\u00e3o dos sistemas de streaming.<\/p><p>O GT apresenta-se como um f\u00f3rum acad\u00e9mico que procura promover a investiga\u00e7\u00e3o sobre a televis\u00e3o e os fen\u00f3menos televisivos. <em>transmiss\u00e3o <\/em>e suas reconfigura\u00e7\u00f5es no contexto atual de mudan\u00e7as e transforma\u00e7\u00f5es, bem como de processos hist\u00f3ricos de longa data: considerando dimens\u00f5es est\u00e9ticas, pol\u00edticas, econ\u00f4micas, sociais, culturais e identit\u00e1rias. Ou seja, o GT tem interesse em investigar: pr\u00e1ticas, processos e linguagens; g\u00eaneros e formatos e suas din\u00e2micas de serializa\u00e7\u00e3o; as diferentes ind\u00fastrias regionais e globais de televis\u00e3o e streaming, com especial interesse na fic\u00e7\u00e3o, na sua est\u00e9tica e nas representa\u00e7\u00f5es sociais e identit\u00e1rias.<\/p><p>Resumidamente, o GT acolhe estudos sobre fic\u00e7\u00e3o em televis\u00e3o e plataformas de streaming que abordam as suas formas de produ\u00e7\u00e3o, distribui\u00e7\u00e3o, exibi\u00e7\u00e3o, circula\u00e7\u00e3o e recep\u00e7\u00e3o. Nesse sentido, s\u00e3o bem-vindos trabalhos com discuss\u00f5es te\u00f3ricas, metodol\u00f3gicas ou emp\u00edricas que considerem narrativas, representa\u00e7\u00f5es e rituais de consumo, bem como a multiplicidade de telas e plataformas. H\u00e1 tamb\u00e9m espa\u00e7o para debates sobre conte\u00fados, mercados, estrat\u00e9gias, internacionaliza\u00e7\u00e3o e experi\u00eancias est\u00e9ticas relacionadas \u00e0 fic\u00e7\u00e3o na televis\u00e3o e no streaming.<\/p><p><strong>Coordenadores:<\/strong><br \/><em>Dra. Maria Cristina Palma Mungioli<\/em>. Universidade de S\u00e3o Paulo (Brasil), crismungioli@usp.br<br \/><em>Giuliana Cassano<\/em>. Pontif\u00edcia Universidade Cat\u00f3lica do Peru (Peru), gcassano@pucp.edu.pe<br \/><em>Rosario S\u00e1nchez Vilela<\/em>Universidade Cat\u00f3lica do Uruguai (Uruguai), rsanchezvilela@gmail.com<\/p><p><span style=\"color: #800000;\"><a style=\"color: #800000;\" href=\"https:\/\/alaic.org\/pt\/grupos\/gt-22-estudios-de-television-y-streaming\/\">IR PARA O GRUPO<\/a><\/span><\/p>\t\t\t\t<\/div>\r\n\t\t\t<\/div>\r\n\t\t\t\t\t\t<div class=\"acc-item\">\r\n\t\t\t\t<div class=\"acc-toggle flex-middle\" data-default=\"\">GT23 Comunica\u00e7\u00e3o-Decolonialidade \r\n\t\t\t\t\t<i class=\"ot-flaticon-arrowsoutline\"><\/i>\r\n\t\t\t\t<\/div>\r\n\t\t\t\t<div class=\"acc-content\">\r\n\t\t\t\t\t<p>A concep\u00e7\u00e3o epist\u00eamica e as categorias te\u00f3rico-metodol\u00f3gicas tradicionais de abordagem, estudo e problematiza\u00e7\u00e3o dos processos comunicacionais contempor\u00e2neos respondem ao projeto civilizacional moderno-ocidental.<\/p><p>Assim, o ponto de partida do Grupo Tem\u00e1tico \u00e9 um campo comunicacional limitado pelas racionalidades excludentes que nele prevalecem, as quais se baseiam num racismo epist\u00eamico de origem colonial. Diante disso, a decolonialidade na Comunica\u00e7\u00e3o implica um posicionamento \u00e9tico, pol\u00edtico e epist\u00eamico cr\u00edtico da justi\u00e7a.<\/p><p>Isto incita \u00e0 reconceitualiza\u00e7\u00e3o do conhecimento comunicacional ancorado na falta de comunica\u00e7\u00e3o que os poderes instrumentalizam; mas tamb\u00e9m convoca uma consci\u00eancia cr\u00edtica e uma perspectiva geopol\u00edtica sobre a produ\u00e7\u00e3o, circula\u00e7\u00e3o e apropria\u00e7\u00e3o do conhecimento para a recupera\u00e7\u00e3o (des)construtiva das mem\u00f3rias e do projeto identit\u00e1rio do campo e da sua comunidade epist\u00eamica. Portanto, a Comunica\u00e7\u00e3o-Descolonialidade torna-se um projeto pol\u00edtico-epist\u00eamico e ontol\u00f3gico que visa (re)humanizar e re-dignificar tanto os processos quanto o pr\u00f3prio campo comunicacional.<\/p><p><strong>Metas<\/strong><\/p><ul><li>Sustentar um espa\u00e7o plural e cr\u00edtico que discuta as rela\u00e7\u00f5es de poder modernas\/coloniais e a geopol\u00edtica do conhecimento envolvida nas pr\u00e1ticas de conhecimento e comunica\u00e7\u00e3o, cuja natureza propositiva permita a articula\u00e7\u00e3o do pensamento comunicacional decolonial do Sul Global.<\/li><li>Considerar a pluralidade pol\u00edtico-epist\u00eamica e dial\u00f3gica como base para perspectivas te\u00f3ricas, metodol\u00f3gicas e pr\u00e1ticas capazes de problematizar o campo e produzir conhecimento comunicacional numa perspectiva decolonial.<\/li><li>Reconhecer, discutir, sistematizar e divulgar em chave decolonial os contributos subalternos para a experi\u00eancia e debate da Comunica\u00e7\u00e3o como campo de pr\u00e1ticas e saberes interculturais a partir da tens\u00e3o colonialidade\/descolonialidade.<\/li><li>Promover um di\u00e1logo de conhecimentos articulat\u00f3rios localizados na e da Am\u00e9rica Latina que desafie formas hegem\u00f4nicas de pensar e fazer comunica\u00e7\u00e3o e impacte outras pr\u00e1ticas e ag\u00eancias de comunica\u00e7\u00e3o.<\/li><li>Contribuir para a an\u00e1lise e redefini\u00e7\u00e3o cr\u00edtica da estrutura quase monopolista do campo da comunica\u00e7\u00e3o, seus subcampos, esferas, agentes, posi\u00e7\u00f5es e hierarquias.<\/li><\/ul><p><strong>Temas<\/strong><\/p><ul><li>Agentes, territ\u00f3rios, contextos, narrativas, resist\u00eancias e resson\u00e2ncias descolonizantes\/descoloniais e descolonizadoras nas pr\u00e1ticas e processos comunicacionais do Sul Global.<\/li><li>Conhecimentos, pr\u00e1ticas e geopol\u00edtica do conhecimento comunicacional.<\/li><li>Experi\u00eancias de comunica\u00e7\u00e3o como elementos estrat\u00e9gicos nos processos descolonizadores e descolonizadores.<\/li><li>A descoloniza\u00e7\u00e3o do pensamento comunicacional latino-americano como posi\u00e7\u00e3o pol\u00edtico-epist\u00eamica sob outras perspectivas te\u00f3rico-metodol\u00f3gicas.<\/li><li>Genealogias da comunica\u00e7\u00e3o em chave decolonial.<\/li><\/ul><p><strong>Coordenador:<\/strong><br \/><em>Ver\u00f4nica Maria Alves<\/em> Lima (Brasil), veronica.alveslima@gmail.com<\/p><p><strong>Vice-coordenadores:<\/strong><br \/><em>Hugo Ernesto Hern\u00e1ndez Carrasco<\/em> (M\u00e9xico), hugoehc@gmail.com<\/p><p><span style=\"color: #800000;\"><a style=\"color: #800000;\" href=\"https:\/\/alaic.org\/pt\/grupos\/gt-23-comunicacion-decolonialidad\/\">IR PARA O GRUPO<\/a><\/span><\/p>\t\t\t\t<\/div>\r\n\t\t\t<\/div>\r\n\t\t\t\t\t\t<div class=\"acc-item\">\r\n\t\t\t\t<div class=\"acc-toggle flex-middle\" data-default=\"\">GT24 R\u00e1dio e M\u00eddia Sonora \r\n\t\t\t\t\t<i class=\"ot-flaticon-arrowsoutline\"><\/i>\r\n\t\t\t\t<\/div>\r\n\t\t\t\t<div class=\"acc-content\">\r\n\t\t\t\t\t<p>O Grupo de Trabalho de R\u00e1dio e M\u00eddia Sonora concentra-se no estudo cr\u00edtico e multidimensional da comunica\u00e7\u00e3o sonora na Am\u00e9rica Latina, articulando perspectivas hist\u00f3ricas, sociais, culturais, tecnol\u00f3gicas e decoloniais. Suas linhas de pesquisa abrangem desde as transforma\u00e7\u00f5es contempor\u00e2neas no r\u00e1dio e no podcasting at\u00e9 os processos de produ\u00e7\u00e3o, circula\u00e7\u00e3o e recep\u00e7\u00e3o de mensagens sonoras. O grupo integra abordagens para p\u00fablicos especializados \u2014 comunit\u00e1rios, p\u00fablicos, universit\u00e1rios e educacionais \u2014, analisa os impactos de fen\u00f4menos socioculturais como migra\u00e7\u00e3o, feminismo e conflito, e explora novas narrativas, plataformas e experimentos ac\u00fasticos, incluindo arte sonora e g\u00eaneros emergentes. Tamb\u00e9m se interessa em compreender os sons que se originam em diversos territ\u00f3rios da regi\u00e3o, gerando suas pr\u00f3prias epistemologias e metodologias.<\/p><p>Seu trabalho se baseia nos pilares da informa\u00e7\u00e3o, cultura e educa\u00e7\u00e3o, promovendo a coopera\u00e7\u00e3o acad\u00eamica latino-americana, a forma\u00e7\u00e3o de jovens pesquisadores e a consolida\u00e7\u00e3o de redes internacionais. Reflete tamb\u00e9m sobre os novos paradigmas de comunica\u00e7\u00e3o das r\u00e1dios comunit\u00e1rias, ind\u00edgenas e afro-latino-americanas, e analisa criticamente os efeitos da intelig\u00eancia artificial nos processos de produ\u00e7\u00e3o sonora e na \u00e9tica profissional. De modo geral, o Grupo de Trabalho busca compreender e projetar o papel do r\u00e1dio e da m\u00eddia sonora em um contexto regional marcado por desigualdades, mudan\u00e7as tecnol\u00f3gicas e disputas sociopol\u00edticas, moldando uma agenda de pesquisa essencial para a comunica\u00e7\u00e3o latino-americana. O Grupo de Trabalho organizar\u00e1 encontros nos congressos da ALAIC, desenvolver\u00e1 projetos colaborativos que produzir\u00e3o peri\u00f3dicos e realizar\u00e1 atividades de divulga\u00e7\u00e3o, como eventos ao vivo, semin\u00e1rios e cursos.<span class=\"im\"><br \/><br \/><\/span><strong>Coordenador:<\/strong> Nair Prata, Universidade Federal de Ouro Preto e Universidade FUMEC, Brasil, <a href=\"mailto:nairprata@uol.com.br\" target=\"_blank\" rel=\"noopener\">nairprata@uol.com.br<\/a><br \/><br \/><strong>Coordenador Adjunto:<\/strong> N\u00e9lia Del Bianco, Universidade de Bras\u00edlia, Brasil,\u00a0<a href=\"mailto:neliadelbianco@gmail.com\" target=\"_blank\" rel=\"noopener\">neliadelbianco@gmail.com<\/a><br \/><br \/><strong>Coordenador Adjunto:<\/strong> Graciela Mart\u00ednez Mat\u00edas, Universidade Nacional Aut\u00f4noma do M\u00e9xico e Universidade Aut\u00f4noma da Cidade do M\u00e9xico, M\u00e9xico,\u00a0<a href=\"mailto:graciela.martinez@politicas.unam.mx\" target=\"_blank\" rel=\"noopener\">graciela.martinez@politicas.<wbr \/>unam.mx<\/a><br \/><br \/><strong>Coordenador Adjunto:<\/strong> Agust\u00edn Espada, Universidade Nacional de Quilmes, Argentina,\u00a0<a href=\"mailto:aeespada@gmail.com\" target=\"_blank\" rel=\"noopener\">aeespada@gmail.com<\/a><span class=\"im\"><br \/><\/span><\/p>\t\t\t\t<\/div>\r\n\t\t\t<\/div>\r\n\t\t\t\t    <\/div>\r\n\r\n\t    \t\t<\/div>\n\t\t\t\t<\/div>\n\t\t\t\t<\/div>\n\t\t\t\t\t<\/div>\n\t\t\t\t<\/div>\n\t\t\t\t<\/div>","protected":false},"excerpt":{"rendered":"<p>GT1 Comunica\u00e7\u00e3o Popular e Interculturalidade Este grupo de trabalho prop\u00f5e uma reflex\u00e3o cr\u00edtica sobre as m\u00faltiplas formas de comunica\u00e7\u00e3o que emergem em contextos interculturais e populares, especialmente na Am\u00e9rica Latina e no Caribe. Nosso interesse \u00e9 explorar as conex\u00f5es entre comunica\u00e7\u00e3o, interculturalidade (em suas m\u00faltiplas express\u00f5es), culturas populares e pr\u00e1ticas socioculturais, reconhecendo a riqueza expressiva de [\u2026]<\/p>","protected":false},"author":22,"featured_media":0,"parent":0,"menu_order":0,"comment_status":"closed","ping_status":"closed","template":"","meta":{"_bbp_topic_count":0,"_bbp_reply_count":0,"_bbp_total_topic_count":0,"_bbp_total_reply_count":0,"_bbp_voice_count":0,"_bbp_anonymous_reply_count":0,"_bbp_topic_count_hidden":0,"_bbp_reply_count_hidden":0,"_bbp_forum_subforum_count":0,"footnotes":""},"yoast_head":"<!-- This site is optimized with the Yoast SEO plugin v22.5 - https:\/\/yoast.com\/wordpress\/plugins\/seo\/ -->\n<title>Grupos Tematicos - Alaic<\/title>\n<meta name=\"robots\" content=\"index, follow, max-snippet:-1, max-image-preview:large, max-video-preview:-1\" \/>\n<link rel=\"canonical\" href=\"https:\/\/alaic.org\/pt\/grupos-tematicos\/\" \/>\n<meta property=\"og:locale\" content=\"pt_BR\" \/>\n<meta property=\"og:type\" content=\"article\" \/>\n<meta property=\"og:title\" content=\"Grupos Tematicos - Alaic\" \/>\n<meta property=\"og:description\" content=\"GT1 Folkcomunicaci\u00f3n e Interculturalidad Este grupo de trabajo propone una reflexi\u00f3n cr\u00edtica sobre las m\u00faltiples formas de comunicaci\u00f3n que emergen en contextos interculturales y populares, especialmente en Am\u00e9rica Latina y el Caribe. Nos interesa explorar las conexiones entre comunicaci\u00f3n, interculturalidad (en sus m\u00faltiples expresiones), culturas populares y pr\u00e1cticas socioculturales, reconociendo la riqueza expresiva de los [&hellip;]\" \/>\n<meta property=\"og:url\" content=\"https:\/\/alaic.org\/pt\/grupos-tematicos\/\" \/>\n<meta property=\"og:site_name\" content=\"Alaic\" \/>\n<meta property=\"article:modified_time\" content=\"2026-03-03T18:44:37+00:00\" \/>\n<meta name=\"twitter:card\" content=\"summary_large_image\" \/>\n<meta name=\"twitter:label1\" content=\"Est. tempo de leitura\" \/>\n\t<meta name=\"twitter:data1\" content=\"28 minutos\" \/>\n<script type=\"application\/ld+json\" class=\"yoast-schema-graph\">{\"@context\":\"https:\/\/schema.org\",\"@graph\":[{\"@type\":\"WebPage\",\"@id\":\"https:\/\/alaic.org\/grupos-tematicos\/\",\"url\":\"https:\/\/alaic.org\/grupos-tematicos\/\",\"name\":\"Grupos Tematicos - Alaic\",\"isPartOf\":{\"@id\":\"https:\/\/alaic.org\/#website\"},\"datePublished\":\"2025-04-09T16:04:41+00:00\",\"dateModified\":\"2026-03-03T18:44:37+00:00\",\"breadcrumb\":{\"@id\":\"https:\/\/alaic.org\/grupos-tematicos\/#breadcrumb\"},\"inLanguage\":\"pt-BR\",\"potentialAction\":[{\"@type\":\"ReadAction\",\"target\":[\"https:\/\/alaic.org\/grupos-tematicos\/\"]}]},{\"@type\":\"BreadcrumbList\",\"@id\":\"https:\/\/alaic.org\/grupos-tematicos\/#breadcrumb\",\"itemListElement\":[{\"@type\":\"ListItem\",\"position\":1,\"name\":\"Portada\",\"item\":\"https:\/\/alaic.org\/\"},{\"@type\":\"ListItem\",\"position\":2,\"name\":\"Grupos Tematicos\"}]},{\"@type\":\"WebSite\",\"@id\":\"https:\/\/alaic.org\/#website\",\"url\":\"https:\/\/alaic.org\/\",\"name\":\"Alaic\",\"description\":\"Asociaci\u00f3n Latinoamericana de Investigadores de la Comunicaci\u00f3n\",\"publisher\":{\"@id\":\"https:\/\/alaic.org\/#organization\"},\"potentialAction\":[{\"@type\":\"SearchAction\",\"target\":{\"@type\":\"EntryPoint\",\"urlTemplate\":\"https:\/\/alaic.org\/?s={search_term_string}\"},\"query-input\":\"required name=search_term_string\"}],\"inLanguage\":\"pt-BR\"},{\"@type\":\"Organization\",\"@id\":\"https:\/\/alaic.org\/#organization\",\"name\":\"Alaic\",\"url\":\"https:\/\/alaic.org\/\",\"logo\":{\"@type\":\"ImageObject\",\"inLanguage\":\"pt-BR\",\"@id\":\"https:\/\/alaic.org\/#\/schema\/logo\/image\/\",\"url\":\"https:\/\/alaic.org\/wp-content\/uploads\/2023\/02\/imagen_2023-02-16_090402780.png\",\"contentUrl\":\"https:\/\/alaic.org\/wp-content\/uploads\/2023\/02\/imagen_2023-02-16_090402780.png\",\"width\":1220,\"height\":417,\"caption\":\"Alaic\"},\"image\":{\"@id\":\"https:\/\/alaic.org\/#\/schema\/logo\/image\/\"}}]}<\/script>\n<!-- \/ Yoast SEO plugin. -->","yoast_head_json":{"title":"Grupos Tematicos - Alaic","robots":{"index":"index","follow":"follow","max-snippet":"max-snippet:-1","max-image-preview":"max-image-preview:large","max-video-preview":"max-video-preview:-1"},"canonical":"https:\/\/alaic.org\/pt\/grupos-tematicos\/","og_locale":"pt_BR","og_type":"article","og_title":"Grupos Tematicos - Alaic","og_description":"GT1 Folkcomunicaci\u00f3n e Interculturalidad Este grupo de trabajo propone una reflexi\u00f3n cr\u00edtica sobre las m\u00faltiples formas de comunicaci\u00f3n que emergen en contextos interculturales y populares, especialmente en Am\u00e9rica Latina y el Caribe. Nos interesa explorar las conexiones entre comunicaci\u00f3n, interculturalidad (en sus m\u00faltiples expresiones), culturas populares y pr\u00e1cticas socioculturales, reconociendo la riqueza expresiva de los [&hellip;]","og_url":"https:\/\/alaic.org\/pt\/grupos-tematicos\/","og_site_name":"Alaic","article_modified_time":"2026-03-03T18:44:37+00:00","twitter_card":"summary_large_image","twitter_misc":{"Est. tempo de leitura":"28 minutos"},"schema":{"@context":"https:\/\/schema.org","@graph":[{"@type":"WebPage","@id":"https:\/\/alaic.org\/grupos-tematicos\/","url":"https:\/\/alaic.org\/grupos-tematicos\/","name":"Grupos Tematicos - Alaic","isPartOf":{"@id":"https:\/\/alaic.org\/#website"},"datePublished":"2025-04-09T16:04:41+00:00","dateModified":"2026-03-03T18:44:37+00:00","breadcrumb":{"@id":"https:\/\/alaic.org\/grupos-tematicos\/#breadcrumb"},"inLanguage":"pt-BR","potentialAction":[{"@type":"ReadAction","target":["https:\/\/alaic.org\/grupos-tematicos\/"]}]},{"@type":"BreadcrumbList","@id":"https:\/\/alaic.org\/grupos-tematicos\/#breadcrumb","itemListElement":[{"@type":"ListItem","position":1,"name":"Portada","item":"https:\/\/alaic.org\/"},{"@type":"ListItem","position":2,"name":"Grupos Tematicos"}]},{"@type":"WebSite","@id":"https:\/\/alaic.org\/#website","url":"https:\/\/alaic.org\/","name":"Alaic","description":"Asociaci\u00f3n Latinoamericana de Investigadores de la Comunicaci\u00f3n","publisher":{"@id":"https:\/\/alaic.org\/#organization"},"potentialAction":[{"@type":"SearchAction","target":{"@type":"EntryPoint","urlTemplate":"https:\/\/alaic.org\/?s={search_term_string}"},"query-input":"required name=search_term_string"}],"inLanguage":"pt-BR"},{"@type":"Organization","@id":"https:\/\/alaic.org\/#organization","name":"Alaic","url":"https:\/\/alaic.org\/","logo":{"@type":"ImageObject","inLanguage":"pt-BR","@id":"https:\/\/alaic.org\/#\/schema\/logo\/image\/","url":"https:\/\/alaic.org\/wp-content\/uploads\/2023\/02\/imagen_2023-02-16_090402780.png","contentUrl":"https:\/\/alaic.org\/wp-content\/uploads\/2023\/02\/imagen_2023-02-16_090402780.png","width":1220,"height":417,"caption":"Alaic"},"image":{"@id":"https:\/\/alaic.org\/#\/schema\/logo\/image\/"}}]}},"_links":{"self":[{"href":"https:\/\/alaic.org\/pt\/wp-json\/wp\/v2\/pages\/12540"}],"collection":[{"href":"https:\/\/alaic.org\/pt\/wp-json\/wp\/v2\/pages"}],"about":[{"href":"https:\/\/alaic.org\/pt\/wp-json\/wp\/v2\/types\/page"}],"author":[{"embeddable":true,"href":"https:\/\/alaic.org\/pt\/wp-json\/wp\/v2\/users\/22"}],"replies":[{"embeddable":true,"href":"https:\/\/alaic.org\/pt\/wp-json\/wp\/v2\/comments?post=12540"}],"version-history":[{"count":5,"href":"https:\/\/alaic.org\/pt\/wp-json\/wp\/v2\/pages\/12540\/revisions"}],"predecessor-version":[{"id":60714,"href":"https:\/\/alaic.org\/pt\/wp-json\/wp\/v2\/pages\/12540\/revisions\/60714"}],"wp:attachment":[{"href":"https:\/\/alaic.org\/pt\/wp-json\/wp\/v2\/media?parent=12540"}],"curies":[{"name":"wp","href":"https:\/\/api.w.org\/{rel}","templated":true}]}}